{"id":8955,"date":"2023-09-07T15:20:22","date_gmt":"2023-09-07T13:20:22","guid":{"rendered":"https:\/\/domainelesoreades.com\/vermietung-von-ferien-landes\/vermietung-mobil-home-luxe-landes\/"},"modified":"2023-10-20T13:50:19","modified_gmt":"2023-10-20T11:50:19","slug":"vermietung-mobil-home-luxe-landes","status":"publish","type":"page","link":"https:\/\/domainelesoreades.com\/de\/vermietung-von-ferien-landes\/vermietung-mobil-home-luxe-landes\/","title":{"rendered":"Premium"},"content":{"rendered":"<section id=\"ls-section-block_aecffa23c8d73117348209b0d5f3bccd\" class=\"ls-section  page-intro has-p-b p-b-7\" >\r\n        <div class=\"container container--wide\">\r\n        \n\n<h1 class=\"ls__heading wp-block-heading has-text-align-center animated fadeInLeft slow\">Unsere Mietunterk\u00fcnfte f\u00fcr Ihren privilegierten Aufenthalt in den Landes <\/h1>\n\n\n\n<div id=\"luxes\" class=\"ls-titre-div aligncenter h2-like\" >\n    Die Luxus<\/div>\n\n\r\n    <\/div>\r\n<\/section><section id=\"ls-section-block_47cb98c980f481aa0c999b3c909acbee\" class=\"ls-section  page-hebergements has-m-b m-b-10 has-p-t p-t-14 has-p-b p-b-14\" >\r\n        <div class=\"container container--wide\">\r\n        \n\n<div id=\"ls-hebergements-block_dc72ef649c17b101052510c2ee879fbd\" class=\"ls-hebergements\">\n\n    <div class=\"ls-customizer\">\n    <div class=\"ls-customizer__filters\">\n        <div class=\"ls-customizer__filters__close\">\n            <i class=\"fas fa-times\"><\/i>\n        <\/div>\n\n        <div class=\"ls-customizer__filters__title\">\n            <b>Filter<\/b>\n            <span class=\"ls-customizer__filters__clear\">Filter l\u00f6schen<i class=\"fas fa-times\"><\/i><\/span>\n        <\/div>\n\n        <div class=\"ls-customizer__orders\">\n            <i class=\"fas fa-sort\"><\/i>\n            <select class=\"select-tri\">\n                <option selected value=\"\">Sortieren nach<\/option>\n                <option value=\"price-asc\">Preis aufsteigend<\/option>\n                <option value=\"price-desc\">Preis absteigend<\/option>\n            <\/select>\n        <\/div>\n\n        \n        <!-- Filtres ACF fields -->\n        \n                                            <!-- Filtre nombre_de_personnes -->\n                        <div class=\"filter\" id=\"filter-nombre_de_personnes\">\n                <div class=\"filter__title\">\n                    Anzahl der Personen                    <i class=\"fas fa-angle-down\"><\/i>\n                <\/div>\n\n                \n                <fieldset data-filter=\"nombre_de_personnes\" data-operator=\"&gt;=\" class=\"input\">\n                    <div><input type=\"radio\" name=\"nombre_de_personnes\" id=\"nombre_de_personnes-all\"  class=\"checkbox\" \/><label for='nombre_de_personnes-all'>Alle<\/label><\/div><div><input type=\"radio\" name=\"nombre-de-personnes\" id=\"nombre-de-personnes-1\" value=\"1\" class=\"checkbox\"><label for=\"nombre-de-personnes-1\">1 pers.<\/label><\/div><div><input type=\"radio\" name=\"nombre-de-personnes\" id=\"nombre-de-personnes-2\" value=\"2\" class=\"checkbox\"><label for=\"nombre-de-personnes-2\">2 pers.<\/label><\/div><div><input type=\"radio\" name=\"nombre-de-personnes\" id=\"nombre-de-personnes-3\" value=\"3\" class=\"checkbox\"><label for=\"nombre-de-personnes-3\">3 pers.<\/label><\/div><div><input type=\"radio\" name=\"nombre-de-personnes\" id=\"nombre-de-personnes-4\" value=\"4\" class=\"checkbox\"><label for=\"nombre-de-personnes-4\">4 pers.<\/label><\/div><div><input type=\"radio\" name=\"nombre-de-personnes\" id=\"nombre-de-personnes-5\" value=\"5\" class=\"checkbox\"><label for=\"nombre-de-personnes-5\">5 pers.<\/label><\/div><div><input type=\"radio\" name=\"nombre-de-personnes\" id=\"nombre-de-personnes-6\" value=\"6\" class=\"checkbox\"><label for=\"nombre-de-personnes-6\">6 pers.<\/label><\/div><div><input type=\"radio\" name=\"nombre-de-personnes\" id=\"nombre-de-personnes-7\" value=\"7\" class=\"checkbox\"><label for=\"nombre-de-personnes-7\">7 pers.<\/label><\/div><div><input type=\"radio\" name=\"nombre-de-personnes\" id=\"nombre-de-personnes-8\" value=\"8\" class=\"checkbox\"><label for=\"nombre-de-personnes-8\">8 pers.<\/label><\/div><div><input type=\"radio\" name=\"nombre-de-personnes\" id=\"nombre-de-personnes-9\" value=\"9\" class=\"checkbox\"><label for=\"nombre-de-personnes-9\">9 pers.<\/label><\/div><div><input type=\"radio\" name=\"nombre-de-personnes\" id=\"nombre-de-personnes-10\" value=\"10\" class=\"checkbox\"><label for=\"nombre-de-personnes-10\">10 pers.<\/label><\/div>                <\/fieldset>\n            <\/div>\n                                <!-- Filtre nombre_de_chambres -->\n                        <div class=\"filter\" id=\"filter-nombre_de_chambres\">\n                <div class=\"filter__title\">\n                    Anzahl der Zimmer                    <i class=\"fas fa-angle-down\"><\/i>\n                <\/div>\n\n                \n                <fieldset data-filter=\"nombre_de_chambres\" data-operator=\"==\" class=\"input\">\n                    <div><input type=\"radio\" name=\"nombre_de_chambres\" id=\"nombre_de_chambres-all\"  class=\"checkbox\" \/><label for='nombre_de_chambres-all'>Alle<\/label><\/div><div><input type=\"radio\" name=\"nombre_de_chambres\" id=\"nombre_de_chambres-1\" value=\"1\" class=\"checkbox\"  \/><label for='nombre_de_chambres-1'>1 Zimmer <\/label><\/div><div><input type=\"radio\" name=\"nombre_de_chambres\" id=\"nombre_de_chambres-2\" value=\"2\" class=\"checkbox\"  \/><label for='nombre_de_chambres-2'>2 Zimmer <\/label><\/div><div><input type=\"radio\" name=\"nombre_de_chambres\" id=\"nombre_de_chambres-3\" value=\"3\" class=\"checkbox\"  \/><label for='nombre_de_chambres-3'>3 Zimmer <\/label><\/div><div><input type=\"radio\" name=\"nombre_de_chambres\" id=\"nombre_de_chambres-5\" value=\"5\" class=\"checkbox\"  \/><label for='nombre_de_chambres-5'>5 Zimmer <\/label><\/div>                <\/fieldset>\n            <\/div>\n                                <!-- Filtre options-hebergements -->\n                        <div class=\"filter\" id=\"filter-options-hebergements\">\n                <div class=\"filter__title\">\n                    Optionen                    <i class=\"fas fa-angle-down\"><\/i>\n                <\/div>\n\n                \n                <fieldset data-filter=\"options-hebergements\" data-operator=\"*=\" class=\"input\">\n                    <div><input type=\"checkbox\" name=\"options-hebergements\" id=\"options-hebergements-all\"  class=\"checkbox\" \/><label for='options-hebergements-all'>Keine<\/label><\/div><div><input type=\"checkbox\" name=\"options-hebergements\" id=\"options-hebergements-animaux-autorises\" value=\"animaux-autorises\" class=\"checkbox\"  \/><label for='options-hebergements-animaux-autorises'>Haustiere erlaubt<\/label><\/div><div><input type=\"checkbox\" name=\"options-hebergements\" id=\"options-hebergements-chauffage\" value=\"chauffage\" class=\"checkbox\"  \/><label for='options-hebergements-chauffage'>Chauffage<\/label><\/div><div><input type=\"checkbox\" name=\"options-hebergements\" id=\"options-hebergements-climatisation\" value=\"climatisation\" class=\"checkbox\"  \/><label for='options-hebergements-climatisation'>Klimaanlage<\/label><\/div><div><input type=\"checkbox\" name=\"options-hebergements\" id=\"options-hebergements-congelateur\" value=\"congelateur\" class=\"checkbox\"  \/><label for='options-hebergements-congelateur'>Cong\u00e9lateur<\/label><\/div><div><input type=\"checkbox\" name=\"options-hebergements\" id=\"options-hebergements-lave-linge\" value=\"lave-linge\" class=\"checkbox\"  \/><label for='options-hebergements-lave-linge'>Lave linge<\/label><\/div><div><input type=\"checkbox\" name=\"options-hebergements\" id=\"options-hebergements-lave-vaisselle\" value=\"lave-vaisselle\" class=\"checkbox\"  \/><label for='options-hebergements-lave-vaisselle'>Geschirrsp\u00fcler<\/label><\/div><div><input type=\"checkbox\" name=\"options-hebergements\" id=\"options-hebergements-micro-ondes\" value=\"micro-ondes\" class=\"checkbox\"  \/><label for='options-hebergements-micro-ondes'>Micro ondes<\/label><\/div><div><input type=\"checkbox\" name=\"options-hebergements\" id=\"options-hebergements-pmr\" value=\"pmr\" class=\"checkbox\"  \/><label for='options-hebergements-pmr'>PMR<\/label><\/div><div><input type=\"checkbox\" name=\"options-hebergements\" id=\"options-hebergements-parking-1-place\" value=\"parking-1-place\" class=\"checkbox\"  \/><label for='options-hebergements-parking-1-place'>Parking 1 place<\/label><\/div><div><input type=\"checkbox\" name=\"options-hebergements\" id=\"options-hebergements-parking-2-places\" value=\"parking-2-places\" class=\"checkbox\"  \/><label for='options-hebergements-parking-2-places'>Parking 2 places<\/label><\/div><div><input type=\"checkbox\" name=\"options-hebergements\" id=\"options-hebergements-plancha\" value=\"plancha\" class=\"checkbox\"  \/><label for='options-hebergements-plancha'>Plancha<\/label><\/div><div><input type=\"checkbox\" name=\"options-hebergements\" id=\"options-hebergements-refrigerateur\" value=\"refrigerateur\" class=\"checkbox\"  \/><label for='options-hebergements-refrigerateur'>R\u00e9frig\u00e9rateur<\/label><\/div><div><input type=\"checkbox\" name=\"options-hebergements\" id=\"options-hebergements-salle-de-bain\" value=\"salle-de-bain\" class=\"checkbox\"  \/><label for='options-hebergements-salle-de-bain'>Salle de bain<\/label><\/div><div><input type=\"checkbox\" name=\"options-hebergements\" id=\"options-hebergements-spa\" value=\"spa\" class=\"checkbox\"  \/><label for='options-hebergements-spa'>Spa<\/label><\/div><div><input type=\"checkbox\" name=\"options-hebergements\" id=\"options-hebergements-terrasse\" value=\"terrasse\" class=\"checkbox\"  \/><label for='options-hebergements-terrasse'>Terrasse<\/label><\/div><div><input type=\"checkbox\" name=\"options-hebergements\" id=\"options-hebergements-television\" value=\"television\" class=\"checkbox\"  \/><label for='options-hebergements-television'>T\u00e9l\u00e9vision<\/label><\/div><div><input type=\"checkbox\" name=\"options-hebergements\" id=\"options-hebergements-vue\" value=\"vue\" class=\"checkbox\"  \/><label for='options-hebergements-vue'>Vue<\/label><\/div><div><input type=\"checkbox\" name=\"options-hebergements\" id=\"options-hebergements-wi-fi\" value=\"wi-fi\" class=\"checkbox\"  \/><label for='options-hebergements-wi-fi'>Wi Fi<\/label><\/div>                <\/fieldset>\n            <\/div>\n        \n\n\n    <\/div>\n<\/div><div class=\"ls-hebergements__results\" data-row=\"3\" data-campings=\"false\" data-types=\"[168]\">\n\n<div class=\"ls-hebergement\" data-postid='27198' data-id-reservation='21' data-id-site='4083' data-id1='79639' data-nombre_de_personnes='6' data-nombre_de_chambres='3' data-last-update='2026-04-29 05:01:04' data-type='les-luxes' data-gammes-hebergements=''>\n\t<a href=\"https:\/\/domainelesoreades.com\/de\/unterkunfte\/cottage-taos-6-p-3-zi-2-bdz-premium-spa-7\/#primary\" rel=\"noopener\" target=\"_blank\"\n\t\tclass=\"ls-hebergement__link\">\n\t\t<div class=\"ls-hebergement__thumb\">\n\t\t\t\t\t\t\t\t<img decoding=\"async\" src=\"https:\/\/domainelesoreades.com\/wp-content\/uploads\/2025\/10\/TAOS-MONTAGE.jpg\" alt=\"Cottage Taos 6 P 3 Zi 2 Bdz Premium &#8211; SPA\" \/>\n\t\t\t\t\t\t\t\t\t<img decoding=\"async\" src=\"https:\/\/domainelesoreades.com\/wp-content\/uploads\/2025\/10\/Spa-Taos-Premium.jpg\" alt=\"Cottage Taos 6 P 3 Zi 2 Bdz Premium &#8211; SPA\" \/>\n\t\t\t\t\t\t\t\t\t<img decoding=\"async\" src=\"https:\/\/domainelesoreades.com\/wp-content\/uploads\/2025\/10\/Cuisine-salon-3ch.jpg\" alt=\"Cottage Taos 6 P 3 Zi 2 Bdz Premium &#8211; SPA\" \/>\n\t\t\t\t\t\t\t\t\t<img decoding=\"async\" src=\"https:\/\/domainelesoreades.com\/wp-content\/uploads\/2025\/10\/Salon-3ch.jpg\" alt=\"Cottage Taos 6 P 3 Zi 2 Bdz Premium &#8211; SPA\" \/>\n\t\t\t\t\t\t\t\t\t<img decoding=\"async\" src=\"https:\/\/domainelesoreades.com\/wp-content\/uploads\/2025\/10\/Chambre-Adulte-3ch.jpg\" alt=\"Cottage Taos 6 P 3 Zi 2 Bdz Premium &#8211; SPA\" \/>\n\t\t\t\t\t\t\t\t\t<img decoding=\"async\" src=\"https:\/\/domainelesoreades.com\/wp-content\/uploads\/2025\/10\/Chambre-2-enfants-3ch.jpg\" alt=\"Cottage Taos 6 P 3 Zi 2 Bdz Premium &#8211; SPA\" \/>\n\t\t\t\t\t\t\t\t\t<img decoding=\"async\" src=\"https:\/\/domainelesoreades.com\/wp-content\/uploads\/2025\/10\/Chambre-enfants-3ch.jpg\" alt=\"Cottage Taos 6 P 3 Zi 2 Bdz Premium &#8211; SPA\" \/>\n\t\t\t\t\t\t<\/div>\n\t\t\t\t<div class=\"ls-hebergement__title\">\n\t\t\tCottage Taos 6 P 3 Zi 2 Bdz Premium &#8211; SPA\t\t\t\n\t\t<\/div>\n\n\t\t<div class=\"ls-hebergement__details\">\n\n\t\t\t<div class=\"ls-hebergement__icon--standard-PLUS\">\n\t\t\t\t<i class=\"oreades-standard-PLUS\"><\/i>\n\t\t\t<\/div>\n\n\n\t\t<\/div>\n\n\t\t<div class=\"ls-hebergement__disponibilites\">\n\t\t\tEntdecken Sie\t\t<\/div>\n\t<\/a>\n<\/div>\n\n<div class=\"ls-hebergement\" data-postid='27199' data-id-reservation='13' data-id-site='4083' data-id1='79639' data-nombre_de_personnes='4' data-nombre_de_chambres='2' data-last-update='2026-04-29 05:16:04' data-type='les-luxes' data-options-hebergements='chauffage climatisation congelateur lave-vaisselle micro-ondes plancha refrigerateur salle-de-bain television terrasse wi-fi' data-gammes-hebergements=''>\n\t<a href=\"https:\/\/domainelesoreades.com\/de\/unterkunfte\/cottage-pagode-4-p-2-zi-1-bdz-premium-7\/#primary\" rel=\"noopener\" target=\"_blank\"\n\t\tclass=\"ls-hebergement__link\">\n\t\t<div class=\"ls-hebergement__thumb\">\n\t\t\t\t\t\t\t\t<img decoding=\"async\" src=\"https:\/\/domainelesoreades.com\/wp-content\/uploads\/2025\/10\/1_exterieur_1.jpg\" alt=\"Cottage Pagode 4 P 2 Zi 1 Bdz Premium\" \/>\n\t\t\t\t\t\t\t\t\t<img decoding=\"async\" src=\"https:\/\/domainelesoreades.com\/wp-content\/uploads\/2025\/10\/7_terrasse-1.jpg\" alt=\"Cottage Pagode 4 P 2 Zi 1 Bdz Premium\" \/>\n\t\t\t\t\t\t\t\t\t<img decoding=\"async\" src=\"https:\/\/domainelesoreades.com\/wp-content\/uploads\/2025\/10\/2_cuisine-1.jpg\" alt=\"Cottage Pagode 4 P 2 Zi 1 Bdz Premium\" \/>\n\t\t\t\t\t\t\t\t\t<img decoding=\"async\" src=\"https:\/\/domainelesoreades.com\/wp-content\/uploads\/2025\/10\/7_salon.jpg\" alt=\"Cottage Pagode 4 P 2 Zi 1 Bdz Premium\" \/>\n\t\t\t\t\t\t\t\t\t<img decoding=\"async\" src=\"https:\/\/domainelesoreades.com\/wp-content\/uploads\/2025\/10\/pagode-2-ch.jpg\" alt=\"Cottage Pagode 4 P 2 Zi 1 Bdz Premium\" \/>\n\t\t\t\t\t\t\t\t\t<img decoding=\"async\" src=\"https:\/\/domainelesoreades.com\/wp-content\/uploads\/2025\/10\/pagode-2-ch-3.jpg\" alt=\"Cottage Pagode 4 P 2 Zi 1 Bdz Premium\" \/>\n\t\t\t\t\t\t\t\t\t<img decoding=\"async\" src=\"https:\/\/domainelesoreades.com\/wp-content\/uploads\/2025\/10\/6_salle_de_bain-1.jpg\" alt=\"Cottage Pagode 4 P 2 Zi 1 Bdz Premium\" \/>\n\t\t\t\t\t\t<\/div>\n\t\t\t\t<div class=\"ls-hebergement__title\">\n\t\t\tCottage Pagode 4 P 2 Zi 1 Bdz Premium\t\t\t\n\t\t<\/div>\n\n\t\t<div class=\"ls-hebergement__details\">\n\n\t\t\t<div class=\"ls-hebergement__icon--standard-PLUS\">\n\t\t\t\t<i class=\"oreades-standard-PLUS\"><\/i>\n\t\t\t<\/div>\n\n\n\t\t<\/div>\n\n\t\t<div class=\"ls-hebergement__disponibilites\">\n\t\t\tEntdecken Sie\t\t<\/div>\n\t<\/a>\n<\/div>\n\n<div class=\"ls-hebergement\" data-postid='27200' data-id-reservation='12' data-id-site='4083' data-id1='79639' data-nombre_de_personnes='2' data-nombre_de_chambres='2' data-last-update='2026-04-29 05:16:04' data-type='les-luxes' data-options-hebergements='chauffage climatisation lave-vaisselle micro-ondes plancha refrigerateur salle-de-bain spa television terrasse vue wi-fi' data-gammes-hebergements=''>\n\t<a href=\"https:\/\/domainelesoreades.com\/de\/unterkunfte\/cott-pagode-2p-1-zi-1-bdz-premium-seeblick-spa-7\/#primary\" rel=\"noopener\" target=\"_blank\"\n\t\tclass=\"ls-hebergement__link\">\n\t\t<div class=\"ls-hebergement__thumb\">\n\t\t\t\t\t\t\t\t<img decoding=\"async\" src=\"https:\/\/domainelesoreades.com\/wp-content\/uploads\/2025\/10\/pagode-1-ch-jacuzzy.jpg\" alt=\"Cott Pagode 2P 1 Zi 1 Bdz Premium Seeblick SPA\" \/>\n\t\t\t\t\t\t\t\t\t<img decoding=\"async\" src=\"https:\/\/domainelesoreades.com\/wp-content\/uploads\/2025\/10\/6_exterieur.jpg\" alt=\"Cott Pagode 2P 1 Zi 1 Bdz Premium Seeblick SPA\" \/>\n\t\t\t\t\t\t\t\t\t<img decoding=\"async\" src=\"https:\/\/domainelesoreades.com\/wp-content\/uploads\/2025\/10\/31913924_2015423225165362_2953740947529138176_o.jpg\" alt=\"Cott Pagode 2P 1 Zi 1 Bdz Premium Seeblick SPA\" \/>\n\t\t\t\t\t\t\t\t\t<img decoding=\"async\" src=\"https:\/\/domainelesoreades.com\/wp-content\/uploads\/2025\/10\/2_cuisine.jpg\" alt=\"Cott Pagode 2P 1 Zi 1 Bdz Premium Seeblick SPA\" \/>\n\t\t\t\t\t\t\t\t\t<img decoding=\"async\" src=\"https:\/\/domainelesoreades.com\/wp-content\/uploads\/2025\/10\/pagode-1-ch-3.jpg\" alt=\"Cott Pagode 2P 1 Zi 1 Bdz Premium Seeblick SPA\" \/>\n\t\t\t\t\t\t\t\t\t<img decoding=\"async\" src=\"https:\/\/domainelesoreades.com\/wp-content\/uploads\/2025\/10\/5_salle_de_bain.jpg\" alt=\"Cott Pagode 2P 1 Zi 1 Bdz Premium Seeblick SPA\" \/>\n\t\t\t\t\t\t<\/div>\n\t\t\t\t<div class=\"ls-hebergement__title\">\n\t\t\tCott Pagode 2P 1 Zi 1 Bdz Premium Seeblick SPA\t\t\t\n\t\t<\/div>\n\n\t\t<div class=\"ls-hebergement__details\">\n\n\t\t\t<div class=\"ls-hebergement__icon--standard-PLUS\">\n\t\t\t\t<i class=\"oreades-standard-PLUS\"><\/i>\n\t\t\t<\/div>\n\n\n\t\t<\/div>\n\n\t\t<div class=\"ls-hebergement__disponibilites\">\n\t\t\tEntdecken Sie\t\t<\/div>\n\t<\/a>\n<\/div>\n\n<div class=\"ls-hebergement\" data-postid='27195' data-id-reservation='17' data-id-site='4083' data-id1='79639' data-nombre_de_personnes='4' data-nombre_de_chambres='2' data-last-update='2026-04-30 05:01:04' data-type='les-luxes' data-options-hebergements='chauffage climatisation lave-vaisselle micro-ondes parking-1-place plancha refrigerateur salle-de-bain spa television terrasse wi-fi' data-gammes-hebergements=''>\n\t<a href=\"https:\/\/domainelesoreades.com\/de\/unterkunfte\/cabane-pecheur-4-p-2-zi-2-bdz-premium-spa-7\/#primary\" rel=\"noopener\" target=\"_blank\"\n\t\tclass=\"ls-hebergement__link\">\n\t\t<div class=\"ls-hebergement__thumb\">\n\t\t\t\t\t\t\t\t<img decoding=\"async\" src=\"https:\/\/domainelesoreades.com\/wp-content\/uploads\/2025\/10\/1_exterieur-1-1.jpg\" alt=\"Cabane P\u00eacheur 4 P 2 Zi 2 Bdz Premium &#8211; SPA\" \/>\n\t\t\t\t\t\t\t\t\t<img decoding=\"async\" src=\"https:\/\/domainelesoreades.com\/wp-content\/uploads\/2025\/10\/9_exterieur.jpg\" alt=\"Cabane P\u00eacheur 4 P 2 Zi 2 Bdz Premium &#8211; SPA\" \/>\n\t\t\t\t\t\t\t\t\t<img decoding=\"async\" src=\"https:\/\/domainelesoreades.com\/wp-content\/uploads\/2025\/10\/Salon-Cuisine-Iroise-ILBARITZ-2ch.jpg\" alt=\"Cabane P\u00eacheur 4 P 2 Zi 2 Bdz Premium &#8211; SPA\" \/>\n\t\t\t\t\t\t\t\t\t<img decoding=\"async\" src=\"https:\/\/domainelesoreades.com\/wp-content\/uploads\/2025\/10\/4_chambre1-1.jpg\" alt=\"Cabane P\u00eacheur 4 P 2 Zi 2 Bdz Premium &#8211; SPA\" \/>\n\t\t\t\t\t\t\t\t\t<img decoding=\"async\" src=\"https:\/\/domainelesoreades.com\/wp-content\/uploads\/2025\/10\/Sdb-Iroise-Chambre-Adultes-ILBARITZ-2ch.jpg\" alt=\"Cabane P\u00eacheur 4 P 2 Zi 2 Bdz Premium &#8211; SPA\" \/>\n\t\t\t\t\t\t\t\t\t<img decoding=\"async\" src=\"https:\/\/domainelesoreades.com\/wp-content\/uploads\/2025\/10\/5_chambre2.jpg\" alt=\"Cabane P\u00eacheur 4 P 2 Zi 2 Bdz Premium &#8211; SPA\" \/>\n\t\t\t\t\t\t\t\t\t<img decoding=\"async\" src=\"https:\/\/domainelesoreades.com\/wp-content\/uploads\/2025\/10\/Sdb-Iroise-Chambre-Enfants-ILBARITZ-2ch.jpg\" alt=\"Cabane P\u00eacheur 4 P 2 Zi 2 Bdz Premium &#8211; SPA\" \/>\n\t\t\t\t\t\t<\/div>\n\t\t\t\t<div class=\"ls-hebergement__title\">\n\t\t\tCabane P\u00eacheur 4 P 2 Zi 2 Bdz Premium &#8211; SPA\t\t\t\n\t\t<\/div>\n\n\t\t<div class=\"ls-hebergement__details\">\n\n\t\t\t<div class=\"ls-hebergement__icon--standard-PLUS\">\n\t\t\t\t<i class=\"oreades-standard-PLUS\"><\/i>\n\t\t\t<\/div>\n\n\n\t\t<\/div>\n\n\t\t<div class=\"ls-hebergement__disponibilites\">\n\t\t\tEntdecken Sie\t\t<\/div>\n\t<\/a>\n<\/div>\n\n<div class=\"ls-hebergement\" data-postid='27197' data-id-reservation='14' data-id-site='4083' data-id1='79639' data-nombre_de_personnes='4' data-nombre_de_chambres='2' data-last-update='2026-04-29 05:16:04' data-type='les-luxes' data-options-hebergements='chauffage climatisation congelateur lave-vaisselle micro-ondes plancha refrigerateur salle-de-bain spa television terrasse wi-fi' data-gammes-hebergements=''>\n\t<a href=\"https:\/\/domainelesoreades.com\/de\/unterkunfte\/cottage-pagode-4-p-2-zi-1-bdz-premium-spa-7\/#primary\" rel=\"noopener\" target=\"_blank\"\n\t\tclass=\"ls-hebergement__link\">\n\t\t<div class=\"ls-hebergement__thumb\">\n\t\t\t\t\t\t\t\t<img decoding=\"async\" src=\"https:\/\/domainelesoreades.com\/wp-content\/uploads\/2025\/10\/MG_3656.jpg\" alt=\"Cottage Pagode 4 P 2 Zi 1 Bdz Premium &#8211; SPA\" \/>\n\t\t\t\t\t\t\t\t\t<img decoding=\"async\" src=\"https:\/\/domainelesoreades.com\/wp-content\/uploads\/2025\/10\/2_cuisine-2.jpg\" alt=\"Cottage Pagode 4 P 2 Zi 1 Bdz Premium &#8211; SPA\" \/>\n\t\t\t\t\t\t\t\t\t<img decoding=\"async\" src=\"https:\/\/domainelesoreades.com\/wp-content\/uploads\/2025\/10\/7_salon-1.jpg\" alt=\"Cottage Pagode 4 P 2 Zi 1 Bdz Premium &#8211; SPA\" \/>\n\t\t\t\t\t\t\t\t\t<img decoding=\"async\" src=\"https:\/\/domainelesoreades.com\/wp-content\/uploads\/2025\/10\/pagode-2-ch-1.jpg\" alt=\"Cottage Pagode 4 P 2 Zi 1 Bdz Premium &#8211; SPA\" \/>\n\t\t\t\t\t\t\t\t\t<img decoding=\"async\" src=\"https:\/\/domainelesoreades.com\/wp-content\/uploads\/2025\/10\/pagode-2-ch-3-1.jpg\" alt=\"Cottage Pagode 4 P 2 Zi 1 Bdz Premium &#8211; SPA\" \/>\n\t\t\t\t\t\t\t\t\t<img decoding=\"async\" src=\"https:\/\/domainelesoreades.com\/wp-content\/uploads\/2025\/10\/6_salle_de_bain-2.jpg\" alt=\"Cottage Pagode 4 P 2 Zi 1 Bdz Premium &#8211; SPA\" \/>\n\t\t\t\t\t\t\t\t\t<img decoding=\"async\" src=\"https:\/\/domainelesoreades.com\/wp-content\/uploads\/2025\/10\/7_terrasse-1.jpg\" alt=\"Cottage Pagode 4 P 2 Zi 1 Bdz Premium &#8211; SPA\" \/>\n\t\t\t\t\t\t\t\t\t<img decoding=\"async\" src=\"https:\/\/domainelesoreades.com\/wp-content\/uploads\/2025\/10\/Yelloh-Village-LesOreades-Hebergements-18-R.jpg\" alt=\"Cottage Pagode 4 P 2 Zi 1 Bdz Premium &#8211; SPA\" \/>\n\t\t\t\t\t\t<\/div>\n\t\t\t\t<div class=\"ls-hebergement__title\">\n\t\t\tCottage Pagode 4 P 2 Zi 1 Bdz Premium &#8211; SPA\t\t\t\n\t\t<\/div>\n\n\t\t<div class=\"ls-hebergement__details\">\n\n\t\t\t<div class=\"ls-hebergement__icon--standard-PLUS\">\n\t\t\t\t<i class=\"oreades-standard-PLUS\"><\/i>\n\t\t\t<\/div>\n\n\n\t\t<\/div>\n\n\t\t<div class=\"ls-hebergement__disponibilites\">\n\t\t\tEntdecken Sie\t\t<\/div>\n\t<\/a>\n<\/div>\n\n<div class=\"ls-hebergement\" data-postid='27192' data-id-reservation='19' data-id-site='4083' data-id1='79639' data-nombre_de_personnes='6' data-nombre_de_chambres='3' data-last-update='2026-04-29 05:01:04' data-type='les-luxes' data-options-hebergements='chauffage climatisation congelateur lave-vaisselle micro-ondes plancha refrigerateur salle-de-bain television terrasse wi-fi' data-gammes-hebergements=''>\n\t<a href=\"https:\/\/domainelesoreades.com\/de\/unterkunfte\/cottage-taos-6-p-3-zi-2-bdz-premium-7\/#primary\" rel=\"noopener\" target=\"_blank\"\n\t\tclass=\"ls-hebergement__link\">\n\t\t<div class=\"ls-hebergement__thumb\">\n\t\t\t\t\t\t\t\t<img decoding=\"async\" src=\"https:\/\/domainelesoreades.com\/wp-content\/uploads\/2025\/10\/Taos-3-ch-facade-vignette.jpg\" alt=\"Cottage Taos 6 P 3 Zi 2 Bdz Premium\" \/>\n\t\t\t\t\t\t\t\t\t<img decoding=\"async\" src=\"https:\/\/domainelesoreades.com\/wp-content\/uploads\/2025\/10\/Cuisine-salon-3ch-1.jpg\" alt=\"Cottage Taos 6 P 3 Zi 2 Bdz Premium\" \/>\n\t\t\t\t\t\t\t\t\t<img decoding=\"async\" src=\"https:\/\/domainelesoreades.com\/wp-content\/uploads\/2025\/10\/Salon-3ch-1.jpg\" alt=\"Cottage Taos 6 P 3 Zi 2 Bdz Premium\" \/>\n\t\t\t\t\t\t\t\t\t<img decoding=\"async\" src=\"https:\/\/domainelesoreades.com\/wp-content\/uploads\/2025\/10\/Chambre-Adulte-2ch.jpg\" alt=\"Cottage Taos 6 P 3 Zi 2 Bdz Premium\" \/>\n\t\t\t\t\t\t\t\t\t<img decoding=\"async\" src=\"https:\/\/domainelesoreades.com\/wp-content\/uploads\/2025\/10\/Chambre-2-enfants-3ch-1.jpg\" alt=\"Cottage Taos 6 P 3 Zi 2 Bdz Premium\" \/>\n\t\t\t\t\t\t\t\t\t<img decoding=\"async\" src=\"https:\/\/domainelesoreades.com\/wp-content\/uploads\/2025\/10\/Chambre-enfants-3ch-1.jpg\" alt=\"Cottage Taos 6 P 3 Zi 2 Bdz Premium\" \/>\n\t\t\t\t\t\t<\/div>\n\t\t\t\t<div class=\"ls-hebergement__title\">\n\t\t\tCottage Taos 6 P 3 Zi 2 Bdz Premium\t\t\t\n\t\t<\/div>\n\n\t\t<div class=\"ls-hebergement__details\">\n\n\t\t\t<div class=\"ls-hebergement__icon--standard-PLUS\">\n\t\t\t\t<i class=\"oreades-standard-PLUS\"><\/i>\n\t\t\t<\/div>\n\n\n\t\t<\/div>\n\n\t\t<div class=\"ls-hebergement__disponibilites\">\n\t\t\tEntdecken Sie\t\t<\/div>\n\t<\/a>\n<\/div>\n\n<div class=\"ls-hebergement\" data-postid='27193' data-id-reservation='16' data-id-site='4083' data-id1='79639' data-nombre_de_personnes='4' data-nombre_de_chambres='2' data-last-update='2026-04-30 05:01:03' data-type='les-luxes' data-options-hebergements='chauffage climatisation congelateur lave-vaisselle micro-ondes plancha refrigerateur salle-de-bain television terrasse wi-fi' data-gammes-hebergements=''>\n\t<a href=\"https:\/\/domainelesoreades.com\/de\/unterkunfte\/cottage-taos-4-p-2-zi-2-bdz-premium-7\/#primary\" rel=\"noopener\" target=\"_blank\"\n\t\tclass=\"ls-hebergement__link\">\n\t\t<div class=\"ls-hebergement__thumb\">\n\t\t\t\t\t\t\t\t<img decoding=\"async\" src=\"https:\/\/domainelesoreades.com\/wp-content\/uploads\/2025\/10\/1_exterieur-2.jpg\" alt=\"Cottage Taos 4 P 2 Zi 2 Bdz Premium\" \/>\n\t\t\t\t\t\t\t\t\t<img decoding=\"async\" src=\"https:\/\/domainelesoreades.com\/wp-content\/uploads\/2025\/10\/2_interieur-2.jpg\" alt=\"Cottage Taos 4 P 2 Zi 2 Bdz Premium\" \/>\n\t\t\t\t\t\t\t\t\t<img decoding=\"async\" src=\"https:\/\/domainelesoreades.com\/wp-content\/uploads\/2025\/10\/4_chambre1-2.jpg\" alt=\"Cottage Taos 4 P 2 Zi 2 Bdz Premium\" \/>\n\t\t\t\t\t\t\t\t\t<img decoding=\"async\" src=\"https:\/\/domainelesoreades.com\/wp-content\/uploads\/2025\/10\/5_chambre2-1.jpg\" alt=\"Cottage Taos 4 P 2 Zi 2 Bdz Premium\" \/>\n\t\t\t\t\t\t\t\t\t<img decoding=\"async\" src=\"https:\/\/domainelesoreades.com\/wp-content\/uploads\/2025\/10\/6_terrasse.jpg\" alt=\"Cottage Taos 4 P 2 Zi 2 Bdz Premium\" \/>\n\t\t\t\t\t\t<\/div>\n\t\t\t\t<div class=\"ls-hebergement__title\">\n\t\t\tCottage Taos 4 P 2 Zi 2 Bdz Premium\t\t\t\n\t\t<\/div>\n\n\t\t<div class=\"ls-hebergement__details\">\n\n\t\t\t<div class=\"ls-hebergement__icon--standard-PLUS\">\n\t\t\t\t<i class=\"oreades-standard-PLUS\"><\/i>\n\t\t\t<\/div>\n\n\n\t\t<\/div>\n\n\t\t<div class=\"ls-hebergement__disponibilites\">\n\t\t\tEntdecken Sie\t\t<\/div>\n\t<\/a>\n<\/div>\n\n<div class=\"ls-hebergement\" data-postid='27194' data-id-reservation='18' data-id-site='4083' data-id1='79639' data-nombre_de_personnes='6' data-nombre_de_chambres='3' data-last-update='2026-04-29 05:01:04' data-type='les-luxes' data-options-hebergements='chauffage climatisation congelateur lave-vaisselle micro-ondes parking-1-place plancha refrigerateur salle-de-bain spa television terrasse wi-fi' data-gammes-hebergements=''>\n\t<a href=\"https:\/\/domainelesoreades.com\/de\/unterkunfte\/cabane-pecheur-6-p-3-zi-2-bdz-premium-spa-7\/#primary\" rel=\"noopener\" target=\"_blank\"\n\t\tclass=\"ls-hebergement__link\">\n\t\t<div class=\"ls-hebergement__thumb\">\n\t\t\t\t\t\t\t\t<img decoding=\"async\" src=\"https:\/\/domainelesoreades.com\/wp-content\/uploads\/2025\/10\/Cabane-premium-3-CH-118.jpg\" alt=\"Cabane P\u00eacheur 6 P 3 Zi 2 Bdz Premium &#8211; SPA\" \/>\n\t\t\t\t\t\t\t\t\t<img decoding=\"async\" src=\"https:\/\/domainelesoreades.com\/wp-content\/uploads\/2025\/10\/9_exterieur_terrasse.jpg\" alt=\"Cabane P\u00eacheur 6 P 3 Zi 2 Bdz Premium &#8211; SPA\" \/>\n\t\t\t\t\t\t\t\t\t<img decoding=\"async\" src=\"https:\/\/domainelesoreades.com\/wp-content\/uploads\/2025\/10\/Cabane-premium-3-CH-124.jpg\" alt=\"Cabane P\u00eacheur 6 P 3 Zi 2 Bdz Premium &#8211; SPA\" \/>\n\t\t\t\t\t\t\t\t\t<img decoding=\"async\" src=\"https:\/\/domainelesoreades.com\/wp-content\/uploads\/2025\/10\/Salon-Caraibes-ILBARITZ-3ch-V2.jpg\" alt=\"Cabane P\u00eacheur 6 P 3 Zi 2 Bdz Premium &#8211; SPA\" \/>\n\t\t\t\t\t\t\t\t\t<img decoding=\"async\" src=\"https:\/\/domainelesoreades.com\/wp-content\/uploads\/2025\/10\/Cuisine-Caraibes-ILBARITZ-3ch.jpg\" alt=\"Cabane P\u00eacheur 6 P 3 Zi 2 Bdz Premium &#8211; SPA\" \/>\n\t\t\t\t\t\t\t\t\t<img decoding=\"async\" src=\"https:\/\/domainelesoreades.com\/wp-content\/uploads\/2025\/10\/Chambre-Adultes-Caraibes-ILBARITZ-3ch.jpg\" alt=\"Cabane P\u00eacheur 6 P 3 Zi 2 Bdz Premium &#8211; SPA\" \/>\n\t\t\t\t\t\t\t\t\t<img decoding=\"async\" src=\"https:\/\/domainelesoreades.com\/wp-content\/uploads\/2025\/10\/Sdb-Caraibes-Chambre-Adultes-ILBARITZ-3ch.jpg\" alt=\"Cabane P\u00eacheur 6 P 3 Zi 2 Bdz Premium &#8211; SPA\" \/>\n\t\t\t\t\t\t\t\t\t<img decoding=\"async\" src=\"https:\/\/domainelesoreades.com\/wp-content\/uploads\/2025\/10\/Chambre-Enfants-2-Caraibes-ILBARITZ-3ch.jpg\" alt=\"Cabane P\u00eacheur 6 P 3 Zi 2 Bdz Premium &#8211; SPA\" \/>\n\t\t\t\t\t\t\t\t\t<img decoding=\"async\" src=\"https:\/\/domainelesoreades.com\/wp-content\/uploads\/2025\/10\/Chambre-Enfants-1-Caraibes-ILBARITZ-3ch.jpg\" alt=\"Cabane P\u00eacheur 6 P 3 Zi 2 Bdz Premium &#8211; SPA\" \/>\n\t\t\t\t\t\t\t\t\t<img decoding=\"async\" src=\"https:\/\/domainelesoreades.com\/wp-content\/uploads\/2025\/10\/Sdb-Caraibes-Chambre-Enfants-ILBARITZ-3ch.jpg\" alt=\"Cabane P\u00eacheur 6 P 3 Zi 2 Bdz Premium &#8211; SPA\" \/>\n\t\t\t\t\t\t<\/div>\n\t\t\t\t<div class=\"ls-hebergement__title\">\n\t\t\tCabane P\u00eacheur 6 P 3 Zi 2 Bdz Premium &#8211; SPA\t\t\t\n\t\t<\/div>\n\n\t\t<div class=\"ls-hebergement__details\">\n\n\t\t\t<div class=\"ls-hebergement__icon--standard-PLUS\">\n\t\t\t\t<i class=\"oreades-standard-PLUS\"><\/i>\n\t\t\t<\/div>\n\n\n\t\t<\/div>\n\n\t\t<div class=\"ls-hebergement__disponibilites\">\n\t\t\tEntdecken Sie\t\t<\/div>\n\t<\/a>\n<\/div>\n\n<div class=\"ls-hebergement\" data-postid='27191' data-id-reservation='15' data-id-site='4083' data-id1='79639' data-nombre_de_personnes='4' data-nombre_de_chambres='2' data-last-update='2026-04-30 05:01:03' data-type='les-luxes' data-options-hebergements='chauffage climatisation congelateur lave-vaisselle micro-ondes plancha refrigerateur salle-de-bain spa television terrasse vue wi-fi' data-gammes-hebergements=''>\n\t<a href=\"https:\/\/domainelesoreades.com\/de\/unterkunfte\/cott-pagode-4-p-2-zi-1-bdz-premium-seeblick-spa-7\/#primary\" rel=\"noopener\" target=\"_blank\"\n\t\tclass=\"ls-hebergement__link\">\n\t\t<div class=\"ls-hebergement__thumb\">\n\t\t\t\t\t\t\t\t<img decoding=\"async\" src=\"https:\/\/domainelesoreades.com\/wp-content\/uploads\/2025\/10\/MG_3620-R.jpg\" alt=\"Cott. Pagode 4 P 2 Zi 1 Bdz Premium &#8211; Seeblick SPA\" \/>\n\t\t\t\t\t\t\t\t\t<img decoding=\"async\" src=\"https:\/\/domainelesoreades.com\/wp-content\/uploads\/2025\/10\/Yelloh-Village-LesOreades-Hebergements-16-R.jpg\" alt=\"Cott. Pagode 4 P 2 Zi 1 Bdz Premium &#8211; Seeblick SPA\" \/>\n\t\t\t\t\t\t\t\t\t<img decoding=\"async\" src=\"https:\/\/domainelesoreades.com\/wp-content\/uploads\/2025\/10\/MG_3630.jpg\" alt=\"Cott. Pagode 4 P 2 Zi 1 Bdz Premium &#8211; Seeblick SPA\" \/>\n\t\t\t\t\t\t\t\t\t<img decoding=\"async\" src=\"https:\/\/domainelesoreades.com\/wp-content\/uploads\/2025\/10\/2_cuisine-2.jpg\" alt=\"Cott. Pagode 4 P 2 Zi 1 Bdz Premium &#8211; Seeblick SPA\" \/>\n\t\t\t\t\t\t\t\t\t<img decoding=\"async\" src=\"https:\/\/domainelesoreades.com\/wp-content\/uploads\/2025\/10\/7_salon-1.jpg\" alt=\"Cott. Pagode 4 P 2 Zi 1 Bdz Premium &#8211; Seeblick SPA\" \/>\n\t\t\t\t\t\t\t\t\t<img decoding=\"async\" src=\"https:\/\/domainelesoreades.com\/wp-content\/uploads\/2025\/10\/pagode-2-ch-2.jpg\" alt=\"Cott. Pagode 4 P 2 Zi 1 Bdz Premium &#8211; Seeblick SPA\" \/>\n\t\t\t\t\t\t\t\t\t<img decoding=\"async\" src=\"https:\/\/domainelesoreades.com\/wp-content\/uploads\/2025\/10\/pagode-2-ch-3-2.jpg\" alt=\"Cott. Pagode 4 P 2 Zi 1 Bdz Premium &#8211; Seeblick SPA\" \/>\n\t\t\t\t\t\t\t\t\t<img decoding=\"async\" src=\"https:\/\/domainelesoreades.com\/wp-content\/uploads\/2025\/10\/6_salle_de_bain-2.jpg\" alt=\"Cott. Pagode 4 P 2 Zi 1 Bdz Premium &#8211; Seeblick SPA\" \/>\n\t\t\t\t\t\t<\/div>\n\t\t\t\t<div class=\"ls-hebergement__title\">\n\t\t\tCott. Pagode 4 P 2 Zi 1 Bdz Premium &#8211; Seeblick SPA\t\t\t\n\t\t<\/div>\n\n\t\t<div class=\"ls-hebergement__details\">\n\n\t\t\t<div class=\"ls-hebergement__icon--standard-PLUS\">\n\t\t\t\t<i class=\"oreades-standard-PLUS\"><\/i>\n\t\t\t<\/div>\n\n\n\t\t<\/div>\n\n\t\t<div class=\"ls-hebergement__disponibilites\">\n\t\t\tEntdecken Sie\t\t<\/div>\n\t<\/a>\n<\/div>\n\n<div class=\"ls-hebergement\" data-postid='27183' data-id-reservation='11' data-id-site='4083' data-id1='79639' data-nombre_de_personnes='2' data-nombre_de_chambres='1' data-last-update='2026-04-29 05:16:04' data-type='les-luxes' data-options-hebergements='chauffage climatisation congelateur lave-vaisselle micro-ondes plancha refrigerateur salle-de-bain television terrasse wi-fi' data-gammes-hebergements=''>\n\t<a href=\"https:\/\/domainelesoreades.com\/de\/unterkunfte\/cottage-pagode-2-p-1-zi-1-bdz-premium-7\/#primary\" rel=\"noopener\" target=\"_blank\"\n\t\tclass=\"ls-hebergement__link\">\n\t\t<div class=\"ls-hebergement__thumb\">\n\t\t\t\t\t\t\t\t<img decoding=\"async\" src=\"https:\/\/domainelesoreades.com\/wp-content\/uploads\/2025\/10\/Facade.jpg\" alt=\"Cottage Pagode 2 P 1 Zi 1 Bdz Premium\" \/>\n\t\t\t\t\t\t\t\t\t<img decoding=\"async\" src=\"https:\/\/domainelesoreades.com\/wp-content\/uploads\/2025\/10\/Terrasse.jpg\" alt=\"Cottage Pagode 2 P 1 Zi 1 Bdz Premium\" \/>\n\t\t\t\t\t\t\t\t\t<img decoding=\"async\" src=\"https:\/\/domainelesoreades.com\/wp-content\/uploads\/2025\/10\/Terrasse-2.jpg\" alt=\"Cottage Pagode 2 P 1 Zi 1 Bdz Premium\" \/>\n\t\t\t\t\t\t\t\t\t<img decoding=\"async\" src=\"https:\/\/domainelesoreades.com\/wp-content\/uploads\/2025\/10\/2_cuisine.jpg\" alt=\"Cottage Pagode 2 P 1 Zi 1 Bdz Premium\" \/>\n\t\t\t\t\t\t\t\t\t<img decoding=\"async\" src=\"https:\/\/domainelesoreades.com\/wp-content\/uploads\/2025\/10\/Lit-cuisine.jpg\" alt=\"Cottage Pagode 2 P 1 Zi 1 Bdz Premium\" \/>\n\t\t\t\t\t\t\t\t\t<img decoding=\"async\" src=\"https:\/\/domainelesoreades.com\/wp-content\/uploads\/2025\/10\/pagode-1-ch-3.jpg\" alt=\"Cottage Pagode 2 P 1 Zi 1 Bdz Premium\" \/>\n\t\t\t\t\t\t\t\t\t<img decoding=\"async\" src=\"https:\/\/domainelesoreades.com\/wp-content\/uploads\/2025\/10\/5_salle_de_bain.jpg\" alt=\"Cottage Pagode 2 P 1 Zi 1 Bdz Premium\" \/>\n\t\t\t\t\t\t<\/div>\n\t\t\t\t<div class=\"ls-hebergement__title\">\n\t\t\tCottage Pagode 2 P 1 Zi 1 Bdz Premium\t\t\t\n\t\t<\/div>\n\n\t\t<div class=\"ls-hebergement__details\">\n\n\t\t\t<div class=\"ls-hebergement__icon--standard-PLUS\">\n\t\t\t\t<i class=\"oreades-standard-PLUS\"><\/i>\n\t\t\t<\/div>\n\n\n\t\t<\/div>\n\n\t\t<div class=\"ls-hebergement__disponibilites\">\n\t\t\tEntdecken Sie\t\t<\/div>\n\t<\/a>\n<\/div><\/div><\/div>\n\r\n    <\/div>\r\n<\/section><section id=\"ls-section-block_4e0dc5ad56502b3b3b8ef8efc412bb53\" class=\"ls-section  page-one has-m-t m-t-8 has-p-t p-t-0 has-p-b p-b-14\" >\r\n        <div class=\"container container--wide\">\r\n        \n\n<div class=\"wp-block-columns is-layout-flex wp-container-core-columns-is-layout-9d6595d7 wp-block-columns-is-layout-flex\">\n<div class=\"wp-block-column is-layout-flow wp-block-column-is-layout-flow\" style=\"flex-basis:33.33%\">\n<h2 class=\"ls__heading wp-block-heading deco m-t-0\">Die Premium-Reihe: unsere Luxusferienh\u00e4user<\/h2>\n\n\n\n<p class=\"ls-paragraph\">Die Premium-Reihe bietet die <strong>Vermietung von Luxus-Mobilheimen<\/strong> im Herzen der Landes. Diese Unterk\u00fcnfte mit <strong>luxuri\u00f6sen<\/strong> <strong>Annehmlichkeiten<\/strong> bieten verschiedene Stile, von modern bis typisch, wie z. B. <strong>Fischerh\u00fctten<\/strong>. Sie k\u00f6nnen nach Lust und Laune w\u00e4hlen.<\/p>\n\n\n\n<p class=\"ls-paragraph\">Mit der <strong>Premium-Reihe<\/strong> w\u00e4hlen Sie ein <strong>luxuri\u00f6ses Cottage<\/strong> oder eine <strong>hochwertige Fischerh\u00fctte<\/strong> mit einer Fl\u00e4che von <strong>20 bis 40 m\u00b2<\/strong> und einer Kapazit\u00e4t f\u00fcr <strong>2 bis 6 Personen<\/strong>. Diese <strong>Luxus-Mobilheime zum Mieten<\/strong> verf\u00fcgen \u00fcber <strong>1 bis 3 Schlafzimmer<\/strong>.<\/p>\n\n\n\n<p class=\"ls-paragraph\">Mit Zugang zu einer ausgestatteten Terrasse k\u00f6nnen Sie je nach Wunsch ein <strong>Luxus-Mobilheim<\/strong> mit <strong>eigenem Jacuzzi\/Spa<\/strong> und\/oder <strong>Blick auf den See von Sanguinet<\/strong> <strong>mieten<\/strong>.<\/p>\n\n\n\n<p class=\"ls-paragraph\">Das <strong>Pagodenviertel ist nur f\u00fcr Fu\u00dfg\u00e4nger<\/strong> zug\u00e4nglich. Es ist auch das Viertel, das dem See und allen Annehmlichkeiten wie dem Schwimmbad oder dem Restaurant am n\u00e4chsten liegt.<\/p>\n\n\n\n<p class=\"ls-paragraph addReadMore showlesscontent\">Die <strong>Premium-H\u00fctten<\/strong> liegen etwas weiter entfernt, aber der See ist trotzdem schnell erreichbar. Ein solches Leistungsniveau garantiert die Anmietung eines voll ausgestatteten <strong>Luxus-Mobilheims<\/strong>. Die K\u00fcchenzeile verf\u00fcgt n\u00e4mlich \u00fcber <strong>alle Ger\u00e4te, die Ihren Aufenthalt erleichtern<\/strong>: Geschirrsp\u00fcler, K\u00fchl-\/Gefrierschrank, Mikrowelle, Wasserkocher, Toaster, aber auch Bettw\u00e4sche und Handt\u00fccher, WLAN und die Endreinigung ist im Preis inbegriffen.<\/p>\n<\/div>\n\n\n\n<div class=\"wp-block-column is-layout-flow wp-block-column-is-layout-flow\" style=\"flex-basis:66.66%\">\n<figure class=\"wp-block-image size-full\"><img decoding=\"async\" width=\"2000\" height=\"1333\" src=\"https:\/\/domainelesoreades.com\/wp-content\/uploads\/2023\/09\/camping-landes-hebergement-avec-jacuzzi.webp\" alt=\"campingplatz landes unterkunft mit jacuzzi\" class=\"wp-image-7048\" srcset=\"https:\/\/domainelesoreades.com\/wp-content\/uploads\/2023\/09\/camping-landes-hebergement-avec-jacuzzi.webp 2000w, https:\/\/domainelesoreades.com\/wp-content\/uploads\/2023\/09\/camping-landes-hebergement-avec-jacuzzi-300x200.webp 300w, https:\/\/domainelesoreades.com\/wp-content\/uploads\/2023\/09\/camping-landes-hebergement-avec-jacuzzi-1024x682.webp 1024w, https:\/\/domainelesoreades.com\/wp-content\/uploads\/2023\/09\/camping-landes-hebergement-avec-jacuzzi-768x512.webp 768w, https:\/\/domainelesoreades.com\/wp-content\/uploads\/2023\/09\/camping-landes-hebergement-avec-jacuzzi-1536x1024.webp 1536w\" sizes=\"(max-width: 2000px) 100vw, 2000px\" \/><\/figure>\n<\/div>\n<\/div>\n\n\r\n    <\/div>\r\n<\/section><section id=\"ls-section-block_eba6023948e0a80805fc3a61bd739191\" class=\"ls-section  page-one has-m-t m-t-0 has-p-t p-t-0 has-p-b p-b-14\" >\r\n        <div class=\"container container--wide\">\r\n        \n\n<div class=\"wp-block-columns is-layout-flex wp-container-core-columns-is-layout-9d6595d7 wp-block-columns-is-layout-flex\">\n<div class=\"wp-block-column is-layout-flow wp-block-column-is-layout-flow\" style=\"flex-basis:66.66%\">\n<figure class=\"wp-block-image size-full\"><img decoding=\"async\" width=\"2000\" height=\"1333\" src=\"https:\/\/domainelesoreades.com\/wp-content\/uploads\/2023\/09\/Camping-landes-hebergement-jacuzzi.webp\" alt=\"Camping landes unterkunft jacuzzi\" class=\"wp-image-7058\" srcset=\"https:\/\/domainelesoreades.com\/wp-content\/uploads\/2023\/09\/Camping-landes-hebergement-jacuzzi.webp 2000w, https:\/\/domainelesoreades.com\/wp-content\/uploads\/2023\/09\/Camping-landes-hebergement-jacuzzi-300x200.webp 300w, https:\/\/domainelesoreades.com\/wp-content\/uploads\/2023\/09\/Camping-landes-hebergement-jacuzzi-1024x682.webp 1024w, https:\/\/domainelesoreades.com\/wp-content\/uploads\/2023\/09\/Camping-landes-hebergement-jacuzzi-768x512.webp 768w, https:\/\/domainelesoreades.com\/wp-content\/uploads\/2023\/09\/Camping-landes-hebergement-jacuzzi-1536x1024.webp 1536w\" sizes=\"(max-width: 2000px) 100vw, 2000px\" \/><\/figure>\n<\/div>\n\n\n\n<div class=\"wp-block-column is-layout-flow wp-block-column-is-layout-flow\" style=\"flex-basis:33.33%\">\n<h2 class=\"ls__heading wp-block-heading deco\">Unsere Luxus-Mobilheime zum Mieten auf einer gesch\u00fctzten Dom\u00e4ne<\/h2>\n\n\n\n<p class=\"ls-paragraph\">Der<a href=\"https:\/\/domainelesoreades.com\/de\/\"> Campingplatz in Landes <\/a>, Domaine Les Or\u00e9ades, <strong>vermietet luxuri\u00f6se Mobilheime<\/strong> auf seinem Gel\u00e4nde, nur einen Steinwurf <strong>vom Lac de Sanguinet in den Landes entfernt<\/strong>. Finden Sie vor Ort <strong>Stellpl\u00e4tze, die von Vegetation umgeben<\/strong> sind und im Schatten der Pinien der Landes liegen.<\/p>\n\n\n\n<p class=\"ls-paragraph\">Dieser Campingplatz ist einer der wenigen Campingpl\u00e4tze, die eine  <strong>High-End-Angebot<\/strong> mit solchen  Diese <strong>Unterk\u00fcnfte<\/strong> stehen <strong>einem Hotel in nichts<\/strong> nach und bieten in einer <strong>angenehmen<\/strong>, <strong>von Gr\u00fcn umgebenen und landschaftlich gestalteten<\/strong> Umgebung <strong>hochwertige Leistungen<\/strong>, damit Sie dort Ihren Urlaub verbringen k\u00f6nnen.<\/p>\n<\/div>\n<\/div>\n\n\r\n    <\/div>\r\n<\/section><section id=\"ls-section-block_c3a015173412d42876bf7e4e07b20576\" class=\"ls-section  page-one has-background has-color-4-background-color has-p-t p-t-15 has-p-b p-b-15\" >\r\n        <div class=\"container container--wide\">\r\n        \n\n<div class=\"wp-block-columns is-layout-flex wp-container-core-columns-is-layout-9d6595d7 wp-block-columns-is-layout-flex\">\n<div class=\"wp-block-column is-vertically-aligned-center second is-layout-flow wp-block-column-is-layout-flow\" style=\"flex-basis:33.33%\">\n<h2 class=\"ls__heading wp-block-heading deco\">Alles \u00fcber unseren 5-Sterne-Campingplatz<\/h2>\n\n\n\n<div style=\"height:30px\" aria-hidden=\"true\" class=\"wp-block-spacer\"><\/div>\n\n\n\n<p class=\"ls-paragraph\">Der Campingplatz Domaine des Or\u00e9ades liegt nur wenige Schritte vom See von Sanguinet entfernt in den Landes. Mit <a href=\"https:\/\/domainelesoreades.com\/de\/camping-pool-landes\/\">mehreren beheizten Pools<\/a>, einem Innenpool, einem Planschbecken und einem Bereich, in dem die Kinder mit dem Wasser spielen k\u00f6nnen, bietet dieser 5-Sterne-Campingplatz enorm viele Vorteile, um die ganze Familie zu begeistern.<\/p>\n\n\n\n<p class=\"ls-paragraph\">Vor Ort werden zahlreiche <a href=\"https:\/\/domainelesoreades.com\/de\/camping-animationen-landeskunde\/\">Aktivit\u00e4ten und Animationen<\/a> angeboten. Kinder und Jugendliche k\u00f6nnen den Club nutzen, um mit Gleichaltrigen Aktivit\u00e4ten durchzuf\u00fchren. Ein wundersch\u00f6nes Restaurant befindet sich auf dem Gel\u00e4nde. Es ist f\u00fcr alle offen und bietet eine schmackhafte lokale K\u00fcche.<\/p>\n\n\n\n<p class=\"ls-paragraph\">Diese <a href=\"https:\/\/domainelesoreades.com\/de\/luxus-campingplatz-landes\/\">Service- und Dienstleistungs<\/a> angebote sowie die gro\u00dfe Auswahl an Luxus-Mobilheimen machen den Campingplatz zu einem Ort der Spitzenklasse, den Sie f\u00fcr Ihren n\u00e4chsten Urlaub in den Landes bevorzugen sollten.<\/p>\n<\/div>\n\n\n\n<div class=\"wp-block-column first is-layout-flow wp-block-column-is-layout-flow\" style=\"flex-basis:66.66%\">\n<figure class=\"wp-block-gallery has-nested-images columns-default is-cropped gallery-slider wp-block-gallery-1 is-layout-flex wp-block-gallery-is-layout-flex\">\n<figure class=\"wp-block-image size-full\"><a href=\"https:\/\/domainelesoreades.com\/wp-content\/uploads\/2023\/09\/camping-landes-couple.webp\"><img decoding=\"async\" width=\"2000\" height=\"1333\" data-id=\"7043\" src=\"https:\/\/domainelesoreades.com\/wp-content\/uploads\/2023\/09\/camping-landes-couple.webp\" alt=\"camping landes paar\" class=\"wp-image-7043\" srcset=\"https:\/\/domainelesoreades.com\/wp-content\/uploads\/2023\/09\/camping-landes-couple.webp 2000w, https:\/\/domainelesoreades.com\/wp-content\/uploads\/2023\/09\/camping-landes-couple-300x200.webp 300w, https:\/\/domainelesoreades.com\/wp-content\/uploads\/2023\/09\/camping-landes-couple-1024x682.webp 1024w, https:\/\/domainelesoreades.com\/wp-content\/uploads\/2023\/09\/camping-landes-couple-768x512.webp 768w, https:\/\/domainelesoreades.com\/wp-content\/uploads\/2023\/09\/camping-landes-couple-1536x1024.webp 1536w\" sizes=\"(max-width: 2000px) 100vw, 2000px\" \/><\/a><\/figure>\n\n\n\n<figure class=\"wp-block-image size-full\"><a href=\"https:\/\/domainelesoreades.com\/wp-content\/uploads\/2023\/09\/camping-avec-piscine-Landes_.webp\"><img decoding=\"async\" width=\"2000\" height=\"2667\" data-id=\"7096\" src=\"https:\/\/domainelesoreades.com\/wp-content\/uploads\/2023\/09\/camping-avec-piscine-Landes_.webp\" alt=\"campingplatz mit pool Landes\" class=\"wp-image-7096\" srcset=\"https:\/\/domainelesoreades.com\/wp-content\/uploads\/2023\/09\/camping-avec-piscine-Landes_.webp 2000w, https:\/\/domainelesoreades.com\/wp-content\/uploads\/2023\/09\/camping-avec-piscine-Landes_-225x300.webp 225w, https:\/\/domainelesoreades.com\/wp-content\/uploads\/2023\/09\/camping-avec-piscine-Landes_-768x1024.webp 768w, https:\/\/domainelesoreades.com\/wp-content\/uploads\/2023\/09\/camping-avec-piscine-Landes_-1152x1536.webp 1152w, https:\/\/domainelesoreades.com\/wp-content\/uploads\/2023\/09\/camping-avec-piscine-Landes_-1536x2048.webp 1536w\" sizes=\"(max-width: 2000px) 100vw, 2000px\" \/><\/a><\/figure>\n\n\n\n<figure class=\"wp-block-image size-full\"><a href=\"https:\/\/domainelesoreades.com\/wp-content\/uploads\/2023\/09\/explore-camping-couple.webp\"><img decoding=\"async\" width=\"1200\" height=\"800\" data-id=\"6695\" src=\"https:\/\/domainelesoreades.com\/wp-content\/uploads\/2023\/09\/explore-camping-couple.webp\" alt=\"explore camping paar\" class=\"wp-image-6695\" srcset=\"https:\/\/domainelesoreades.com\/wp-content\/uploads\/2023\/09\/explore-camping-couple.webp 1200w, https:\/\/domainelesoreades.com\/wp-content\/uploads\/2023\/09\/explore-camping-couple-300x200.webp 300w, https:\/\/domainelesoreades.com\/wp-content\/uploads\/2023\/09\/explore-camping-couple-1024x683.webp 1024w, https:\/\/domainelesoreades.com\/wp-content\/uploads\/2023\/09\/explore-camping-couple-768x512.webp 768w\" sizes=\"(max-width: 1200px) 100vw, 1200px\" \/><\/a><\/figure>\n\n\n\n<figure class=\"wp-block-image size-full\"><a href=\"https:\/\/domainelesoreades.com\/wp-content\/uploads\/2023\/09\/camping-landes-piscines-chauffees.webp\"><img decoding=\"async\" width=\"2000\" height=\"3000\" data-id=\"7063\" src=\"https:\/\/domainelesoreades.com\/wp-content\/uploads\/2023\/09\/camping-landes-piscines-chauffees.webp\" alt=\"camping landes beheizte pools\" class=\"wp-image-7063\" srcset=\"https:\/\/domainelesoreades.com\/wp-content\/uploads\/2023\/09\/camping-landes-piscines-chauffees.webp 2000w, https:\/\/domainelesoreades.com\/wp-content\/uploads\/2023\/09\/camping-landes-piscines-chauffees-200x300.webp 200w, https:\/\/domainelesoreades.com\/wp-content\/uploads\/2023\/09\/camping-landes-piscines-chauffees-683x1024.webp 683w, https:\/\/domainelesoreades.com\/wp-content\/uploads\/2023\/09\/camping-landes-piscines-chauffees-768x1152.webp 768w, https:\/\/domainelesoreades.com\/wp-content\/uploads\/2023\/09\/camping-landes-piscines-chauffees-1024x1536.webp 1024w, https:\/\/domainelesoreades.com\/wp-content\/uploads\/2023\/09\/camping-landes-piscines-chauffees-1365x2048.webp 1365w\" sizes=\"(max-width: 2000px) 100vw, 2000px\" \/><\/a><\/figure>\n<\/figure>\n<\/div>\n<\/div>\n\n\r\n    <\/div>\r\n<\/section>","protected":false},"excerpt":{"rendered":"","protected":false},"author":1,"featured_media":5894,"parent":8885,"menu_order":0,"comment_status":"closed","ping_status":"closed","template":"searchstay.php","meta":{"_acf_changed":false,"inline_featured_image":false,"footnotes":""},"sujet":[],"class_list":["post-8955","page","type-page","status-publish","has-post-thumbnail","hentry"],"acf":[],"yoast_head":"<!-- This site is optimized with the Yoast SEO plugin v24.3 - https:\/\/yoast.com\/wordpress\/plugins\/seo\/ -->\n<title>Luxus-Mobilheimvermietung in den Landes<\/title>\n<meta name=\"description\" content=\"Luxus-Mobilheimvermietung: Premium-Reihe in den Landes\" \/>\n<meta name=\"robots\" content=\"index, follow, max-snippet:-1, max-image-preview:large, max-video-preview:-1\" \/>\n<link rel=\"canonical\" href=\"https:\/\/domainelesoreades.com\/de\/vermietung-von-ferien-landes\/vermietung-mobil-home-luxe-landes\/\" \/>\n<meta property=\"og:locale\" content=\"de_DE\" \/>\n<meta property=\"og:type\" content=\"article\" \/>\n<meta property=\"og:title\" content=\"Luxus-Mobilheimvermietung in den Landes\" \/>\n<meta property=\"og:description\" content=\"Luxus-Mobilheimvermietung: Premium-Reihe in den Landes\" \/>\n<meta property=\"og:url\" content=\"https:\/\/domainelesoreades.com\/de\/vermietung-von-ferien-landes\/vermietung-mobil-home-luxe-landes\/\" \/>\n<meta property=\"og:site_name\" content=\"Domaine des Or\u00e9ades\" \/>\n<meta property=\"article:modified_time\" content=\"2023-10-20T11:50:19+00:00\" \/>\n<meta property=\"og:image\" content=\"https:\/\/domainelesoreades.com\/wp-content\/uploads\/2023\/09\/vue-camping-et-lac-depuis-drone.webp\" \/>\n\t<meta property=\"og:image:width\" content=\"1903\" \/>\n\t<meta property=\"og:image:height\" content=\"665\" \/>\n\t<meta property=\"og:image:type\" content=\"image\/webp\" \/>\n<meta name=\"twitter:card\" content=\"summary_large_image\" \/>\n<meta name=\"twitter:label1\" content=\"Gesch\u00e4tzte Lesezeit\" \/>\n\t<meta name=\"twitter:data1\" content=\"2\u00a0Minuten\" \/>\n<script type=\"application\/ld+json\" class=\"yoast-schema-graph\">{\"@context\":\"https:\/\/schema.org\",\"@graph\":[{\"@type\":\"WebPage\",\"@id\":\"https:\/\/domainelesoreades.com\/de\/vermietung-von-ferien-landes\/vermietung-mobil-home-luxe-landes\/\",\"url\":\"https:\/\/domainelesoreades.com\/de\/vermietung-von-ferien-landes\/vermietung-mobil-home-luxe-landes\/\",\"name\":\"Luxus-Mobilheimvermietung in den Landes\",\"isPartOf\":{\"@id\":\"https:\/\/domainelesoreades.com\/de\/#website\"},\"primaryImageOfPage\":{\"@id\":\"https:\/\/domainelesoreades.com\/de\/vermietung-von-ferien-landes\/vermietung-mobil-home-luxe-landes\/#primaryimage\"},\"image\":{\"@id\":\"https:\/\/domainelesoreades.com\/de\/vermietung-von-ferien-landes\/vermietung-mobil-home-luxe-landes\/#primaryimage\"},\"thumbnailUrl\":\"https:\/\/domainelesoreades.com\/wp-content\/uploads\/2023\/09\/vue-camping-et-lac-depuis-drone.webp\",\"datePublished\":\"2023-09-07T13:20:22+00:00\",\"dateModified\":\"2023-10-20T11:50:19+00:00\",\"description\":\"Luxus-Mobilheimvermietung: Premium-Reihe in den Landes\",\"breadcrumb\":{\"@id\":\"https:\/\/domainelesoreades.com\/de\/vermietung-von-ferien-landes\/vermietung-mobil-home-luxe-landes\/#breadcrumb\"},\"inLanguage\":\"de\",\"potentialAction\":[{\"@type\":\"ReadAction\",\"target\":[\"https:\/\/domainelesoreades.com\/de\/vermietung-von-ferien-landes\/vermietung-mobil-home-luxe-landes\/\"]}]},{\"@type\":\"ImageObject\",\"inLanguage\":\"de\",\"@id\":\"https:\/\/domainelesoreades.com\/de\/vermietung-von-ferien-landes\/vermietung-mobil-home-luxe-landes\/#primaryimage\",\"url\":\"https:\/\/domainelesoreades.com\/wp-content\/uploads\/2023\/09\/vue-camping-et-lac-depuis-drone.webp\",\"contentUrl\":\"https:\/\/domainelesoreades.com\/wp-content\/uploads\/2023\/09\/vue-camping-et-lac-depuis-drone.webp\",\"width\":1903,\"height\":665,\"caption\":\"Blick auf Campingplatz und See von der Drohne aus\"},{\"@type\":\"BreadcrumbList\",\"@id\":\"https:\/\/domainelesoreades.com\/de\/vermietung-von-ferien-landes\/vermietung-mobil-home-luxe-landes\/#breadcrumb\",\"itemListElement\":[{\"@type\":\"ListItem\",\"position\":1,\"name\":\"Camping Landes\",\"item\":\"https:\/\/domainelesoreades.com\/de\/\"},{\"@type\":\"ListItem\",\"position\":2,\"name\":\"Unterk\u00fcnfte in den Landes\",\"item\":\"https:\/\/domainelesoreades.com\/de\/vermietung-von-ferien-landes\/\"},{\"@type\":\"ListItem\",\"position\":3,\"name\":\"Premium\"}]},{\"@type\":\"WebSite\",\"@id\":\"https:\/\/domainelesoreades.com\/de\/#website\",\"url\":\"https:\/\/domainelesoreades.com\/de\/\",\"name\":\"Domaine des Or\u00e9ades\",\"description\":\"\",\"publisher\":{\"@id\":\"https:\/\/domainelesoreades.com\/de\/#organization\"},\"potentialAction\":[{\"@type\":\"SearchAction\",\"target\":{\"@type\":\"EntryPoint\",\"urlTemplate\":\"https:\/\/domainelesoreades.com\/de\/?s={search_term_string}\"},\"query-input\":{\"@type\":\"PropertyValueSpecification\",\"valueRequired\":true,\"valueName\":\"search_term_string\"}}],\"inLanguage\":\"de\"},{\"@type\":\"Organization\",\"@id\":\"https:\/\/domainelesoreades.com\/de\/#organization\",\"name\":\"Domaine des Or\u00e9ades\",\"url\":\"https:\/\/domainelesoreades.com\/de\/\",\"logo\":{\"@type\":\"ImageObject\",\"inLanguage\":\"de\",\"@id\":\"https:\/\/domainelesoreades.com\/de\/#\/schema\/logo\/image\/\",\"url\":\"https:\/\/domainelesoreades.com\/wp-content\/uploads\/2023\/08\/cropped-les-oreades-logo-blc.png\",\"contentUrl\":\"https:\/\/domainelesoreades.com\/wp-content\/uploads\/2023\/08\/cropped-les-oreades-logo-blc.png\",\"width\":490,\"height\":175,\"caption\":\"Domaine des Or\u00e9ades\"},\"image\":{\"@id\":\"https:\/\/domainelesoreades.com\/de\/#\/schema\/logo\/image\/\"}}]}<\/script>\n<!-- \/ Yoast SEO plugin. -->","yoast_head_json":{"title":"Luxus-Mobilheimvermietung in den Landes","description":"Luxus-Mobilheimvermietung: Premium-Reihe in den Landes","robots":{"index":"index","follow":"follow","max-snippet":"max-snippet:-1","max-image-preview":"max-image-preview:large","max-video-preview":"max-video-preview:-1"},"canonical":"https:\/\/domainelesoreades.com\/de\/vermietung-von-ferien-landes\/vermietung-mobil-home-luxe-landes\/","og_locale":"de_DE","og_type":"article","og_title":"Luxus-Mobilheimvermietung in den Landes","og_description":"Luxus-Mobilheimvermietung: Premium-Reihe in den Landes","og_url":"https:\/\/domainelesoreades.com\/de\/vermietung-von-ferien-landes\/vermietung-mobil-home-luxe-landes\/","og_site_name":"Domaine des Or\u00e9ades","article_modified_time":"2023-10-20T11:50:19+00:00","og_image":[{"width":1903,"height":665,"url":"https:\/\/domainelesoreades.com\/wp-content\/uploads\/2023\/09\/vue-camping-et-lac-depuis-drone.webp","type":"image\/webp"}],"twitter_card":"summary_large_image","twitter_misc":{"Gesch\u00e4tzte Lesezeit":"2\u00a0Minuten"},"schema":{"@context":"https:\/\/schema.org","@graph":[{"@type":"WebPage","@id":"https:\/\/domainelesoreades.com\/de\/vermietung-von-ferien-landes\/vermietung-mobil-home-luxe-landes\/","url":"https:\/\/domainelesoreades.com\/de\/vermietung-von-ferien-landes\/vermietung-mobil-home-luxe-landes\/","name":"Luxus-Mobilheimvermietung in den Landes","isPartOf":{"@id":"https:\/\/domainelesoreades.com\/de\/#website"},"primaryImageOfPage":{"@id":"https:\/\/domainelesoreades.com\/de\/vermietung-von-ferien-landes\/vermietung-mobil-home-luxe-landes\/#primaryimage"},"image":{"@id":"https:\/\/domainelesoreades.com\/de\/vermietung-von-ferien-landes\/vermietung-mobil-home-luxe-landes\/#primaryimage"},"thumbnailUrl":"https:\/\/domainelesoreades.com\/wp-content\/uploads\/2023\/09\/vue-camping-et-lac-depuis-drone.webp","datePublished":"2023-09-07T13:20:22+00:00","dateModified":"2023-10-20T11:50:19+00:00","description":"Luxus-Mobilheimvermietung: Premium-Reihe in den Landes","breadcrumb":{"@id":"https:\/\/domainelesoreades.com\/de\/vermietung-von-ferien-landes\/vermietung-mobil-home-luxe-landes\/#breadcrumb"},"inLanguage":"de","potentialAction":[{"@type":"ReadAction","target":["https:\/\/domainelesoreades.com\/de\/vermietung-von-ferien-landes\/vermietung-mobil-home-luxe-landes\/"]}]},{"@type":"ImageObject","inLanguage":"de","@id":"https:\/\/domainelesoreades.com\/de\/vermietung-von-ferien-landes\/vermietung-mobil-home-luxe-landes\/#primaryimage","url":"https:\/\/domainelesoreades.com\/wp-content\/uploads\/2023\/09\/vue-camping-et-lac-depuis-drone.webp","contentUrl":"https:\/\/domainelesoreades.com\/wp-content\/uploads\/2023\/09\/vue-camping-et-lac-depuis-drone.webp","width":1903,"height":665,"caption":"Blick auf Campingplatz und See von der Drohne aus"},{"@type":"BreadcrumbList","@id":"https:\/\/domainelesoreades.com\/de\/vermietung-von-ferien-landes\/vermietung-mobil-home-luxe-landes\/#breadcrumb","itemListElement":[{"@type":"ListItem","position":1,"name":"Camping Landes","item":"https:\/\/domainelesoreades.com\/de\/"},{"@type":"ListItem","position":2,"name":"Unterk\u00fcnfte in den Landes","item":"https:\/\/domainelesoreades.com\/de\/vermietung-von-ferien-landes\/"},{"@type":"ListItem","position":3,"name":"Premium"}]},{"@type":"WebSite","@id":"https:\/\/domainelesoreades.com\/de\/#website","url":"https:\/\/domainelesoreades.com\/de\/","name":"Domaine des Or\u00e9ades","description":"","publisher":{"@id":"https:\/\/domainelesoreades.com\/de\/#organization"},"potentialAction":[{"@type":"SearchAction","target":{"@type":"EntryPoint","urlTemplate":"https:\/\/domainelesoreades.com\/de\/?s={search_term_string}"},"query-input":{"@type":"PropertyValueSpecification","valueRequired":true,"valueName":"search_term_string"}}],"inLanguage":"de"},{"@type":"Organization","@id":"https:\/\/domainelesoreades.com\/de\/#organization","name":"Domaine des Or\u00e9ades","url":"https:\/\/domainelesoreades.com\/de\/","logo":{"@type":"ImageObject","inLanguage":"de","@id":"https:\/\/domainelesoreades.com\/de\/#\/schema\/logo\/image\/","url":"https:\/\/domainelesoreades.com\/wp-content\/uploads\/2023\/08\/cropped-les-oreades-logo-blc.png","contentUrl":"https:\/\/domainelesoreades.com\/wp-content\/uploads\/2023\/08\/cropped-les-oreades-logo-blc.png","width":490,"height":175,"caption":"Domaine des Or\u00e9ades"},"image":{"@id":"https:\/\/domainelesoreades.com\/de\/#\/schema\/logo\/image\/"}}]}},"_links":{"self":[{"href":"https:\/\/domainelesoreades.com\/de\/wp-json\/wp\/v2\/pages\/8955","targetHints":{"allow":["GET"]}}],"collection":[{"href":"https:\/\/domainelesoreades.com\/de\/wp-json\/wp\/v2\/pages"}],"about":[{"href":"https:\/\/domainelesoreades.com\/de\/wp-json\/wp\/v2\/types\/page"}],"author":[{"embeddable":true,"href":"https:\/\/domainelesoreades.com\/de\/wp-json\/wp\/v2\/users\/1"}],"replies":[{"embeddable":true,"href":"https:\/\/domainelesoreades.com\/de\/wp-json\/wp\/v2\/comments?post=8955"}],"version-history":[{"count":10,"href":"https:\/\/domainelesoreades.com\/de\/wp-json\/wp\/v2\/pages\/8955\/revisions"}],"predecessor-version":[{"id":12243,"href":"https:\/\/domainelesoreades.com\/de\/wp-json\/wp\/v2\/pages\/8955\/revisions\/12243"}],"up":[{"embeddable":true,"href":"https:\/\/domainelesoreades.com\/de\/wp-json\/wp\/v2\/pages\/8885"}],"wp:featuredmedia":[{"embeddable":true,"href":"https:\/\/domainelesoreades.com\/de\/wp-json\/wp\/v2\/media\/5894"}],"wp:attachment":[{"href":"https:\/\/domainelesoreades.com\/de\/wp-json\/wp\/v2\/media?parent=8955"}],"wp:term":[{"taxonomy":"sujet","embeddable":true,"href":"https:\/\/domainelesoreades.com\/de\/wp-json\/wp\/v2\/sujet?post=8955"}],"curies":[{"name":"wp","href":"https:\/\/api.w.org\/{rel}","templated":true}]}}