{"id":8888,"date":"2023-08-16T10:41:31","date_gmt":"2023-08-16T08:41:31","guid":{"rendered":"https:\/\/domainelesoreades.com\/holiday-home-landes\/"},"modified":"2025-02-26T13:21:42","modified_gmt":"2025-02-26T12:21:42","slug":"holiday-home-landes","status":"publish","type":"page","link":"https:\/\/domainelesoreades.com\/es\/holiday-home-landes\/","title":{"rendered":"Todos nuestros alojamientos"},"content":{"rendered":"<section id=\"ls-section-block_92eeda334136dbbd31671b38b93fed86\" class=\"ls-section  page-two has-m-t m-t-5 has-p-b p-b-0\" >\r\n        <div class=\"container container--wide\">\r\n        \n\n<h1 class=\"ls__heading wp-block-heading has-text-align-center\">Descubre tu futuro alquiler de vacaciones <br\/>en Sanguinet, en las Landas, cerca del lago<\/h1>\n\n\n\n<p class=\"ls-paragraph has-text-align-center\">Para <strong>cambiar de aires, dir\u00edjase a las Landas<\/strong>, en el suroeste de Francia. Esta regi\u00f3n se caracteriza por un paisaje de contrastes que incluye <strong>lagos, dunas y bosques<\/strong>. El <a href=\"https:\/\/domainelesoreades.com\/es\/\">camping 5 estrellas de las Landas<\/a>, Domaine des Or\u00e9ades, le da la bienvenida en un <strong>entorno id\u00edlico con acceso directo al lago de Sanguinet<\/strong>. <\/p>\n\n\r\n    <\/div>\r\n<\/section><section id=\"ls-section-block_64187d303f5b0df5c2dee68ab7e4f980\" class=\"ls-section  page-hebergements has-p-t p-t-14 has-p-b p-b-14\" >\r\n        <div class=\"container container--wide\">\r\n        \n\n<div id=\"ls-heading ls-titre-div-block_c36be1a6338d33aaa34ac31892173ccb\" class=\"ls-titre-div aligncenter h2-like\" >\n    Todos nuestros alojamientos<\/div>\n\n\n\n<div id=\"ls-hebergements-block_7167444e75285a0cddedd300d6a57082\" class=\"ls-hebergements\">\n\n    <div class=\"ls-customizer\">\n    <div class=\"ls-customizer__filters\">\n        <div class=\"ls-customizer__filters__close\">\n            <i class=\"fas fa-times\"><\/i>\n        <\/div>\n\n        <div class=\"ls-customizer__filters__title\">\n            <b>Filtros<\/b>\n            <span class=\"ls-customizer__filters__clear\">Borrar filtros<i class=\"fas fa-times\"><\/i><\/span>\n        <\/div>\n\n        <div class=\"ls-customizer__orders\">\n            <i class=\"fas fa-sort\"><\/i>\n            <select class=\"select-tri\">\n                <option selected value=\"\">Ordenar por<\/option>\n                <option value=\"price-asc\">Subida de precios<\/option>\n                <option value=\"price-desc\">Precio descendente<\/option>\n            <\/select>\n        <\/div>\n\n        \n        <!-- Filtres ACF fields -->\n        \n                                            <!-- Filtre nombre_de_personnes -->\n                        <div class=\"filter\" id=\"filter-nombre_de_personnes\">\n                <div class=\"filter__title\">\n                    N\u00famero de personas                    <i class=\"fas fa-angle-down\"><\/i>\n                <\/div>\n\n                \n                <fieldset data-filter=\"nombre_de_personnes\" data-operator=\"&gt;=\" class=\"input\">\n                    <div><input type=\"radio\" name=\"nombre_de_personnes\" id=\"nombre_de_personnes-all\"  class=\"checkbox\" \/><label for='nombre_de_personnes-all'>Todos<\/label><\/div><div><input type=\"radio\" name=\"nombre-de-personnes\" id=\"nombre-de-personnes-1\" value=\"1\" class=\"checkbox\"><label for=\"nombre-de-personnes-1\">1 pers.<\/label><\/div><div><input type=\"radio\" name=\"nombre-de-personnes\" id=\"nombre-de-personnes-2\" value=\"2\" class=\"checkbox\"><label for=\"nombre-de-personnes-2\">2 pers.<\/label><\/div><div><input type=\"radio\" name=\"nombre-de-personnes\" id=\"nombre-de-personnes-3\" value=\"3\" class=\"checkbox\"><label for=\"nombre-de-personnes-3\">3 pers.<\/label><\/div><div><input type=\"radio\" name=\"nombre-de-personnes\" id=\"nombre-de-personnes-4\" value=\"4\" class=\"checkbox\"><label for=\"nombre-de-personnes-4\">4 pers.<\/label><\/div><div><input type=\"radio\" name=\"nombre-de-personnes\" id=\"nombre-de-personnes-5\" value=\"5\" class=\"checkbox\"><label for=\"nombre-de-personnes-5\">5 pers.<\/label><\/div><div><input type=\"radio\" name=\"nombre-de-personnes\" id=\"nombre-de-personnes-6\" value=\"6\" class=\"checkbox\"><label for=\"nombre-de-personnes-6\">6 pers.<\/label><\/div><div><input type=\"radio\" name=\"nombre-de-personnes\" id=\"nombre-de-personnes-7\" value=\"7\" class=\"checkbox\"><label for=\"nombre-de-personnes-7\">7 pers.<\/label><\/div><div><input type=\"radio\" name=\"nombre-de-personnes\" id=\"nombre-de-personnes-8\" value=\"8\" class=\"checkbox\"><label for=\"nombre-de-personnes-8\">8 pers.<\/label><\/div><div><input type=\"radio\" name=\"nombre-de-personnes\" id=\"nombre-de-personnes-9\" value=\"9\" class=\"checkbox\"><label for=\"nombre-de-personnes-9\">9 pers.<\/label><\/div><div><input type=\"radio\" name=\"nombre-de-personnes\" id=\"nombre-de-personnes-10\" value=\"10\" class=\"checkbox\"><label for=\"nombre-de-personnes-10\">10 pers.<\/label><\/div>                <\/fieldset>\n            <\/div>\n                                <!-- Filtre nombre_de_chambres -->\n                        <div class=\"filter\" id=\"filter-nombre_de_chambres\">\n                <div class=\"filter__title\">\n                    N\u00famero de habitaciones                    <i class=\"fas fa-angle-down\"><\/i>\n                <\/div>\n\n                \n                <fieldset data-filter=\"nombre_de_chambres\" data-operator=\"==\" class=\"input\">\n                    <div><input type=\"radio\" name=\"nombre_de_chambres\" id=\"nombre_de_chambres-all\"  class=\"checkbox\" \/><label for='nombre_de_chambres-all'>Todos<\/label><\/div><div><input type=\"radio\" name=\"nombre_de_chambres\" id=\"nombre_de_chambres-1\" value=\"1\" class=\"checkbox\"  \/><label for='nombre_de_chambres-1'>1 habitaci\u00f3n <\/label><\/div><div><input type=\"radio\" name=\"nombre_de_chambres\" id=\"nombre_de_chambres-2\" value=\"2\" class=\"checkbox\"  \/><label for='nombre_de_chambres-2'>2 habitaciones <\/label><\/div><div><input type=\"radio\" name=\"nombre_de_chambres\" id=\"nombre_de_chambres-3\" value=\"3\" class=\"checkbox\"  \/><label for='nombre_de_chambres-3'>3 habitaciones <\/label><\/div><div><input type=\"radio\" name=\"nombre_de_chambres\" id=\"nombre_de_chambres-5\" value=\"5\" class=\"checkbox\"  \/><label for='nombre_de_chambres-5'>5 habitaciones <\/label><\/div>                <\/fieldset>\n            <\/div>\n                                <!-- Filtre options-hebergements -->\n                        <div class=\"filter\" id=\"filter-options-hebergements\">\n                <div class=\"filter__title\">\n                    Opciones                    <i class=\"fas fa-angle-down\"><\/i>\n                <\/div>\n\n                \n                <fieldset data-filter=\"options-hebergements\" data-operator=\"*=\" class=\"input\">\n                    <div><input type=\"checkbox\" name=\"options-hebergements\" id=\"options-hebergements-all\"  class=\"checkbox\" \/><label for='options-hebergements-all'>No<\/label><\/div><div><input type=\"checkbox\" name=\"options-hebergements\" id=\"options-hebergements-animaux-autorises\" value=\"animaux-autorises\" class=\"checkbox\"  \/><label for='options-hebergements-animaux-autorises'>Se admiten mascotas<\/label><\/div><div><input type=\"checkbox\" name=\"options-hebergements\" id=\"options-hebergements-chauffage\" value=\"chauffage\" class=\"checkbox\"  \/><label for='options-hebergements-chauffage'>Chauffage<\/label><\/div><div><input type=\"checkbox\" name=\"options-hebergements\" id=\"options-hebergements-climatisation\" value=\"climatisation\" class=\"checkbox\"  \/><label for='options-hebergements-climatisation'>Aire acondicionado<\/label><\/div><div><input type=\"checkbox\" name=\"options-hebergements\" id=\"options-hebergements-congelateur\" value=\"congelateur\" class=\"checkbox\"  \/><label for='options-hebergements-congelateur'>Cong\u00e9lateur<\/label><\/div><div><input type=\"checkbox\" name=\"options-hebergements\" id=\"options-hebergements-lave-linge\" value=\"lave-linge\" class=\"checkbox\"  \/><label for='options-hebergements-lave-linge'>Lave linge<\/label><\/div><div><input type=\"checkbox\" name=\"options-hebergements\" id=\"options-hebergements-lave-vaisselle\" value=\"lave-vaisselle\" class=\"checkbox\"  \/><label for='options-hebergements-lave-vaisselle'>Lavavajillas<\/label><\/div><div><input type=\"checkbox\" name=\"options-hebergements\" id=\"options-hebergements-micro-ondes\" value=\"micro-ondes\" class=\"checkbox\"  \/><label for='options-hebergements-micro-ondes'>Micro ondes<\/label><\/div><div><input type=\"checkbox\" name=\"options-hebergements\" id=\"options-hebergements-pmr\" value=\"pmr\" class=\"checkbox\"  \/><label for='options-hebergements-pmr'>PMR<\/label><\/div><div><input type=\"checkbox\" name=\"options-hebergements\" id=\"options-hebergements-parking-1-place\" value=\"parking-1-place\" class=\"checkbox\"  \/><label for='options-hebergements-parking-1-place'>Parking 1 place<\/label><\/div><div><input type=\"checkbox\" name=\"options-hebergements\" id=\"options-hebergements-parking-2-places\" value=\"parking-2-places\" class=\"checkbox\"  \/><label for='options-hebergements-parking-2-places'>Parking 2 places<\/label><\/div><div><input type=\"checkbox\" name=\"options-hebergements\" id=\"options-hebergements-plancha\" value=\"plancha\" class=\"checkbox\"  \/><label for='options-hebergements-plancha'>Plancha<\/label><\/div><div><input type=\"checkbox\" name=\"options-hebergements\" id=\"options-hebergements-refrigerateur\" value=\"refrigerateur\" class=\"checkbox\"  \/><label for='options-hebergements-refrigerateur'>R\u00e9frig\u00e9rateur<\/label><\/div><div><input type=\"checkbox\" name=\"options-hebergements\" id=\"options-hebergements-salle-de-bain\" value=\"salle-de-bain\" class=\"checkbox\"  \/><label for='options-hebergements-salle-de-bain'>Salle de bain<\/label><\/div><div><input type=\"checkbox\" name=\"options-hebergements\" id=\"options-hebergements-spa\" value=\"spa\" class=\"checkbox\"  \/><label for='options-hebergements-spa'>Spa<\/label><\/div><div><input type=\"checkbox\" name=\"options-hebergements\" id=\"options-hebergements-terrasse\" value=\"terrasse\" class=\"checkbox\"  \/><label for='options-hebergements-terrasse'>Terrasse<\/label><\/div><div><input type=\"checkbox\" name=\"options-hebergements\" id=\"options-hebergements-television\" value=\"television\" class=\"checkbox\"  \/><label for='options-hebergements-television'>T\u00e9l\u00e9vision<\/label><\/div><div><input type=\"checkbox\" name=\"options-hebergements\" id=\"options-hebergements-vue\" value=\"vue\" class=\"checkbox\"  \/><label for='options-hebergements-vue'>Vue<\/label><\/div><div><input type=\"checkbox\" name=\"options-hebergements\" id=\"options-hebergements-wi-fi\" value=\"wi-fi\" class=\"checkbox\"  \/><label for='options-hebergements-wi-fi'>Wi Fi<\/label><\/div>                <\/fieldset>\n            <\/div>\n        \n\n\n    <\/div>\n<\/div><div class=\"ls-hebergements__results\" data-row=\"3\" data-campings=\"false\" data-types=\"false\">\n\n<div class=\"ls-hebergement\" data-postid='27347' data-id-reservation='1' data-id-site='4083' data-id1='79639' data-nombre_de_personnes='2' data-nombre_de_chambres='1' data-last-update='2026-04-26 06:16:02' data-type='les-standards' data-options-hebergements='animaux-autorises chauffage climatisation micro-ondes refrigerateur salle-de-bain television terrasse' data-gammes-hebergements=''>\n\t<a href=\"https:\/\/domainelesoreades.com\/es\/alojamientos\/cottage-lodge-2-p-1-hab-1-ba-7\/#primary\" rel=\"noopener\" target=\"_blank\"\n\t\tclass=\"ls-hebergement__link\">\n\t\t<div class=\"ls-hebergement__thumb\">\n\t\t\t\t\t\t\t\t<img decoding=\"async\" src=\"https:\/\/domainelesoreades.com\/wp-content\/uploads\/2023\/10\/pict_1_2.jpg\" alt=\"Cottage Lodge 2 p 1 Hab 1 Ba ***\" \/>\n\t\t\t\t\t\t\t\t\t<img decoding=\"async\" src=\"https:\/\/domainelesoreades.com\/wp-content\/uploads\/2023\/10\/pict_1_1.jpg\" alt=\"Cottage Lodge 2 p 1 Hab 1 Ba ***\" \/>\n\t\t\t\t\t\t\t\t\t<img decoding=\"async\" src=\"https:\/\/domainelesoreades.com\/wp-content\/uploads\/2023\/10\/pict_1_3.jpg\" alt=\"Cottage Lodge 2 p 1 Hab 1 Ba ***\" \/>\n\t\t\t\t\t\t\t\t\t<img decoding=\"async\" src=\"https:\/\/domainelesoreades.com\/wp-content\/uploads\/2025\/10\/lodge1-salon2.jpg\" alt=\"Cottage Lodge 2 p 1 Hab 1 Ba ***\" \/>\n\t\t\t\t\t\t<\/div>\n\t\t\t\t<div class=\"ls-hebergement__title\">\n\t\t\tCottage Lodge 2 p 1 Hab 1 Ba ***\t\t\t\n\t\t<\/div>\n\n\t\t<div class=\"ls-hebergement__details\">\n\n\t\t\t<div class=\"ls-hebergement__icon--standard-PLUS\">\n\t\t\t\t<i class=\"oreades-standard-PLUS\"><\/i>\n\t\t\t<\/div>\n\n\n\t\t<\/div>\n\n\t\t<div class=\"ls-hebergement__disponibilites\">\n\t\t\tDescubra\t\t<\/div>\n\t<\/a>\n<\/div>\n\n<div class=\"ls-hebergement\" data-postid='27222' data-id-reservation='2' data-id-site='4083' data-id1='79639' data-nombre_de_personnes='4' data-nombre_de_chambres='2' data-last-update='2026-04-26 06:16:02' data-type='les-standards' data-options-hebergements='animaux-autorises chauffage climatisation congelateur lave-vaisselle micro-ondes parking-1-place refrigerateur salle-de-bain television terrasse' data-gammes-hebergements=''>\n\t<a href=\"https:\/\/domainelesoreades.com\/es\/alojamientos\/cottage-pyla-4-p-2-hab-1-ba-7\/#primary\" rel=\"noopener\" target=\"_blank\"\n\t\tclass=\"ls-hebergement__link\">\n\t\t<div class=\"ls-hebergement__thumb\">\n\t\t\t\t\t\t\t\t<img decoding=\"async\" src=\"https:\/\/domainelesoreades.com\/wp-content\/uploads\/2025\/10\/1_exterieur.jpg\" alt=\"Cottage Pyla 4 p 2 Hab 1 Ba ***\" \/>\n\t\t\t\t\t\t\t\t\t<img decoding=\"async\" src=\"https:\/\/domainelesoreades.com\/wp-content\/uploads\/2025\/10\/8_terrasse.jpg\" alt=\"Cottage Pyla 4 p 2 Hab 1 Ba ***\" \/>\n\t\t\t\t\t\t\t\t\t<img decoding=\"async\" src=\"https:\/\/domainelesoreades.com\/wp-content\/uploads\/2025\/10\/6_salon.jpg\" alt=\"Cottage Pyla 4 p 2 Hab 1 Ba ***\" \/>\n\t\t\t\t\t\t\t\t\t<img decoding=\"async\" src=\"https:\/\/domainelesoreades.com\/wp-content\/uploads\/2025\/10\/7_interieur.jpg\" alt=\"Cottage Pyla 4 p 2 Hab 1 Ba ***\" \/>\n\t\t\t\t\t\t\t\t\t<img decoding=\"async\" src=\"https:\/\/domainelesoreades.com\/wp-content\/uploads\/2025\/10\/2_interieur.jpg\" alt=\"Cottage Pyla 4 p 2 Hab 1 Ba ***\" \/>\n\t\t\t\t\t\t\t\t\t<img decoding=\"async\" src=\"https:\/\/domainelesoreades.com\/wp-content\/uploads\/2025\/10\/4_chambre1.jpg\" alt=\"Cottage Pyla 4 p 2 Hab 1 Ba ***\" \/>\n\t\t\t\t\t\t<\/div>\n\t\t\t\t<div class=\"ls-hebergement__title\">\n\t\t\tCottage Pyla 4 p 2 Hab 1 Ba ***\t\t\t\n\t\t<\/div>\n\n\t\t<div class=\"ls-hebergement__details\">\n\n\t\t\t<div class=\"ls-hebergement__icon--standard-PLUS\">\n\t\t\t\t<i class=\"oreades-standard-PLUS\"><\/i>\n\t\t\t<\/div>\n\n\n\t\t<\/div>\n\n\t\t<div class=\"ls-hebergement__disponibilites\">\n\t\t\tDescubra\t\t<\/div>\n\t<\/a>\n<\/div>\n\n<div class=\"ls-hebergement\" data-postid='27221' data-id-reservation='3' data-id-site='4083' data-id1='79639' data-nombre_de_personnes='4' data-nombre_de_chambres='2' data-last-update='2026-04-26 06:16:02' data-type='les-standards' data-options-hebergements='animaux-autorises chauffage climatisation congelateur lave-vaisselle micro-ondes parking-1-place pmr salle-de-bain television terrasse' data-gammes-hebergements=''>\n\t<a href=\"https:\/\/domainelesoreades.com\/es\/alojamientos\/cottage-pyla-4-p-2-hab-1-ba-mobilidad-reducida-7\/#primary\" rel=\"noopener\" target=\"_blank\"\n\t\tclass=\"ls-hebergement__link\">\n\t\t<div class=\"ls-hebergement__thumb\">\n\t\t\t\t\t\t\t\t<img decoding=\"async\" src=\"https:\/\/domainelesoreades.com\/wp-content\/uploads\/2025\/10\/Facade-PMR.jpg\" alt=\"Cottage Pyla 4 p 2 Hab 1 Ba *** Mobilidad reducida\" \/>\n\t\t\t\t\t\t\t\t\t<img decoding=\"async\" src=\"https:\/\/domainelesoreades.com\/wp-content\/uploads\/2023\/10\/pict_3_6.jpg\" alt=\"Cottage Pyla 4 p 2 Hab 1 Ba *** Mobilidad reducida\" \/>\n\t\t\t\t\t\t\t\t\t<img decoding=\"async\" src=\"https:\/\/domainelesoreades.com\/wp-content\/uploads\/2023\/10\/pict_3_2.jpg\" alt=\"Cottage Pyla 4 p 2 Hab 1 Ba *** Mobilidad reducida\" \/>\n\t\t\t\t\t\t\t\t\t<img decoding=\"async\" src=\"https:\/\/domainelesoreades.com\/wp-content\/uploads\/2023\/10\/pict_3_3.jpg\" alt=\"Cottage Pyla 4 p 2 Hab 1 Ba *** Mobilidad reducida\" \/>\n\t\t\t\t\t\t\t\t\t<img decoding=\"async\" src=\"https:\/\/domainelesoreades.com\/wp-content\/uploads\/2023\/10\/pict_3_4.jpg\" alt=\"Cottage Pyla 4 p 2 Hab 1 Ba *** Mobilidad reducida\" \/>\n\t\t\t\t\t\t\t\t\t<img decoding=\"async\" src=\"https:\/\/domainelesoreades.com\/wp-content\/uploads\/2023\/10\/pict_3_5.jpg\" alt=\"Cottage Pyla 4 p 2 Hab 1 Ba *** Mobilidad reducida\" \/>\n\t\t\t\t\t\t<\/div>\n\t\t\t\t<div class=\"ls-hebergement__title\">\n\t\t\tCottage Pyla 4 p 2 Hab 1 Ba *** Mobilidad reducida\t\t\t\n\t\t<\/div>\n\n\t\t<div class=\"ls-hebergement__details\">\n\n\t\t\t<div class=\"ls-hebergement__icon--standard-PLUS\">\n\t\t\t\t<i class=\"oreades-standard-PLUS\"><\/i>\n\t\t\t<\/div>\n\n\n\t\t<\/div>\n\n\t\t<div class=\"ls-hebergement__disponibilites\">\n\t\t\tDescubra\t\t<\/div>\n\t<\/a>\n<\/div>\n\n<div class=\"ls-hebergement\" data-postid='27218' data-id-reservation='21' data-id-site='4083' data-id1='79639' data-nombre_de_personnes='6' data-nombre_de_chambres='3' data-last-update='2026-04-26 05:46:02' data-type='les-luxes' data-gammes-hebergements=''>\n\t<a href=\"https:\/\/domainelesoreades.com\/es\/alojamientos\/cottage-taos-6-p-3-hab-2-ba-premium-spa-7\/#primary\" rel=\"noopener\" target=\"_blank\"\n\t\tclass=\"ls-hebergement__link\">\n\t\t<div class=\"ls-hebergement__thumb\">\n\t\t\t\t\t\t\t\t<img decoding=\"async\" src=\"https:\/\/domainelesoreades.com\/wp-content\/uploads\/2025\/10\/TAOS-MONTAGE.jpg\" alt=\"Cottage Taos 6 p 3 Hab 2 Ba Premium &#8211; SPA\" \/>\n\t\t\t\t\t\t\t\t\t<img decoding=\"async\" src=\"https:\/\/domainelesoreades.com\/wp-content\/uploads\/2025\/10\/Spa-Taos-Premium.jpg\" alt=\"Cottage Taos 6 p 3 Hab 2 Ba Premium &#8211; SPA\" \/>\n\t\t\t\t\t\t\t\t\t<img decoding=\"async\" src=\"https:\/\/domainelesoreades.com\/wp-content\/uploads\/2025\/10\/Cuisine-salon-3ch.jpg\" alt=\"Cottage Taos 6 p 3 Hab 2 Ba Premium &#8211; SPA\" \/>\n\t\t\t\t\t\t\t\t\t<img decoding=\"async\" src=\"https:\/\/domainelesoreades.com\/wp-content\/uploads\/2025\/10\/Salon-3ch.jpg\" alt=\"Cottage Taos 6 p 3 Hab 2 Ba Premium &#8211; SPA\" \/>\n\t\t\t\t\t\t\t\t\t<img decoding=\"async\" src=\"https:\/\/domainelesoreades.com\/wp-content\/uploads\/2025\/10\/Chambre-Adulte-3ch.jpg\" alt=\"Cottage Taos 6 p 3 Hab 2 Ba Premium &#8211; SPA\" \/>\n\t\t\t\t\t\t\t\t\t<img decoding=\"async\" src=\"https:\/\/domainelesoreades.com\/wp-content\/uploads\/2025\/10\/Chambre-2-enfants-3ch.jpg\" alt=\"Cottage Taos 6 p 3 Hab 2 Ba Premium &#8211; SPA\" \/>\n\t\t\t\t\t\t\t\t\t<img decoding=\"async\" src=\"https:\/\/domainelesoreades.com\/wp-content\/uploads\/2025\/10\/Chambre-enfants-3ch.jpg\" alt=\"Cottage Taos 6 p 3 Hab 2 Ba Premium &#8211; SPA\" \/>\n\t\t\t\t\t\t<\/div>\n\t\t\t\t<div class=\"ls-hebergement__title\">\n\t\t\tCottage Taos 6 p 3 Hab 2 Ba Premium &#8211; SPA\t\t\t\n\t\t<\/div>\n\n\t\t<div class=\"ls-hebergement__details\">\n\n\t\t\t<div class=\"ls-hebergement__icon--standard-PLUS\">\n\t\t\t\t<i class=\"oreades-standard-PLUS\"><\/i>\n\t\t\t<\/div>\n\n\n\t\t<\/div>\n\n\t\t<div class=\"ls-hebergement__disponibilites\">\n\t\t\tDescubra\t\t<\/div>\n\t<\/a>\n<\/div>\n\n<div class=\"ls-hebergement\" data-postid='27219' data-id-reservation='13' data-id-site='4083' data-id1='79639' data-nombre_de_personnes='4' data-nombre_de_chambres='2' data-last-update='2026-04-26 06:01:03' data-type='les-luxes' data-options-hebergements='chauffage climatisation congelateur lave-vaisselle micro-ondes plancha refrigerateur salle-de-bain television terrasse wi-fi' data-gammes-hebergements=''>\n\t<a href=\"https:\/\/domainelesoreades.com\/es\/alojamientos\/cottage-pagode-4-p-2-hab-1-ba-premium-7\/#primary\" rel=\"noopener\" target=\"_blank\"\n\t\tclass=\"ls-hebergement__link\">\n\t\t<div class=\"ls-hebergement__thumb\">\n\t\t\t\t\t\t\t\t<img decoding=\"async\" src=\"https:\/\/domainelesoreades.com\/wp-content\/uploads\/2025\/10\/1_exterieur_1.jpg\" alt=\"Cottage Pagode 4 p 2 Hab 1 Ba Premium\" \/>\n\t\t\t\t\t\t\t\t\t<img decoding=\"async\" src=\"https:\/\/domainelesoreades.com\/wp-content\/uploads\/2025\/10\/7_terrasse-1.jpg\" alt=\"Cottage Pagode 4 p 2 Hab 1 Ba Premium\" \/>\n\t\t\t\t\t\t\t\t\t<img decoding=\"async\" src=\"https:\/\/domainelesoreades.com\/wp-content\/uploads\/2025\/10\/2_cuisine-1.jpg\" alt=\"Cottage Pagode 4 p 2 Hab 1 Ba Premium\" \/>\n\t\t\t\t\t\t\t\t\t<img decoding=\"async\" src=\"https:\/\/domainelesoreades.com\/wp-content\/uploads\/2025\/10\/7_salon.jpg\" alt=\"Cottage Pagode 4 p 2 Hab 1 Ba Premium\" \/>\n\t\t\t\t\t\t\t\t\t<img decoding=\"async\" src=\"https:\/\/domainelesoreades.com\/wp-content\/uploads\/2025\/10\/pagode-2-ch.jpg\" alt=\"Cottage Pagode 4 p 2 Hab 1 Ba Premium\" \/>\n\t\t\t\t\t\t\t\t\t<img decoding=\"async\" src=\"https:\/\/domainelesoreades.com\/wp-content\/uploads\/2025\/10\/pagode-2-ch-3.jpg\" alt=\"Cottage Pagode 4 p 2 Hab 1 Ba Premium\" \/>\n\t\t\t\t\t\t\t\t\t<img decoding=\"async\" src=\"https:\/\/domainelesoreades.com\/wp-content\/uploads\/2025\/10\/6_salle_de_bain-1.jpg\" alt=\"Cottage Pagode 4 p 2 Hab 1 Ba Premium\" \/>\n\t\t\t\t\t\t<\/div>\n\t\t\t\t<div class=\"ls-hebergement__title\">\n\t\t\tCottage Pagode 4 p 2 Hab 1 Ba Premium\t\t\t\n\t\t<\/div>\n\n\t\t<div class=\"ls-hebergement__details\">\n\n\t\t\t<div class=\"ls-hebergement__icon--standard-PLUS\">\n\t\t\t\t<i class=\"oreades-standard-PLUS\"><\/i>\n\t\t\t<\/div>\n\n\n\t\t<\/div>\n\n\t\t<div class=\"ls-hebergement__disponibilites\">\n\t\t\tDescubra\t\t<\/div>\n\t<\/a>\n<\/div>\n\n<div class=\"ls-hebergement\" data-postid='27220' data-id-reservation='12' data-id-site='4083' data-id1='79639' data-nombre_de_personnes='2' data-nombre_de_chambres='2' data-last-update='2026-04-26 06:01:03' data-type='les-luxes' data-options-hebergements='chauffage climatisation lave-vaisselle micro-ondes plancha refrigerateur salle-de-bain spa television terrasse vue wi-fi' data-gammes-hebergements=''>\n\t<a href=\"https:\/\/domainelesoreades.com\/es\/alojamientos\/cott-pagode-2p-1hab-1ba-premium-vista-lago-spa-7\/#primary\" rel=\"noopener\" target=\"_blank\"\n\t\tclass=\"ls-hebergement__link\">\n\t\t<div class=\"ls-hebergement__thumb\">\n\t\t\t\t\t\t\t\t<img decoding=\"async\" src=\"https:\/\/domainelesoreades.com\/wp-content\/uploads\/2025\/10\/pagode-1-ch-jacuzzy.jpg\" alt=\"Cott Pagode 2p 1Hab 1Ba Premium Vista lago SPA\" \/>\n\t\t\t\t\t\t\t\t\t<img decoding=\"async\" src=\"https:\/\/domainelesoreades.com\/wp-content\/uploads\/2025\/10\/6_exterieur.jpg\" alt=\"Cott Pagode 2p 1Hab 1Ba Premium Vista lago SPA\" \/>\n\t\t\t\t\t\t\t\t\t<img decoding=\"async\" src=\"https:\/\/domainelesoreades.com\/wp-content\/uploads\/2025\/10\/31913924_2015423225165362_2953740947529138176_o.jpg\" alt=\"Cott Pagode 2p 1Hab 1Ba Premium Vista lago SPA\" \/>\n\t\t\t\t\t\t\t\t\t<img decoding=\"async\" src=\"https:\/\/domainelesoreades.com\/wp-content\/uploads\/2025\/10\/2_cuisine.jpg\" alt=\"Cott Pagode 2p 1Hab 1Ba Premium Vista lago SPA\" \/>\n\t\t\t\t\t\t\t\t\t<img decoding=\"async\" src=\"https:\/\/domainelesoreades.com\/wp-content\/uploads\/2025\/10\/pagode-1-ch-3.jpg\" alt=\"Cott Pagode 2p 1Hab 1Ba Premium Vista lago SPA\" \/>\n\t\t\t\t\t\t\t\t\t<img decoding=\"async\" src=\"https:\/\/domainelesoreades.com\/wp-content\/uploads\/2025\/10\/5_salle_de_bain.jpg\" alt=\"Cott Pagode 2p 1Hab 1Ba Premium Vista lago SPA\" \/>\n\t\t\t\t\t\t<\/div>\n\t\t\t\t<div class=\"ls-hebergement__title\">\n\t\t\tCott Pagode 2p 1Hab 1Ba Premium Vista lago SPA\t\t\t\n\t\t<\/div>\n\n\t\t<div class=\"ls-hebergement__details\">\n\n\t\t\t<div class=\"ls-hebergement__icon--standard-PLUS\">\n\t\t\t\t<i class=\"oreades-standard-PLUS\"><\/i>\n\t\t\t<\/div>\n\n\n\t\t<\/div>\n\n\t\t<div class=\"ls-hebergement__disponibilites\">\n\t\t\tDescubra\t\t<\/div>\n\t<\/a>\n<\/div>\n\n<div class=\"ls-hebergement\" data-postid='27215' data-id-reservation='17' data-id-site='4083' data-id1='79639' data-nombre_de_personnes='4' data-nombre_de_chambres='2' data-last-update='2026-04-26 05:31:02' data-type='les-luxes' data-options-hebergements='chauffage climatisation lave-vaisselle micro-ondes parking-1-place plancha refrigerateur salle-de-bain spa television terrasse wi-fi' data-gammes-hebergements=''>\n\t<a href=\"https:\/\/domainelesoreades.com\/es\/alojamientos\/cabane-pecheur-4p-2hab-2ba-premium-spa-7\/#primary\" rel=\"noopener\" target=\"_blank\"\n\t\tclass=\"ls-hebergement__link\">\n\t\t<div class=\"ls-hebergement__thumb\">\n\t\t\t\t\t\t\t\t<img decoding=\"async\" src=\"https:\/\/domainelesoreades.com\/wp-content\/uploads\/2025\/10\/1_exterieur-1-1.jpg\" alt=\"Cabane P\u00eacheur 4p 2Hab 2Ba Premium &#8211; SPA\" \/>\n\t\t\t\t\t\t\t\t\t<img decoding=\"async\" src=\"https:\/\/domainelesoreades.com\/wp-content\/uploads\/2025\/10\/9_exterieur.jpg\" alt=\"Cabane P\u00eacheur 4p 2Hab 2Ba Premium &#8211; SPA\" \/>\n\t\t\t\t\t\t\t\t\t<img decoding=\"async\" src=\"https:\/\/domainelesoreades.com\/wp-content\/uploads\/2025\/10\/Salon-Cuisine-Iroise-ILBARITZ-2ch.jpg\" alt=\"Cabane P\u00eacheur 4p 2Hab 2Ba Premium &#8211; SPA\" \/>\n\t\t\t\t\t\t\t\t\t<img decoding=\"async\" src=\"https:\/\/domainelesoreades.com\/wp-content\/uploads\/2025\/10\/4_chambre1-1.jpg\" alt=\"Cabane P\u00eacheur 4p 2Hab 2Ba Premium &#8211; SPA\" \/>\n\t\t\t\t\t\t\t\t\t<img decoding=\"async\" src=\"https:\/\/domainelesoreades.com\/wp-content\/uploads\/2025\/10\/Sdb-Iroise-Chambre-Adultes-ILBARITZ-2ch.jpg\" alt=\"Cabane P\u00eacheur 4p 2Hab 2Ba Premium &#8211; SPA\" \/>\n\t\t\t\t\t\t\t\t\t<img decoding=\"async\" src=\"https:\/\/domainelesoreades.com\/wp-content\/uploads\/2025\/10\/5_chambre2.jpg\" alt=\"Cabane P\u00eacheur 4p 2Hab 2Ba Premium &#8211; SPA\" \/>\n\t\t\t\t\t\t\t\t\t<img decoding=\"async\" src=\"https:\/\/domainelesoreades.com\/wp-content\/uploads\/2025\/10\/Sdb-Iroise-Chambre-Enfants-ILBARITZ-2ch.jpg\" alt=\"Cabane P\u00eacheur 4p 2Hab 2Ba Premium &#8211; SPA\" \/>\n\t\t\t\t\t\t<\/div>\n\t\t\t\t<div class=\"ls-hebergement__title\">\n\t\t\tCabane P\u00eacheur 4p 2Hab 2Ba Premium &#8211; SPA\t\t\t\n\t\t<\/div>\n\n\t\t<div class=\"ls-hebergement__details\">\n\n\t\t\t<div class=\"ls-hebergement__icon--standard-PLUS\">\n\t\t\t\t<i class=\"oreades-standard-PLUS\"><\/i>\n\t\t\t<\/div>\n\n\n\t\t<\/div>\n\n\t\t<div class=\"ls-hebergement__disponibilites\">\n\t\t\tDescubra\t\t<\/div>\n\t<\/a>\n<\/div>\n\n<div class=\"ls-hebergement\" data-postid='27216' data-id-reservation='20' data-id-site='4083' data-id1='79639' data-nombre_de_personnes='10' data-nombre_de_chambres='5' data-last-update='2026-04-26 05:46:02' data-type='les-standards' data-options-hebergements='animaux-autorises chauffage climatisation congelateur lave-vaisselle micro-ondes parking-2-places refrigerateur salle-de-bain television terrasse' data-gammes-hebergements=''>\n\t<a href=\"https:\/\/domainelesoreades.com\/es\/alojamientos\/cottage-tribu-pyla-10-p-5-hab-2-ba-7\/#primary\" rel=\"noopener\" target=\"_blank\"\n\t\tclass=\"ls-hebergement__link\">\n\t\t<div class=\"ls-hebergement__thumb\">\n\t\t\t\t\t\t\t\t<img decoding=\"async\" src=\"https:\/\/domainelesoreades.com\/wp-content\/uploads\/2025\/10\/Tribu-Pyla-Facade-R.jpg\" alt=\"Cottage Tribu Pyla 10 p 5 Hab 2 Ba ***\" \/>\n\t\t\t\t\t\t\t\t\t<img decoding=\"async\" src=\"https:\/\/domainelesoreades.com\/wp-content\/uploads\/2025\/10\/Tribu-Pyla-Salon-R.jpg\" alt=\"Cottage Tribu Pyla 10 p 5 Hab 2 Ba ***\" \/>\n\t\t\t\t\t\t\t\t\t<img decoding=\"async\" src=\"https:\/\/domainelesoreades.com\/wp-content\/uploads\/2025\/10\/Tribu-Pyla-Salon-2-R.jpg\" alt=\"Cottage Tribu Pyla 10 p 5 Hab 2 Ba ***\" \/>\n\t\t\t\t\t\t\t\t\t<img decoding=\"async\" src=\"https:\/\/domainelesoreades.com\/wp-content\/uploads\/2025\/10\/Tribu-Pyla-Chambre-Adultes-R.jpg\" alt=\"Cottage Tribu Pyla 10 p 5 Hab 2 Ba ***\" \/>\n\t\t\t\t\t\t\t\t\t<img decoding=\"async\" src=\"https:\/\/domainelesoreades.com\/wp-content\/uploads\/2025\/10\/Tribu-Pyla-Chambre-Enfants-R.jpg\" alt=\"Cottage Tribu Pyla 10 p 5 Hab 2 Ba ***\" \/>\n\t\t\t\t\t\t\t\t\t<img decoding=\"async\" src=\"https:\/\/domainelesoreades.com\/wp-content\/uploads\/2025\/10\/Tribu-Pyla-Chambre-Adultes-2-R.jpg\" alt=\"Cottage Tribu Pyla 10 p 5 Hab 2 Ba ***\" \/>\n\t\t\t\t\t\t\t\t\t<img decoding=\"async\" src=\"https:\/\/domainelesoreades.com\/wp-content\/uploads\/2025\/10\/Tribu-Pyla-Chambre-Enfants-2-R.jpg\" alt=\"Cottage Tribu Pyla 10 p 5 Hab 2 Ba ***\" \/>\n\t\t\t\t\t\t<\/div>\n\t\t\t\t<div class=\"ls-hebergement__title\">\n\t\t\tCottage Tribu Pyla 10 p 5 Hab 2 Ba ***\t\t\t\n\t\t<\/div>\n\n\t\t<div class=\"ls-hebergement__details\">\n\n\t\t\t<div class=\"ls-hebergement__icon--standard-PLUS\">\n\t\t\t\t<i class=\"oreades-standard-PLUS\"><\/i>\n\t\t\t<\/div>\n\n\n\t\t<\/div>\n\n\t\t<div class=\"ls-hebergement__disponibilites\">\n\t\t\tDescubra\t\t<\/div>\n\t<\/a>\n<\/div>\n\n<div class=\"ls-hebergement\" data-postid='27217' data-id-reservation='14' data-id-site='4083' data-id1='79639' data-nombre_de_personnes='4' data-nombre_de_chambres='2' data-last-update='2026-04-26 06:01:03' data-type='les-luxes' data-options-hebergements='chauffage climatisation congelateur lave-vaisselle micro-ondes plancha refrigerateur salle-de-bain spa television terrasse wi-fi' data-gammes-hebergements=''>\n\t<a href=\"https:\/\/domainelesoreades.com\/es\/alojamientos\/cottage-pagode-4p-2hab-1ba-premium-spa-7\/#primary\" rel=\"noopener\" target=\"_blank\"\n\t\tclass=\"ls-hebergement__link\">\n\t\t<div class=\"ls-hebergement__thumb\">\n\t\t\t\t\t\t\t\t<img decoding=\"async\" src=\"https:\/\/domainelesoreades.com\/wp-content\/uploads\/2025\/10\/MG_3656.jpg\" alt=\"Cottage Pagode 4p 2Hab 1Ba Premium &#8211; SPA\" \/>\n\t\t\t\t\t\t\t\t\t<img decoding=\"async\" src=\"https:\/\/domainelesoreades.com\/wp-content\/uploads\/2025\/10\/2_cuisine-2.jpg\" alt=\"Cottage Pagode 4p 2Hab 1Ba Premium &#8211; SPA\" \/>\n\t\t\t\t\t\t\t\t\t<img decoding=\"async\" src=\"https:\/\/domainelesoreades.com\/wp-content\/uploads\/2025\/10\/7_salon-1.jpg\" alt=\"Cottage Pagode 4p 2Hab 1Ba Premium &#8211; SPA\" \/>\n\t\t\t\t\t\t\t\t\t<img decoding=\"async\" src=\"https:\/\/domainelesoreades.com\/wp-content\/uploads\/2025\/10\/pagode-2-ch-1.jpg\" alt=\"Cottage Pagode 4p 2Hab 1Ba Premium &#8211; SPA\" \/>\n\t\t\t\t\t\t\t\t\t<img decoding=\"async\" src=\"https:\/\/domainelesoreades.com\/wp-content\/uploads\/2025\/10\/pagode-2-ch-3-1.jpg\" alt=\"Cottage Pagode 4p 2Hab 1Ba Premium &#8211; SPA\" \/>\n\t\t\t\t\t\t\t\t\t<img decoding=\"async\" src=\"https:\/\/domainelesoreades.com\/wp-content\/uploads\/2025\/10\/6_salle_de_bain-2.jpg\" alt=\"Cottage Pagode 4p 2Hab 1Ba Premium &#8211; SPA\" \/>\n\t\t\t\t\t\t\t\t\t<img decoding=\"async\" src=\"https:\/\/domainelesoreades.com\/wp-content\/uploads\/2025\/10\/7_terrasse-1.jpg\" alt=\"Cottage Pagode 4p 2Hab 1Ba Premium &#8211; SPA\" \/>\n\t\t\t\t\t\t\t\t\t<img decoding=\"async\" src=\"https:\/\/domainelesoreades.com\/wp-content\/uploads\/2025\/10\/Yelloh-Village-LesOreades-Hebergements-18-R.jpg\" alt=\"Cottage Pagode 4p 2Hab 1Ba Premium &#8211; SPA\" \/>\n\t\t\t\t\t\t<\/div>\n\t\t\t\t<div class=\"ls-hebergement__title\">\n\t\t\tCottage Pagode 4p 2Hab 1Ba Premium &#8211; SPA\t\t\t\n\t\t<\/div>\n\n\t\t<div class=\"ls-hebergement__details\">\n\n\t\t\t<div class=\"ls-hebergement__icon--standard-PLUS\">\n\t\t\t\t<i class=\"oreades-standard-PLUS\"><\/i>\n\t\t\t<\/div>\n\n\n\t\t<\/div>\n\n\t\t<div class=\"ls-hebergement__disponibilites\">\n\t\t\tDescubra\t\t<\/div>\n\t<\/a>\n<\/div>\n\n<div class=\"ls-hebergement\" data-postid='27212' data-id-reservation='19' data-id-site='4083' data-id1='79639' data-nombre_de_personnes='6' data-nombre_de_chambres='3' data-last-update='2026-04-26 05:46:02' data-type='les-luxes' data-options-hebergements='chauffage climatisation congelateur lave-vaisselle micro-ondes plancha refrigerateur salle-de-bain television terrasse wi-fi' data-gammes-hebergements=''>\n\t<a href=\"https:\/\/domainelesoreades.com\/es\/alojamientos\/cottage-taos-6-p-3-hab-2-ba-premium-7\/#primary\" rel=\"noopener\" target=\"_blank\"\n\t\tclass=\"ls-hebergement__link\">\n\t\t<div class=\"ls-hebergement__thumb\">\n\t\t\t\t\t\t\t\t<img decoding=\"async\" src=\"https:\/\/domainelesoreades.com\/wp-content\/uploads\/2025\/10\/Taos-3-ch-facade-vignette.jpg\" alt=\"Cottage Taos 6 p 3 Hab 2 Ba Premium\" \/>\n\t\t\t\t\t\t\t\t\t<img decoding=\"async\" src=\"https:\/\/domainelesoreades.com\/wp-content\/uploads\/2025\/10\/Cuisine-salon-3ch-1.jpg\" alt=\"Cottage Taos 6 p 3 Hab 2 Ba Premium\" \/>\n\t\t\t\t\t\t\t\t\t<img decoding=\"async\" src=\"https:\/\/domainelesoreades.com\/wp-content\/uploads\/2025\/10\/Salon-3ch-1.jpg\" alt=\"Cottage Taos 6 p 3 Hab 2 Ba Premium\" \/>\n\t\t\t\t\t\t\t\t\t<img decoding=\"async\" src=\"https:\/\/domainelesoreades.com\/wp-content\/uploads\/2025\/10\/Chambre-Adulte-2ch.jpg\" alt=\"Cottage Taos 6 p 3 Hab 2 Ba Premium\" \/>\n\t\t\t\t\t\t\t\t\t<img decoding=\"async\" src=\"https:\/\/domainelesoreades.com\/wp-content\/uploads\/2025\/10\/Chambre-2-enfants-3ch-1.jpg\" alt=\"Cottage Taos 6 p 3 Hab 2 Ba Premium\" \/>\n\t\t\t\t\t\t\t\t\t<img decoding=\"async\" src=\"https:\/\/domainelesoreades.com\/wp-content\/uploads\/2025\/10\/Chambre-enfants-3ch-1.jpg\" alt=\"Cottage Taos 6 p 3 Hab 2 Ba Premium\" \/>\n\t\t\t\t\t\t<\/div>\n\t\t\t\t<div class=\"ls-hebergement__title\">\n\t\t\tCottage Taos 6 p 3 Hab 2 Ba Premium\t\t\t\n\t\t<\/div>\n\n\t\t<div class=\"ls-hebergement__details\">\n\n\t\t\t<div class=\"ls-hebergement__icon--standard-PLUS\">\n\t\t\t\t<i class=\"oreades-standard-PLUS\"><\/i>\n\t\t\t<\/div>\n\n\n\t\t<\/div>\n\n\t\t<div class=\"ls-hebergement__disponibilites\">\n\t\t\tDescubra\t\t<\/div>\n\t<\/a>\n<\/div>\n\n<div class=\"ls-hebergement\" data-postid='27213' data-id-reservation='16' data-id-site='4083' data-id1='79639' data-nombre_de_personnes='4' data-nombre_de_chambres='2' data-last-update='2026-04-26 05:31:02' data-type='les-luxes' data-options-hebergements='chauffage climatisation congelateur lave-vaisselle micro-ondes plancha refrigerateur salle-de-bain television terrasse wi-fi' data-gammes-hebergements=''>\n\t<a href=\"https:\/\/domainelesoreades.com\/es\/alojamientos\/cottage-taos-4-p-2-hab-2-ba-premium-7\/#primary\" rel=\"noopener\" target=\"_blank\"\n\t\tclass=\"ls-hebergement__link\">\n\t\t<div class=\"ls-hebergement__thumb\">\n\t\t\t\t\t\t\t\t<img decoding=\"async\" src=\"https:\/\/domainelesoreades.com\/wp-content\/uploads\/2025\/10\/1_exterieur-2.jpg\" alt=\"Cottage Taos 4 p 2 Hab 2 Ba Premium\" \/>\n\t\t\t\t\t\t\t\t\t<img decoding=\"async\" src=\"https:\/\/domainelesoreades.com\/wp-content\/uploads\/2025\/10\/2_interieur-2.jpg\" alt=\"Cottage Taos 4 p 2 Hab 2 Ba Premium\" \/>\n\t\t\t\t\t\t\t\t\t<img decoding=\"async\" src=\"https:\/\/domainelesoreades.com\/wp-content\/uploads\/2025\/10\/4_chambre1-2.jpg\" alt=\"Cottage Taos 4 p 2 Hab 2 Ba Premium\" \/>\n\t\t\t\t\t\t\t\t\t<img decoding=\"async\" src=\"https:\/\/domainelesoreades.com\/wp-content\/uploads\/2025\/10\/5_chambre2-1.jpg\" alt=\"Cottage Taos 4 p 2 Hab 2 Ba Premium\" \/>\n\t\t\t\t\t\t\t\t\t<img decoding=\"async\" src=\"https:\/\/domainelesoreades.com\/wp-content\/uploads\/2025\/10\/6_terrasse.jpg\" alt=\"Cottage Taos 4 p 2 Hab 2 Ba Premium\" \/>\n\t\t\t\t\t\t<\/div>\n\t\t\t\t<div class=\"ls-hebergement__title\">\n\t\t\tCottage Taos 4 p 2 Hab 2 Ba Premium\t\t\t\n\t\t<\/div>\n\n\t\t<div class=\"ls-hebergement__details\">\n\n\t\t\t<div class=\"ls-hebergement__icon--standard-PLUS\">\n\t\t\t\t<i class=\"oreades-standard-PLUS\"><\/i>\n\t\t\t<\/div>\n\n\n\t\t<\/div>\n\n\t\t<div class=\"ls-hebergement__disponibilites\">\n\t\t\tDescubra\t\t<\/div>\n\t<\/a>\n<\/div>\n\n<div class=\"ls-hebergement\" data-postid='27214' data-id-reservation='18' data-id-site='4083' data-id1='79639' data-nombre_de_personnes='6' data-nombre_de_chambres='3' data-last-update='2026-04-26 05:46:02' data-type='les-luxes' data-options-hebergements='chauffage climatisation congelateur lave-vaisselle micro-ondes parking-1-place plancha refrigerateur salle-de-bain spa television terrasse wi-fi' data-gammes-hebergements=''>\n\t<a href=\"https:\/\/domainelesoreades.com\/es\/alojamientos\/cabane-pecheur-6p-3hab-2ba-premium-spa-7\/#primary\" rel=\"noopener\" target=\"_blank\"\n\t\tclass=\"ls-hebergement__link\">\n\t\t<div class=\"ls-hebergement__thumb\">\n\t\t\t\t\t\t\t\t<img decoding=\"async\" src=\"https:\/\/domainelesoreades.com\/wp-content\/uploads\/2025\/10\/Cabane-premium-3-CH-118.jpg\" alt=\"Cabane P\u00eacheur 6p 3Hab 2Ba Premium &#8211; SPA\" \/>\n\t\t\t\t\t\t\t\t\t<img decoding=\"async\" src=\"https:\/\/domainelesoreades.com\/wp-content\/uploads\/2025\/10\/9_exterieur_terrasse.jpg\" alt=\"Cabane P\u00eacheur 6p 3Hab 2Ba Premium &#8211; SPA\" \/>\n\t\t\t\t\t\t\t\t\t<img decoding=\"async\" src=\"https:\/\/domainelesoreades.com\/wp-content\/uploads\/2025\/10\/Cabane-premium-3-CH-124.jpg\" alt=\"Cabane P\u00eacheur 6p 3Hab 2Ba Premium &#8211; SPA\" \/>\n\t\t\t\t\t\t\t\t\t<img decoding=\"async\" src=\"https:\/\/domainelesoreades.com\/wp-content\/uploads\/2025\/10\/Salon-Caraibes-ILBARITZ-3ch-V2.jpg\" alt=\"Cabane P\u00eacheur 6p 3Hab 2Ba Premium &#8211; SPA\" \/>\n\t\t\t\t\t\t\t\t\t<img decoding=\"async\" src=\"https:\/\/domainelesoreades.com\/wp-content\/uploads\/2025\/10\/Cuisine-Caraibes-ILBARITZ-3ch.jpg\" alt=\"Cabane P\u00eacheur 6p 3Hab 2Ba Premium &#8211; SPA\" \/>\n\t\t\t\t\t\t\t\t\t<img decoding=\"async\" src=\"https:\/\/domainelesoreades.com\/wp-content\/uploads\/2025\/10\/Chambre-Adultes-Caraibes-ILBARITZ-3ch.jpg\" alt=\"Cabane P\u00eacheur 6p 3Hab 2Ba Premium &#8211; SPA\" \/>\n\t\t\t\t\t\t\t\t\t<img decoding=\"async\" src=\"https:\/\/domainelesoreades.com\/wp-content\/uploads\/2025\/10\/Sdb-Caraibes-Chambre-Adultes-ILBARITZ-3ch.jpg\" alt=\"Cabane P\u00eacheur 6p 3Hab 2Ba Premium &#8211; SPA\" \/>\n\t\t\t\t\t\t\t\t\t<img decoding=\"async\" src=\"https:\/\/domainelesoreades.com\/wp-content\/uploads\/2025\/10\/Chambre-Enfants-2-Caraibes-ILBARITZ-3ch.jpg\" alt=\"Cabane P\u00eacheur 6p 3Hab 2Ba Premium &#8211; SPA\" \/>\n\t\t\t\t\t\t\t\t\t<img decoding=\"async\" src=\"https:\/\/domainelesoreades.com\/wp-content\/uploads\/2025\/10\/Chambre-Enfants-1-Caraibes-ILBARITZ-3ch.jpg\" alt=\"Cabane P\u00eacheur 6p 3Hab 2Ba Premium &#8211; SPA\" \/>\n\t\t\t\t\t\t\t\t\t<img decoding=\"async\" src=\"https:\/\/domainelesoreades.com\/wp-content\/uploads\/2025\/10\/Sdb-Caraibes-Chambre-Enfants-ILBARITZ-3ch.jpg\" alt=\"Cabane P\u00eacheur 6p 3Hab 2Ba Premium &#8211; SPA\" \/>\n\t\t\t\t\t\t<\/div>\n\t\t\t\t<div class=\"ls-hebergement__title\">\n\t\t\tCabane P\u00eacheur 6p 3Hab 2Ba Premium &#8211; SPA\t\t\t\n\t\t<\/div>\n\n\t\t<div class=\"ls-hebergement__details\">\n\n\t\t\t<div class=\"ls-hebergement__icon--standard-PLUS\">\n\t\t\t\t<i class=\"oreades-standard-PLUS\"><\/i>\n\t\t\t<\/div>\n\n\n\t\t<\/div>\n\n\t\t<div class=\"ls-hebergement__disponibilites\">\n\t\t\tDescubra\t\t<\/div>\n\t<\/a>\n<\/div>\n\n<div class=\"ls-hebergement\" data-postid='27210' data-id-reservation='4' data-id-site='4083' data-id1='79639' data-nombre_de_personnes='4' data-nombre_de_chambres='2' data-last-update='2026-04-26 06:16:03' data-type='les-standards' data-options-hebergements='animaux-autorises chauffage climatisation congelateur micro-ondes refrigerateur salle-de-bain television terrasse' data-gammes-hebergements=''>\n\t<a href=\"https:\/\/domainelesoreades.com\/es\/alojamientos\/cottage-lodge-4-p-2-hab-1-ba-7\/#primary\" rel=\"noopener\" target=\"_blank\"\n\t\tclass=\"ls-hebergement__link\">\n\t\t<div class=\"ls-hebergement__thumb\">\n\t\t\t\t\t\t\t\t<img decoding=\"async\" src=\"https:\/\/domainelesoreades.com\/wp-content\/uploads\/2025\/10\/Lodege-4p-Facade.jpg\" alt=\"Cottage Lodge 4 p 2 Hab 1 Ba ***\" \/>\n\t\t\t\t\t\t\t\t\t<img decoding=\"async\" src=\"https:\/\/domainelesoreades.com\/wp-content\/uploads\/2025\/10\/location_mobilhome_lodge2.jpg\" alt=\"Cottage Lodge 4 p 2 Hab 1 Ba ***\" \/>\n\t\t\t\t\t\t\t\t\t<img decoding=\"async\" src=\"https:\/\/domainelesoreades.com\/wp-content\/uploads\/2025\/10\/4_cottage_lodge_4p_chambre_parentale.jpg\" alt=\"Cottage Lodge 4 p 2 Hab 1 Ba ***\" \/>\n\t\t\t\t\t\t\t\t\t<img decoding=\"async\" src=\"https:\/\/domainelesoreades.com\/wp-content\/uploads\/2025\/10\/5_cottage_lodge_4p_chambre_enfants.jpg\" alt=\"Cottage Lodge 4 p 2 Hab 1 Ba ***\" \/>\n\t\t\t\t\t\t<\/div>\n\t\t\t\t<div class=\"ls-hebergement__title\">\n\t\t\tCottage Lodge 4 p 2 Hab 1 Ba ***\t\t\t\n\t\t<\/div>\n\n\t\t<div class=\"ls-hebergement__details\">\n\n\t\t\t<div class=\"ls-hebergement__icon--standard-PLUS\">\n\t\t\t\t<i class=\"oreades-standard-PLUS\"><\/i>\n\t\t\t<\/div>\n\n\n\t\t<\/div>\n\n\t\t<div class=\"ls-hebergement__disponibilites\">\n\t\t\tDescubra\t\t<\/div>\n\t<\/a>\n<\/div>\n\n<div class=\"ls-hebergement\" data-postid='27211' data-id-reservation='15' data-id-site='4083' data-id1='79639' data-nombre_de_personnes='4' data-nombre_de_chambres='2' data-last-update='2026-04-26 05:31:02' data-type='les-luxes' data-options-hebergements='chauffage climatisation congelateur lave-vaisselle micro-ondes plancha refrigerateur salle-de-bain spa television terrasse vue wi-fi' data-gammes-hebergements=''>\n\t<a href=\"https:\/\/domainelesoreades.com\/es\/alojamientos\/cott-pagode-4p-2hab-1ba-premium-vista-lago-spa-7\/#primary\" rel=\"noopener\" target=\"_blank\"\n\t\tclass=\"ls-hebergement__link\">\n\t\t<div class=\"ls-hebergement__thumb\">\n\t\t\t\t\t\t\t\t<img decoding=\"async\" src=\"https:\/\/domainelesoreades.com\/wp-content\/uploads\/2025\/10\/MG_3620-R.jpg\" alt=\"Cott. Pagode 4p 2Hab 1Ba Premium &#8211; Vista lago SPA\" \/>\n\t\t\t\t\t\t\t\t\t<img decoding=\"async\" src=\"https:\/\/domainelesoreades.com\/wp-content\/uploads\/2025\/10\/Yelloh-Village-LesOreades-Hebergements-16-R.jpg\" alt=\"Cott. Pagode 4p 2Hab 1Ba Premium &#8211; Vista lago SPA\" \/>\n\t\t\t\t\t\t\t\t\t<img decoding=\"async\" src=\"https:\/\/domainelesoreades.com\/wp-content\/uploads\/2025\/10\/MG_3630.jpg\" alt=\"Cott. Pagode 4p 2Hab 1Ba Premium &#8211; Vista lago SPA\" \/>\n\t\t\t\t\t\t\t\t\t<img decoding=\"async\" src=\"https:\/\/domainelesoreades.com\/wp-content\/uploads\/2025\/10\/2_cuisine-2.jpg\" alt=\"Cott. Pagode 4p 2Hab 1Ba Premium &#8211; Vista lago SPA\" \/>\n\t\t\t\t\t\t\t\t\t<img decoding=\"async\" src=\"https:\/\/domainelesoreades.com\/wp-content\/uploads\/2025\/10\/7_salon-1.jpg\" alt=\"Cott. Pagode 4p 2Hab 1Ba Premium &#8211; Vista lago SPA\" \/>\n\t\t\t\t\t\t\t\t\t<img decoding=\"async\" src=\"https:\/\/domainelesoreades.com\/wp-content\/uploads\/2025\/10\/pagode-2-ch-2.jpg\" alt=\"Cott. Pagode 4p 2Hab 1Ba Premium &#8211; Vista lago SPA\" \/>\n\t\t\t\t\t\t\t\t\t<img decoding=\"async\" src=\"https:\/\/domainelesoreades.com\/wp-content\/uploads\/2025\/10\/pagode-2-ch-3-2.jpg\" alt=\"Cott. Pagode 4p 2Hab 1Ba Premium &#8211; Vista lago SPA\" \/>\n\t\t\t\t\t\t\t\t\t<img decoding=\"async\" src=\"https:\/\/domainelesoreades.com\/wp-content\/uploads\/2025\/10\/6_salle_de_bain-2.jpg\" alt=\"Cott. Pagode 4p 2Hab 1Ba Premium &#8211; Vista lago SPA\" \/>\n\t\t\t\t\t\t<\/div>\n\t\t\t\t<div class=\"ls-hebergement__title\">\n\t\t\tCott. Pagode 4p 2Hab 1Ba Premium &#8211; Vista lago SPA\t\t\t\n\t\t<\/div>\n\n\t\t<div class=\"ls-hebergement__details\">\n\n\t\t\t<div class=\"ls-hebergement__icon--standard-PLUS\">\n\t\t\t\t<i class=\"oreades-standard-PLUS\"><\/i>\n\t\t\t<\/div>\n\n\n\t\t<\/div>\n\n\t\t<div class=\"ls-hebergement__disponibilites\">\n\t\t\tDescubra\t\t<\/div>\n\t<\/a>\n<\/div>\n\n<div class=\"ls-hebergement\" data-postid='27208' data-id-reservation='6' data-id-site='4083' data-id1='43836+79639' data-nombre_de_personnes='4' data-nombre_de_chambres='2' data-last-update='2025-10-31 05:46:14' data-type='' data-options-hebergements='animaux-autorises chauffage climatisation congelateur lave-vaisselle micro-ondes parking-1-place refrigerateur salle-de-bain television terrasse' data-gammes-hebergements=''>\n\t<a href=\"https:\/\/domainelesoreades.com\/es\/alojamientos\/cottage-arcachon-4-p-2-hab-2-ba-7\/#primary\" rel=\"noopener\" target=\"_blank\"\n\t\tclass=\"ls-hebergement__link\">\n\t\t<div class=\"ls-hebergement__thumb\">\n\t\t\t\t\t\t\t\t<img decoding=\"async\" src=\"https:\/\/domainelesoreades.com\/wp-content\/uploads\/2025\/10\/Arcachon-2ch-Facade-1.jpg\" alt=\"Cottage Arcachon 4 p 2 Hab 2 Ba ***\" \/>\n\t\t\t\t\t\t\t\t\t<img decoding=\"async\" src=\"https:\/\/domainelesoreades.com\/wp-content\/uploads\/2023\/10\/pict_6_7.jpg\" alt=\"Cottage Arcachon 4 p 2 Hab 2 Ba ***\" \/>\n\t\t\t\t\t\t\t\t\t<img decoding=\"async\" src=\"https:\/\/domainelesoreades.com\/wp-content\/uploads\/2025\/10\/7_interieur-2.jpg\" alt=\"Cottage Arcachon 4 p 2 Hab 2 Ba ***\" \/>\n\t\t\t\t\t\t\t\t\t<img decoding=\"async\" src=\"https:\/\/domainelesoreades.com\/wp-content\/uploads\/2025\/10\/2_cuisine-4.jpg\" alt=\"Cottage Arcachon 4 p 2 Hab 2 Ba ***\" \/>\n\t\t\t\t\t\t\t\t\t<img decoding=\"async\" src=\"https:\/\/domainelesoreades.com\/wp-content\/uploads\/2025\/10\/8_interieur.jpg\" alt=\"Cottage Arcachon 4 p 2 Hab 2 Ba ***\" \/>\n\t\t\t\t\t\t\t\t\t<img decoding=\"async\" src=\"https:\/\/domainelesoreades.com\/wp-content\/uploads\/2025\/10\/4_chambre_1-1.jpg\" alt=\"Cottage Arcachon 4 p 2 Hab 2 Ba ***\" \/>\n\t\t\t\t\t\t\t\t\t<img decoding=\"async\" src=\"https:\/\/domainelesoreades.com\/wp-content\/uploads\/2025\/10\/5_chambre2-2.jpg\" alt=\"Cottage Arcachon 4 p 2 Hab 2 Ba ***\" \/>\n\t\t\t\t\t\t\t\t\t<img decoding=\"async\" src=\"https:\/\/domainelesoreades.com\/wp-content\/uploads\/2025\/10\/6_salle_de_bain-4.jpg\" alt=\"Cottage Arcachon 4 p 2 Hab 2 Ba ***\" \/>\n\t\t\t\t\t\t<\/div>\n\t\t\t\t<div class=\"ls-hebergement__title\">\n\t\t\tCottage Arcachon 4 p 2 Hab 2 Ba ***\t\t\t\n\t\t<\/div>\n\n\t\t<div class=\"ls-hebergement__details\">\n\n\t\t\t<div class=\"ls-hebergement__icon--standard-PLUS\">\n\t\t\t\t<i class=\"oreades-standard-PLUS\"><\/i>\n\t\t\t<\/div>\n\n\n\t\t<\/div>\n\n\t\t<div class=\"ls-hebergement__disponibilites\">\n\t\t\tDescubra\t\t<\/div>\n\t<\/a>\n<\/div>\n\n<div class=\"ls-hebergement\" data-postid='27209' data-id-reservation='5' data-id-site='4083' data-id1='79639' data-nombre_de_personnes='6' data-nombre_de_chambres='3' data-last-update='2026-04-26 06:16:03' data-type='les-standards' data-options-hebergements='animaux-autorises chauffage climatisation congelateur lave-linge lave-vaisselle micro-ondes parking-1-place refrigerateur salle-de-bain television terrasse' data-gammes-hebergements=''>\n\t<a href=\"https:\/\/domainelesoreades.com\/es\/alojamientos\/cottage-pyla-6-p-3-hab-1-ba-7\/#primary\" rel=\"noopener\" target=\"_blank\"\n\t\tclass=\"ls-hebergement__link\">\n\t\t<div class=\"ls-hebergement__thumb\">\n\t\t\t\t\t\t\t\t<img decoding=\"async\" src=\"https:\/\/domainelesoreades.com\/wp-content\/uploads\/2025\/10\/Pyla-3ch.jpg\" alt=\"Cottage Pyla 6 p 3 Hab 1 Ba ***\" \/>\n\t\t\t\t\t\t\t\t\t<img decoding=\"async\" src=\"https:\/\/domainelesoreades.com\/wp-content\/uploads\/2025\/10\/10_terrasse-2.jpg\" alt=\"Cottage Pyla 6 p 3 Hab 1 Ba ***\" \/>\n\t\t\t\t\t\t\t\t\t<img decoding=\"async\" src=\"https:\/\/domainelesoreades.com\/wp-content\/uploads\/2025\/10\/10643ch2s_7.jpg\" alt=\"Cottage Pyla 6 p 3 Hab 1 Ba ***\" \/>\n\t\t\t\t\t\t\t\t\t<img decoding=\"async\" src=\"https:\/\/domainelesoreades.com\/wp-content\/uploads\/2025\/10\/10643ch2s_4.jpg\" alt=\"Cottage Pyla 6 p 3 Hab 1 Ba ***\" \/>\n\t\t\t\t\t\t\t\t\t<img decoding=\"async\" src=\"https:\/\/domainelesoreades.com\/wp-content\/uploads\/2025\/10\/4_chambre_parents-2.jpg\" alt=\"Cottage Pyla 6 p 3 Hab 1 Ba ***\" \/>\n\t\t\t\t\t\t\t\t\t<img decoding=\"async\" src=\"https:\/\/domainelesoreades.com\/wp-content\/uploads\/2025\/10\/5_chambre_2-2.jpg\" alt=\"Cottage Pyla 6 p 3 Hab 1 Ba ***\" \/>\n\t\t\t\t\t\t\t\t\t<img decoding=\"async\" src=\"https:\/\/domainelesoreades.com\/wp-content\/uploads\/2025\/10\/6_chambre_3-R.jpg\" alt=\"Cottage Pyla 6 p 3 Hab 1 Ba ***\" \/>\n\t\t\t\t\t\t\t\t\t<img decoding=\"async\" src=\"https:\/\/domainelesoreades.com\/wp-content\/uploads\/2025\/10\/7_salle_de_bain-2.jpg\" alt=\"Cottage Pyla 6 p 3 Hab 1 Ba ***\" \/>\n\t\t\t\t\t\t<\/div>\n\t\t\t\t<div class=\"ls-hebergement__title\">\n\t\t\tCottage Pyla 6 p 3 Hab 1 Ba ***\t\t\t\n\t\t<\/div>\n\n\t\t<div class=\"ls-hebergement__details\">\n\n\t\t\t<div class=\"ls-hebergement__icon--standard-PLUS\">\n\t\t\t\t<i class=\"oreades-standard-PLUS\"><\/i>\n\t\t\t<\/div>\n\n\n\t\t<\/div>\n\n\t\t<div class=\"ls-hebergement__disponibilites\">\n\t\t\tDescubra\t\t<\/div>\n\t<\/a>\n<\/div>\n\n<div class=\"ls-hebergement\" data-postid='27203' data-id-reservation='11' data-id-site='4083' data-id1='79639' data-nombre_de_personnes='2' data-nombre_de_chambres='1' data-last-update='2026-04-26 06:01:02' data-type='les-luxes' data-options-hebergements='chauffage climatisation congelateur lave-vaisselle micro-ondes plancha refrigerateur salle-de-bain television terrasse wi-fi' data-gammes-hebergements=''>\n\t<a href=\"https:\/\/domainelesoreades.com\/es\/alojamientos\/cottage-pagode-2-p-1-hab-1-ba-premium-7\/#primary\" rel=\"noopener\" target=\"_blank\"\n\t\tclass=\"ls-hebergement__link\">\n\t\t<div class=\"ls-hebergement__thumb\">\n\t\t\t\t\t\t\t\t<img decoding=\"async\" src=\"https:\/\/domainelesoreades.com\/wp-content\/uploads\/2025\/10\/Facade.jpg\" alt=\"Cottage Pagode 2 p 1 Hab 1 Ba Premium\" \/>\n\t\t\t\t\t\t\t\t\t<img decoding=\"async\" src=\"https:\/\/domainelesoreades.com\/wp-content\/uploads\/2025\/10\/Terrasse.jpg\" alt=\"Cottage Pagode 2 p 1 Hab 1 Ba Premium\" \/>\n\t\t\t\t\t\t\t\t\t<img decoding=\"async\" src=\"https:\/\/domainelesoreades.com\/wp-content\/uploads\/2025\/10\/Terrasse-2.jpg\" alt=\"Cottage Pagode 2 p 1 Hab 1 Ba Premium\" \/>\n\t\t\t\t\t\t\t\t\t<img decoding=\"async\" src=\"https:\/\/domainelesoreades.com\/wp-content\/uploads\/2025\/10\/2_cuisine.jpg\" alt=\"Cottage Pagode 2 p 1 Hab 1 Ba Premium\" \/>\n\t\t\t\t\t\t\t\t\t<img decoding=\"async\" src=\"https:\/\/domainelesoreades.com\/wp-content\/uploads\/2025\/10\/Lit-cuisine.jpg\" alt=\"Cottage Pagode 2 p 1 Hab 1 Ba Premium\" \/>\n\t\t\t\t\t\t\t\t\t<img decoding=\"async\" src=\"https:\/\/domainelesoreades.com\/wp-content\/uploads\/2025\/10\/pagode-1-ch-3.jpg\" alt=\"Cottage Pagode 2 p 1 Hab 1 Ba Premium\" \/>\n\t\t\t\t\t\t\t\t\t<img decoding=\"async\" src=\"https:\/\/domainelesoreades.com\/wp-content\/uploads\/2025\/10\/5_salle_de_bain.jpg\" alt=\"Cottage Pagode 2 p 1 Hab 1 Ba Premium\" \/>\n\t\t\t\t\t\t<\/div>\n\t\t\t\t<div class=\"ls-hebergement__title\">\n\t\t\tCottage Pagode 2 p 1 Hab 1 Ba Premium\t\t\t\n\t\t<\/div>\n\n\t\t<div class=\"ls-hebergement__details\">\n\n\t\t\t<div class=\"ls-hebergement__icon--standard-PLUS\">\n\t\t\t\t<i class=\"oreades-standard-PLUS\"><\/i>\n\t\t\t<\/div>\n\n\n\t\t<\/div>\n\n\t\t<div class=\"ls-hebergement__disponibilites\">\n\t\t\tDescubra\t\t<\/div>\n\t<\/a>\n<\/div>\n\n<div class=\"ls-hebergement\" data-postid='27204' data-id-reservation='10' data-id-site='4083' data-id1='79639' data-nombre_de_personnes='10' data-nombre_de_chambres='5' data-last-update='2026-04-26 06:01:02' data-type='les-standards-plus' data-options-hebergements='animaux-autorises chauffage climatisation congelateur lave-vaisselle micro-ondes parking-2-places refrigerateur salle-de-bain television terrasse' data-gammes-hebergements=''>\n\t<a href=\"https:\/\/domainelesoreades.com\/es\/alojamientos\/cottage-tribu-arcachon-10-p-5-hab-4-ba-7\/#primary\" rel=\"noopener\" target=\"_blank\"\n\t\tclass=\"ls-hebergement__link\">\n\t\t<div class=\"ls-hebergement__thumb\">\n\t\t\t\t\t\t\t\t<img decoding=\"async\" src=\"https:\/\/domainelesoreades.com\/wp-content\/uploads\/2025\/10\/Arcachon-Twin-5ch-Terrasse-2.jpg\" alt=\"Cottage Tribu Arcachon 10 p 5 Hab 4 Ba ***\" \/>\n\t\t\t\t\t\t\t\t\t<img decoding=\"async\" src=\"https:\/\/domainelesoreades.com\/wp-content\/uploads\/2025\/10\/Arcachon-Twin-5ch-Terrasse.jpg\" alt=\"Cottage Tribu Arcachon 10 p 5 Hab 4 Ba ***\" \/>\n\t\t\t\t\t\t\t\t\t<img decoding=\"async\" src=\"https:\/\/domainelesoreades.com\/wp-content\/uploads\/2025\/10\/8_interieur-2.jpg\" alt=\"Cottage Tribu Arcachon 10 p 5 Hab 4 Ba ***\" \/>\n\t\t\t\t\t\t\t\t\t<img decoding=\"async\" src=\"https:\/\/domainelesoreades.com\/wp-content\/uploads\/2025\/10\/8_interieur-1.jpg\" alt=\"Cottage Tribu Arcachon 10 p 5 Hab 4 Ba ***\" \/>\n\t\t\t\t\t\t\t\t\t<img decoding=\"async\" src=\"https:\/\/domainelesoreades.com\/wp-content\/uploads\/2025\/10\/2_cuisine-5.jpg\" alt=\"Cottage Tribu Arcachon 10 p 5 Hab 4 Ba ***\" \/>\n\t\t\t\t\t\t\t\t\t<img decoding=\"async\" src=\"https:\/\/domainelesoreades.com\/wp-content\/uploads\/2025\/10\/4_chambre_1-2.jpg\" alt=\"Cottage Tribu Arcachon 10 p 5 Hab 4 Ba ***\" \/>\n\t\t\t\t\t\t\t\t\t<img decoding=\"async\" src=\"https:\/\/domainelesoreades.com\/wp-content\/uploads\/2025\/10\/6_chambre3.jpg\" alt=\"Cottage Tribu Arcachon 10 p 5 Hab 4 Ba ***\" \/>\n\t\t\t\t\t\t\t\t\t<img decoding=\"async\" src=\"https:\/\/domainelesoreades.com\/wp-content\/uploads\/2025\/10\/4_chambre2.jpg\" alt=\"Cottage Tribu Arcachon 10 p 5 Hab 4 Ba ***\" \/>\n\t\t\t\t\t\t\t\t\t<img decoding=\"async\" src=\"https:\/\/domainelesoreades.com\/wp-content\/uploads\/2025\/10\/7_salle_de_bain.jpg\" alt=\"Cottage Tribu Arcachon 10 p 5 Hab 4 Ba ***\" \/>\n\t\t\t\t\t\t\t\t\t<img decoding=\"async\" src=\"https:\/\/domainelesoreades.com\/wp-content\/uploads\/2025\/10\/3_chambre_1.jpg\" alt=\"Cottage Tribu Arcachon 10 p 5 Hab 4 Ba ***\" \/>\n\t\t\t\t\t\t\t\t\t<img decoding=\"async\" src=\"https:\/\/domainelesoreades.com\/wp-content\/uploads\/2025\/10\/5_chambre2-3.jpg\" alt=\"Cottage Tribu Arcachon 10 p 5 Hab 4 Ba ***\" \/>\n\t\t\t\t\t\t<\/div>\n\t\t\t\t<div class=\"ls-hebergement__title\">\n\t\t\tCottage Tribu Arcachon 10 p 5 Hab 4 Ba ***\t\t\t\n\t\t<\/div>\n\n\t\t<div class=\"ls-hebergement__details\">\n\n\t\t\t<div class=\"ls-hebergement__icon--standard-PLUS\">\n\t\t\t\t<i class=\"oreades-standard-PLUS\"><\/i>\n\t\t\t<\/div>\n\n\n\t\t<\/div>\n\n\t\t<div class=\"ls-hebergement__disponibilites\">\n\t\t\tDescubra\t\t<\/div>\n\t<\/a>\n<\/div>\n\n<div class=\"ls-hebergement\" data-postid='27205' data-id-reservation='9' data-id-site='4083' data-id1='79639' data-nombre_de_personnes='6' data-nombre_de_chambres='3' data-last-update='2026-04-26 06:01:02' data-type='les-insolites' data-options-hebergements='animaux-autorises chauffage climatisation congelateur lave-vaisselle micro-ondes parking-1-place plancha refrigerateur salle-de-bain television terrasse wi-fi' data-gammes-hebergements=''>\n\t<a href=\"https:\/\/domainelesoreades.com\/es\/alojamientos\/cabane-pecheur-6-p-3-hab-2-ba-7\/#primary\" rel=\"noopener\" target=\"_blank\"\n\t\tclass=\"ls-hebergement__link\">\n\t\t<div class=\"ls-hebergement__thumb\">\n\t\t\t\t\t\t\t\t<img decoding=\"async\" src=\"https:\/\/domainelesoreades.com\/wp-content\/uploads\/2025\/10\/Cabane-3ch-Facade.jpg\" alt=\"Cabane P\u00eacheur 6 p 3 Hab 2 Ba ****\" \/>\n\t\t\t\t\t\t\t\t\t<img decoding=\"async\" src=\"https:\/\/domainelesoreades.com\/wp-content\/uploads\/2025\/10\/Salon-Caraibes-ILBARITZ-3ch-V2.jpg\" alt=\"Cabane P\u00eacheur 6 p 3 Hab 2 Ba ****\" \/>\n\t\t\t\t\t\t\t\t\t<img decoding=\"async\" src=\"https:\/\/domainelesoreades.com\/wp-content\/uploads\/2025\/10\/Cuisine-Caraibes-ILBARITZ-3ch.jpg\" alt=\"Cabane P\u00eacheur 6 p 3 Hab 2 Ba ****\" \/>\n\t\t\t\t\t\t\t\t\t<img decoding=\"async\" src=\"https:\/\/domainelesoreades.com\/wp-content\/uploads\/2025\/10\/Chambre-Adultes-Caraibes-ILBARITZ-3ch.jpg\" alt=\"Cabane P\u00eacheur 6 p 3 Hab 2 Ba ****\" \/>\n\t\t\t\t\t\t\t\t\t<img decoding=\"async\" src=\"https:\/\/domainelesoreades.com\/wp-content\/uploads\/2025\/10\/Sdb-Caraibes-Chambre-Adultes-ILBARITZ-3ch.jpg\" alt=\"Cabane P\u00eacheur 6 p 3 Hab 2 Ba ****\" \/>\n\t\t\t\t\t\t\t\t\t<img decoding=\"async\" src=\"https:\/\/domainelesoreades.com\/wp-content\/uploads\/2025\/10\/Chambre-Enfants-1-Caraibes-ILBARITZ-3ch.jpg\" alt=\"Cabane P\u00eacheur 6 p 3 Hab 2 Ba ****\" \/>\n\t\t\t\t\t\t\t\t\t<img decoding=\"async\" src=\"https:\/\/domainelesoreades.com\/wp-content\/uploads\/2025\/10\/Chambre-Enfants-2-Caraibes-ILBARITZ-3ch.jpg\" alt=\"Cabane P\u00eacheur 6 p 3 Hab 2 Ba ****\" \/>\n\t\t\t\t\t\t\t\t\t<img decoding=\"async\" src=\"https:\/\/domainelesoreades.com\/wp-content\/uploads\/2025\/10\/Sdb-Caraibes-Chambre-Enfants-ILBARITZ-3ch.jpg\" alt=\"Cabane P\u00eacheur 6 p 3 Hab 2 Ba ****\" \/>\n\t\t\t\t\t\t<\/div>\n\t\t\t\t<div class=\"ls-hebergement__title\">\n\t\t\tCabane P\u00eacheur 6 p 3 Hab 2 Ba ****\t\t\t\n\t\t<\/div>\n\n\t\t<div class=\"ls-hebergement__details\">\n\n\t\t\t<div class=\"ls-hebergement__icon--standard-PLUS\">\n\t\t\t\t<i class=\"oreades-standard-PLUS\"><\/i>\n\t\t\t<\/div>\n\n\n\t\t<\/div>\n\n\t\t<div class=\"ls-hebergement__disponibilites\">\n\t\t\tDescubra\t\t<\/div>\n\t<\/a>\n<\/div>\n\n<div class=\"ls-hebergement\" data-postid='27206' data-id-reservation='8' data-id-site='4083' data-id1='79639' data-nombre_de_personnes='6' data-nombre_de_chambres='3' data-last-update='2026-04-26 05:46:03' data-type='les-standards-plus' data-options-hebergements='animaux-autorises chauffage climatisation congelateur lave-vaisselle micro-ondes parking-1-place refrigerateur salle-de-bain television terrasse wi-fi' data-gammes-hebergements=''>\n\t<a href=\"https:\/\/domainelesoreades.com\/es\/alojamientos\/cottage-arcachon-6-p-3-hab-2-ba-7\/#primary\" rel=\"noopener\" target=\"_blank\"\n\t\tclass=\"ls-hebergement__link\">\n\t\t<div class=\"ls-hebergement__thumb\">\n\t\t\t\t\t\t\t\t<img decoding=\"async\" src=\"https:\/\/domainelesoreades.com\/wp-content\/uploads\/2025\/10\/Arcachon-3ch-Facade.jpg\" alt=\"Cottage Arcachon 6 p 3 Hab 2 Ba ***\" \/>\n\t\t\t\t\t\t\t\t\t<img decoding=\"async\" src=\"https:\/\/domainelesoreades.com\/wp-content\/uploads\/2025\/10\/9_exterieur-1.jpg\" alt=\"Cottage Arcachon 6 p 3 Hab 2 Ba ***\" \/>\n\t\t\t\t\t\t\t\t\t<img decoding=\"async\" src=\"https:\/\/domainelesoreades.com\/wp-content\/uploads\/2025\/10\/8_interieur-2.jpg\" alt=\"Cottage Arcachon 6 p 3 Hab 2 Ba ***\" \/>\n\t\t\t\t\t\t\t\t\t<img decoding=\"async\" src=\"https:\/\/domainelesoreades.com\/wp-content\/uploads\/2025\/10\/8_interieur-1.jpg\" alt=\"Cottage Arcachon 6 p 3 Hab 2 Ba ***\" \/>\n\t\t\t\t\t\t\t\t\t<img decoding=\"async\" src=\"https:\/\/domainelesoreades.com\/wp-content\/uploads\/2025\/10\/2_cuisine-5.jpg\" alt=\"Cottage Arcachon 6 p 3 Hab 2 Ba ***\" \/>\n\t\t\t\t\t\t\t\t\t<img decoding=\"async\" src=\"https:\/\/domainelesoreades.com\/wp-content\/uploads\/2025\/10\/4_chambre_1-2.jpg\" alt=\"Cottage Arcachon 6 p 3 Hab 2 Ba ***\" \/>\n\t\t\t\t\t\t\t\t\t<img decoding=\"async\" src=\"https:\/\/domainelesoreades.com\/wp-content\/uploads\/2025\/10\/5_chambre2-3.jpg\" alt=\"Cottage Arcachon 6 p 3 Hab 2 Ba ***\" \/>\n\t\t\t\t\t\t\t\t\t<img decoding=\"async\" src=\"https:\/\/domainelesoreades.com\/wp-content\/uploads\/2025\/10\/6_chambre3.jpg\" alt=\"Cottage Arcachon 6 p 3 Hab 2 Ba ***\" \/>\n\t\t\t\t\t\t\t\t\t<img decoding=\"async\" src=\"https:\/\/domainelesoreades.com\/wp-content\/uploads\/2025\/10\/7_salle_de_bain.jpg\" alt=\"Cottage Arcachon 6 p 3 Hab 2 Ba ***\" \/>\n\t\t\t\t\t\t<\/div>\n\t\t\t\t<div class=\"ls-hebergement__title\">\n\t\t\tCottage Arcachon 6 p 3 Hab 2 Ba ***\t\t\t\n\t\t<\/div>\n\n\t\t<div class=\"ls-hebergement__details\">\n\n\t\t\t<div class=\"ls-hebergement__icon--standard-PLUS\">\n\t\t\t\t<i class=\"oreades-standard-PLUS\"><\/i>\n\t\t\t<\/div>\n\n\n\t\t<\/div>\n\n\t\t<div class=\"ls-hebergement__disponibilites\">\n\t\t\tDescubra\t\t<\/div>\n\t<\/a>\n<\/div>\n\n<div class=\"ls-hebergement\" data-postid='27207' data-id-reservation='7' data-id-site='4083' data-id1='79639' data-nombre_de_personnes='4' data-nombre_de_chambres='2' data-last-update='2026-04-26 05:46:02' data-type='les-insolites' data-options-hebergements='animaux-autorises chauffage climatisation congelateur lave-vaisselle micro-ondes parking-1-place plancha refrigerateur salle-de-bain television terrasse' data-gammes-hebergements=''>\n\t<a href=\"https:\/\/domainelesoreades.com\/es\/alojamientos\/cabane-pecheur-4-p-2-bdrms-2-bthrms-7\/#primary\" rel=\"noopener\" target=\"_blank\"\n\t\tclass=\"ls-hebergement__link\">\n\t\t<div class=\"ls-hebergement__thumb\">\n\t\t\t\t\t\t\t\t<img decoding=\"async\" src=\"https:\/\/domainelesoreades.com\/wp-content\/uploads\/2025\/10\/Cabane-2ch-Facade.jpg\" alt=\"Cabane P\u00eacheur 4 p 2 Bdrms 2 Bthrms ****\" \/>\n\t\t\t\t\t\t\t\t\t<img decoding=\"async\" src=\"https:\/\/domainelesoreades.com\/wp-content\/uploads\/2025\/10\/Cabane-2ch-Terrasse.jpg\" alt=\"Cabane P\u00eacheur 4 p 2 Bdrms 2 Bthrms ****\" \/>\n\t\t\t\t\t\t\t\t\t<img decoding=\"async\" src=\"https:\/\/domainelesoreades.com\/wp-content\/uploads\/2025\/10\/Salon-Cuisine-Iroise-ILBARITZ-2ch.jpg\" alt=\"Cabane P\u00eacheur 4 p 2 Bdrms 2 Bthrms ****\" \/>\n\t\t\t\t\t\t\t\t\t<img decoding=\"async\" src=\"https:\/\/domainelesoreades.com\/wp-content\/uploads\/2025\/10\/Chambre-Adulte-Iroise-ILBARITZ-2ch.jpg\" alt=\"Cabane P\u00eacheur 4 p 2 Bdrms 2 Bthrms ****\" \/>\n\t\t\t\t\t\t\t\t\t<img decoding=\"async\" src=\"https:\/\/domainelesoreades.com\/wp-content\/uploads\/2025\/10\/Sdb-Iroise-Chambre-Adultes-ILBARITZ-2ch.jpg\" alt=\"Cabane P\u00eacheur 4 p 2 Bdrms 2 Bthrms ****\" \/>\n\t\t\t\t\t\t\t\t\t<img decoding=\"async\" src=\"https:\/\/domainelesoreades.com\/wp-content\/uploads\/2025\/10\/Chambre-Enfants-Iroise-ILBARITZ-2ch.jpg\" alt=\"Cabane P\u00eacheur 4 p 2 Bdrms 2 Bthrms ****\" \/>\n\t\t\t\t\t\t\t\t\t<img decoding=\"async\" src=\"https:\/\/domainelesoreades.com\/wp-content\/uploads\/2025\/10\/Sdb-Iroise-Chambre-Enfants-ILBARITZ-2ch.jpg\" alt=\"Cabane P\u00eacheur 4 p 2 Bdrms 2 Bthrms ****\" \/>\n\t\t\t\t\t\t<\/div>\n\t\t\t\t<div class=\"ls-hebergement__title\">\n\t\t\tCabane P\u00eacheur 4 p 2 Bdrms 2 Bthrms ****\t\t\t\n\t\t<\/div>\n\n\t\t<div class=\"ls-hebergement__details\">\n\n\t\t\t<div class=\"ls-hebergement__icon--standard-PLUS\">\n\t\t\t\t<i class=\"oreades-standard-PLUS\"><\/i>\n\t\t\t<\/div>\n\n\n\t\t<\/div>\n\n\t\t<div class=\"ls-hebergement__disponibilites\">\n\t\t\tDescubra\t\t<\/div>\n\t<\/a>\n<\/div><\/div><\/div>\n\r\n    <\/div>\r\n<\/section><section id=\"ls-section-block_9e2b3772f3be37f33e090bd0834bcbc1\" class=\"ls-section  home-hebergements page has-m-t m-t-8 has-p-t p-t-0 has-p-b p-b-8\" >\r\n        <div class=\"container container--wide\">\r\n        \n\n<p class=\"ls-paragraph has-text-align-center\">En la finca hay <strong>una gran variedad de alquileres de vacaciones en las Landas<\/strong>. En todos los casos, disfruta de un alojamiento acogedor y totalmente equipado en un peque\u00f1o <strong>rinc\u00f3n del para\u00edso<\/strong>.<br\/>Para tus vacaciones y para compartir <strong>momentos especiales<\/strong> en pareja, en familia o con amigos, puedes buscar tu alquiler de vacaciones en las Landas por gama (3 flores, 4 flores o Premium) seg\u00fan los criterios de <a href=\"https:\/\/domainelesoreades.com\/es\/yelloh-village-camping-en-las-landas\/\">Yelloh Village<\/a>.   <\/p>\n\n\n\n<p class=\"ls-paragraph has-text-align-center addReadMore showlesscontent\">Tambi\u00e9n puedes descubrir los tipos de alquileres de vacaciones en las Landas que ofrece el Domaine, incluidas nuestras caba\u00f1as, <a href=\"https:\/\/domainelesoreades.com\/es\/alquiler-mobil-home-landes\/\">casas m\u00f3viles<\/a>, alojamientos para pasar una noche fuera de lo com\u00fan en las Landas, o incluso nuestros <a href=\"https:\/\/domainelesoreades.com\/es\/jacuzzi-privado-landes\/\">alojamientos con spa\/jacuzzi<\/a>. <br\/>En todos los casos, estos <strong>alquileres de vacaciones en las Landas<\/strong> est\u00e1n equipados con <strong>aire acondicionado<\/strong>. Adem\u00e1s de la superficie, las <strong>diferencias de gamas se aprecian en<\/strong> la presencia de kits para beb\u00e9s, el servicio de limpieza incluido o no, el suministro de s\u00e1banas y otras toallas, el tama\u00f1o de la cama de matrimonio, la situaci\u00f3n geogr\u00e1fica del camping, la presencia de lavavajillas, congelador, televisor, hervidor de agua, tostadora o secador de pelo.  Con un <a href=\"https:\/\/domainelesoreades.com\/es\/camping-zona-acuatica-landes\/\">espacio acu\u00e1tico<\/a> dotado de varias <strong>piscinas<\/strong>, incluida una ba\u00f1era de hidromasaje, una <strong>amplia gama de instalaciones y diversas actividades<\/strong>, el camping Domaine Les Or\u00e9ades es un lugar ideal para encontrar su <strong>futuro alquiler de vacaciones en Sanguinet<\/strong>, en las Landas.<\/p>\n\n\r\n    <\/div>\r\n<\/section><section id=\"slider\" class=\"ls-section  home-hebergements page has-p-t p-t-13 has-p-b p-b-6\" >\r\n        <div class=\"container container--full\">\r\n        \n\n<h2 class=\"ls__heading wp-block-heading has-text-align-center m-b-0\">Busca por gama <br\/><em>para tu alquiler de vacaciones en Las Landas<\/em><\/h2>\n\n\n\n<p class=\"ls-paragraph has-text-align-center\">En Domaine les Or\u00e9ades, encuentre el alojamiento perfecto para sus vacaciones en la regi\u00f3n de Las Landas, a trav\u00e9s de los diferentes alquileres de vacaciones que le ofrecemos.  <br\/>Elija entre nuestra gama de alquileres de vacaciones en las Landas para adaptarse a sus necesidades y presupuesto.<\/p>\n\n\n<div id=\"ls-maillage-block_1f90ab5cb01c77a7d935ea153bf76052\" class=\"ls-maillage cta-style-normal\" data-rows=\"3\">\n    <div class=\"wp-block-columns\"><div class=\"wp-block-column\"><div class=\"ls-cta hebergements classiques animated fadeIn delay-100ms slow\">\n\n<a href=\"https:\/\/domainelesoreades.com\/es\/holiday-home-landes\/gama-3-flores\/\" target=\"\" rel=\"noopener\" class=\"ls-cta__link\">\n\n\t<div class=\"ls-cta__image\"><img decoding=\"async\" src=\"https:\/\/domainelesoreades.com\/wp-content\/uploads\/2023\/09\/hebergement-standard.webp\" alt=\"alojamiento est\u00e1ndar\"><\/div>\n\t<div class=\"ls-cta__title\">\n\t\tLas Est\u00e1ndar\t<\/div>\n\t<div class=\"ls-button ls-button--cta\"><span>Descubra<\/span><i class='oreades-right-arrow'><\/i><\/div>\n\n\t\t\t<div class=\"ls-cta__description\">\n\t\t\t<p style=\"text-align: center;\"><strong>Equipamiento:<\/strong><\/p>\n<ul>\n<li style=\"text-align: left;\">Una televisi\u00f3n<\/li>\n<li style=\"text-align: left;\">Un lavavajillas<\/li>\n<li style=\"text-align: left;\">Aire acondicionado reversible<\/li>\n<li style=\"text-align: left;\">1 cafetera cl\u00e1sica<\/li>\n<li style=\"text-align: left;\">2 tumbonas<\/li>\n<\/ul>\n\n<p class=\"subtitle\" style=\"text-align: center;\">Las Est\u00e1ndar<\/p>\n<p class=\"subtitle-image\" style=\"text-align: center;\"><img decoding=\"async\" class=\"alignnone size-medium wp-image-1811\" title=\"3-fleurs-plus\" src=\"\/wp-content\/uploads\/2023\/09\/3-fleurs-plus.svg\" alt=\"3 fleurs plus\" width=\"150\" height=\"150\" \/><\/p>\n<ul>\n<li style=\"text-align: left;\">Un segundo cuarto de ba\u00f1o y WC<\/li>\n<li style=\"text-align: left;\">Una cama de adulto de 160 x 200<\/li>\n<li style=\"text-align: left;\">Una casa m\u00e1s grande y nueva<\/li>\n<\/ul>\n\t\t\n\t\t<\/div>\n\t\n\t\t\t<div class=\"ls-cta__price\">\n\t\t\tde <span>48 \u20ac\/noche<\/span>\t\t<\/div>\n\t\t\n<\/a>\n\n\n<\/div><\/div><div class=\"wp-block-column\"><div class=\"ls-cta hebergements insolites animated fadeIn delay-200ms slow\">\n\n<a href=\"https:\/\/domainelesoreades.com\/es\/holiday-home-landes\/gama-4-flores\/\" target=\"\" rel=\"noopener\" class=\"ls-cta__link\">\n\n\t<div class=\"ls-cta__image\"><img decoding=\"async\" src=\"https:\/\/domainelesoreades.com\/wp-content\/uploads\/2023\/08\/louer-mobil-home-biscarosse.webp\" alt=\"alquiler mobil home biscarosse\"><\/div>\n\t<div class=\"ls-cta__title\">\n\t\tIns\u00f3litos\t<\/div>\n\t<div class=\"ls-button ls-button--cta\"><span>Descubra<\/span><i class='oreades-right-arrow'><\/i><\/div>\n\n\t\t\t<div class=\"ls-cta__description\">\n\t\t\t<p class=\"title\" style=\"text-align: center;\"><strong>Todo el equipamiento<\/strong><img decoding=\"async\" loading=\"lazy\" class=\"alignnone size-medium wp-image-1811\" title=\"3-flores-mas\" src=\"\/wp-content\/uploads\/2023\/09\/3-fleurs-plus.svg\" alt=\"3 flores m\u00e1s\" width=\"150\" height=\"150\" \/><\/p>\n<p class=\"plus\"><span style=\"color: #ffff00;\">+<\/span><\/p>\n<ul>\n<li style=\"text-align: left;\">Decoraci\u00f3n at\u00edpica<\/li>\n<li style=\"text-align: left;\">Una plancha y su botella de gas<\/li>\n<li style=\"text-align: left;\">1 tostadora y 1 hervidor<\/li>\n<li style=\"text-align: left;\">1 cafetera Nespresso<\/li>\n<li style=\"text-align: left;\">Ropa de cama y toallas proporcionadas<\/li>\n<\/ul>\t\t\n\t\t<\/div>\n\t\n\t\t\t<div class=\"ls-cta__price\">\n\t\t\tde <span>71 \u20ac\/noche<\/span>\t\t<\/div>\n\t\t\n<\/a>\n\n\n<\/div><\/div><div class=\"wp-block-column\"><div class=\"ls-cta hebergements premium animated fadeIn delay-500ms slow\">\n\n<a href=\"https:\/\/domainelesoreades.com\/es\/holiday-home-landes\/alquiler-mobil-homes-lujo-landes\/\" target=\"\" rel=\"noopener\" class=\"ls-cta__link\">\n\n\t<div class=\"ls-cta__image\"><img decoding=\"async\" src=\"https:\/\/domainelesoreades.com\/wp-content\/uploads\/2023\/09\/Hebergement-premium.webp\" alt=\"Alojamiento Premium\"><\/div>\n\t<div class=\"ls-cta__title\">\n\t\tLos Lujos\t<\/div>\n\t<div class=\"ls-button ls-button--cta\"><span>Descubra<\/span><i class='oreades-right-arrow'><\/i><\/div>\n\n\t\t\t<div class=\"ls-cta__description\">\n\t\t\t<p class=\"title\" style=\"text-align: center;\"><strong>Todo el equipamiento<\/strong><img decoding=\"async\" loading=\"lazy\" class=\"alignnone size-medium wp-image-1836\" title=\"4-estrellas\" src=\"\/wp-content\/uploads\/2023\/09\/4-etoiles.svg\" alt=\"4 flores\" width=\"100\" height=\"100\" \/><\/p>\n<p class=\"plus\"><span style=\"color: #ffff00;\">+<\/span><\/p>\n<ul>\n<li style=\"text-align: left;\">Una tarifa de limpieza al final de su estancia<\/li>\n<li style=\"text-align: left;\">Conexi\u00f3n WIFI gratuita<\/li>\n<li style=\"text-align: left;\">Un jacuzzi privado para 5 personas*<\/li>\n<li style=\"text-align: left;\">En una zona peatonal<\/li>\n<\/ul>\n<p style=\"font-size: 0.7rem;\">*Excepto algunas Pagode Cottages y Taos Cottages (v\u00e9ase el t\u00edtulo del alojamiento).<\/p>\n\t\t\n\t\t<\/div>\n\t\n\t\t\t<div class=\"ls-cta__price\">\n\t\t\tde <span>95 \u20ac\/noche<\/span>\t\t<\/div>\n\t\t\n<\/a>\n\n\n<\/div><\/div><\/div><\/div>\n\n\n<div class=\"wp-block-columns is-layout-flex wp-container-core-columns-is-layout-9d6595d7 wp-block-columns-is-layout-flex\" id=\"slider-text\">\n<div class=\"wp-block-column is-layout-flow wp-block-column-is-layout-flow\">\n<p class=\"ls-paragraph has-text-align-center has-color-4-background-color has-background\">La <a href=\"https:\/\/domainelesoreades.com\/es\/holiday-home-landes\/gama-3-flores\/\">gama 3 flores<\/a> ofrece casitas m\u00f3viles de <strong>18 a 72 m\u00b2<\/strong>. Aproveche los alquileres de <strong>1 a 5 dormitorios<\/strong> para <strong>2 a 10 personas<\/strong>.<\/p>\n<\/div>\n\n\n\n<div class=\"wp-block-column is-layout-flow wp-block-column-is-layout-flow\">\n<p class=\"ls-paragraph has-text-align-center has-color-4-background-color has-background\">La <a href=\"https:\/\/domainelesoreades.com\/es\/holiday-home-landes\/gama-4-flores\/\">gama 4 flores<\/a> ofrece un alojamiento ins\u00f3lito al estilo de las caba\u00f1as ostreras de la cuenca de Arcachon, con una superficie de <strong>35 a 40 m\u00b2<\/strong>. Estos alojamientos, de <strong>2 \u00f3 3 dormitorios<\/strong>, tienen capacidad para <strong>entre 4 y 6 personas<\/strong>.<\/p>\n<\/div>\n\n\n\n<div class=\"wp-block-column is-layout-flow wp-block-column-is-layout-flow\">\n<p class=\"ls-paragraph has-text-align-center has-color-4-background-color has-background\">La <a href=\"https:\/\/domainelesoreades.com\/es\/holiday-home-landes\/alquiler-mobil-homes-lujo-landes\/\">gama Premium<\/a> ofrece alquileres vacacionales de gama alta de <strong>20 a 40 m\u00b2<\/strong>. Con <strong>1 a 3 habitaciones<\/strong> para <strong>2 a 6 personas<\/strong>, podr\u00e1 elegir entre <strong>vistas al lago de Sanguinet y\/o un spa\/jacuzzi privado<\/strong>. Las casitas con el s\u00edmbolo de <strong>la Pagoda<\/strong> est\u00e1n situadas en una <strong>zona peatonal<\/strong>. Esta zona es la m\u00e1s cercana a todos los servicios y al lago.<\/p>\n<\/div>\n<\/div>\n\n\r\n    <\/div>\r\n<\/section><section id=\"ls-section-block_4b848827427aa9961d065e261314c16a\" class=\"ls-section  page-one has-m-b m-b-0 has-p-t p-t-14 has-p-b p-b-0\" >\r\n        <div class=\"container container--wide\">\r\n        \n\n<h2 class=\"ls__heading wp-block-heading has-text-align-center\">Busca por tipo <br\/><em>para tu alquiler de vacaciones en Sanguinet, Landas<\/em><\/h2>\n\n\n\n<p class=\"ls-paragraph has-text-align-center\">Todos los alojamientos del camping est\u00e1n bien equipados y cuentan con todo lo necesario para que te sientas como en casa. Dependiendo de lo que busque, podr\u00e1 elegir entre caba\u00f1as con mobil-home, <a href=\"https:\/\/domainelesoreades.com\/es\/holiday-home-landes\/cabana-de-pescadores\/\">caba\u00f1as de pescadores<\/a> para un alquiler de vacaciones ins\u00f3lito en las Landas, o pagodas bellamente situadas en sus propios jardines y situadas en la zona peatonal del camping. Estas Pagodas se encuentran en la gama Premium. Seguro que encuentra el alojamiento adecuado a sus necesidades.<\/p>\n\n\r\n    <\/div>\r\n<\/section><section id=\"ls-section-block_69db5e4c1cf5b818ac7289366d1369a1\" class=\"ls-section  page-one has-p-t p-t-14 has-p-b p-b-14\" >\r\n        <div class=\"container container--wide\">\r\n        \n\n<div class=\"wp-block-columns is-layout-flex wp-container-core-columns-is-layout-9d6595d7 wp-block-columns-is-layout-flex\">\n<div class=\"wp-block-column is-layout-flow wp-block-column-is-layout-flow\" style=\"flex-basis:33.33%\">\n<h3 class=\"ls__heading wp-block-heading deco m-t-0 has-color-2-color has-text-color\">La Caba\u00f1a del Pescador para unas <em>vacaciones ins\u00f3litas en las Landas<\/em><\/h3>\n\n\n\n<p class=\"ls-paragraph\">Rejuvenezca en uno de los <strong>ins\u00f3litos alojamientos<\/strong> del camping. Las caba\u00f1as P\u00eacheur se inspiran en las <strong>\u00abcabanes tchanqu\u00e9es\u00bb <\/strong>de la <a href=\"https:\/\/domainelesoreades.com\/es\/camping-cerca-bahia-arcachon\/\">bah\u00eda de Arcachon<\/a>. Podr\u00e1 disfrutar de una <a href=\"https:\/\/domainelesoreades.com\/es\/tierras-insolitas-de-noche\/\">ins\u00f3lita pernoctaci\u00f3n en las Landas<\/a>. Cambie de aires y opte por un <strong>alquiler de vacaciones diferente en Sanguinet, en el coraz\u00f3n de las Landas,<\/strong> y viva una experiencia nueva. Las caba\u00f1as est\u00e1n perfectamente integradas en su <strong>entorno<\/strong> natural, garantiz\u00e1ndole una <strong>estancia relajante<\/strong> bajo los pinos de la regi\u00f3n de las Landas.<\/p>\n\n\n\n<p class=\"ls-paragraph\">2 categor\u00edas de confort a elegir :<\/p>\n<\/div>\n\n\n\n<div class=\"wp-block-column is-layout-flow wp-block-column-is-layout-flow\" style=\"flex-basis:66.66%\">\n<figure class=\"wp-block-image size-large\"><img decoding=\"async\" width=\"1024\" height=\"683\" src=\"https:\/\/domainelesoreades.com\/wp-content\/uploads\/2023\/09\/Cabane-pecheur-3ch-premium-Facade-1024x683.jpg\" alt=\"Cabane pecheur 3ch premium Fachada\" class=\"wp-image-24075\" srcset=\"https:\/\/domainelesoreades.com\/wp-content\/uploads\/2023\/09\/Cabane-pecheur-3ch-premium-Facade-1024x683.jpg 1024w, https:\/\/domainelesoreades.com\/wp-content\/uploads\/2023\/09\/Cabane-pecheur-3ch-premium-Facade-300x200.jpg 300w, https:\/\/domainelesoreades.com\/wp-content\/uploads\/2023\/09\/Cabane-pecheur-3ch-premium-Facade-768x512.jpg 768w, https:\/\/domainelesoreades.com\/wp-content\/uploads\/2023\/09\/Cabane-pecheur-3ch-premium-Facade.jpg 1200w\" sizes=\"(max-width: 1024px) 100vw, 1024px\" \/><\/figure>\n\n\n\n<a href=\"https:\/\/domainelesoreades.com\/es\/holiday-home-landes\/cabana-de-pescadores\/\" id=\"ls-button-block_90aaf6330760e705efc8bbb2d5dc5c37\" target=\"\" rel=\"\" class=\"ls-button aligncenter has-m-t m-t-8\" ><span>Descubra la caba\u00f1a del pescador<\/span> <i class='oreades-right-arrow'><\/i><\/a>\n<\/div>\n<\/div>\n\n\r\n    <\/div>\r\n<\/section><section id=\"ls-section-block_af4dcada6ad24b8c289207d234cfc4ac\" class=\"ls-section  page-one has-m-t m-t-0 has-p-t p-t-0 has-p-b p-b-14\" >\r\n        <div class=\"container container--wide\">\r\n        \n\n<div class=\"wp-block-columns is-layout-flex wp-container-core-columns-is-layout-9d6595d7 wp-block-columns-is-layout-flex\">\n<div class=\"wp-block-column is-layout-flow wp-block-column-is-layout-flow\" style=\"flex-basis:66.66%\">\n<figure class=\"wp-block-image size-full\"><img decoding=\"async\" width=\"1200\" height=\"800\" src=\"https:\/\/domainelesoreades.com\/wp-content\/uploads\/2023\/09\/Arcachon-3ch-Facade.jpg\" alt=\"Arcachon 3ch Fachada\" class=\"wp-image-24055\" srcset=\"https:\/\/domainelesoreades.com\/wp-content\/uploads\/2023\/09\/Arcachon-3ch-Facade.jpg 1200w, https:\/\/domainelesoreades.com\/wp-content\/uploads\/2023\/09\/Arcachon-3ch-Facade-300x200.jpg 300w, https:\/\/domainelesoreades.com\/wp-content\/uploads\/2023\/09\/Arcachon-3ch-Facade-1024x683.jpg 1024w, https:\/\/domainelesoreades.com\/wp-content\/uploads\/2023\/09\/Arcachon-3ch-Facade-768x512.jpg 768w\" sizes=\"(max-width: 1200px) 100vw, 1200px\" \/><\/figure>\n\n\n\n<a href=\"https:\/\/domainelesoreades.com\/es\/alquiler-mobil-home-landes\/\" id=\"ls-button-block_77bbac3881141eb20a94df6a3c220c9f\" target=\"\" rel=\"\" class=\"ls-button aligncenter has-m-t m-t-8\" ><span>Descubra nuestras casas m\u00f3viles<\/span> <i class='oreades-right-arrow'><\/i><\/a>\n<\/div>\n\n\n\n<div class=\"wp-block-column is-layout-flow wp-block-column-is-layout-flow\" style=\"flex-basis:33.33%\">\n<h3 class=\"ls__heading wp-block-heading deco m-t-0 has-color-2-color has-text-color\">Les Cottages <br\/><em>Casas m\u00f3viles<\/em><\/h3>\n\n\n\n<p class=\"ls-paragraph\">Elegir una casa m\u00f3vil como <strong>alquiler de vacaciones en Sanguinet, en las Landas<\/strong>, le ofrece comodidad y encanto. La caba\u00f1a en s\u00ed es una <strong>invitaci\u00f3n a la calma<\/strong>, el descanso y el recogimiento, en un esp\u00edritu de \u00abhogar lejos del hogar\u00bb. Durante su estancia, tendr\u00e1 acceso a <strong>servicios con categor\u00eda de estrella<\/strong>. Dispondr\u00e1 de una ubicaci\u00f3n privilegiada, una distribuci\u00f3n \u00f3ptima, un interior con aire acondicionado, una cocina totalmente equipada y, sobre todo, un exterior rodeado de exuberante vegetaci\u00f3n.<\/p>\n\n\n\n<p class=\"ls-paragraph\">3 categor\u00edas de confort a elegir :<\/p>\n<\/div>\n<\/div>\n\n\r\n    <\/div>\r\n<\/section><section id=\"ls-section-block_bcbea0c67df3cb12740f98961a96093e\" class=\"ls-section  page-one has-p-t p-t-0 has-p-b p-b-14\" >\r\n        <div class=\"container container--wide\">\r\n        \n\n<div class=\"wp-block-columns is-layout-flex wp-container-core-columns-is-layout-9d6595d7 wp-block-columns-is-layout-flex\">\n<div class=\"wp-block-column is-layout-flow wp-block-column-is-layout-flow\" style=\"flex-basis:33.33%\">\n<h3 class=\"ls__heading wp-block-heading deco m-t-0 has-color-2-color has-text-color\">El jard\u00edn<em> <\/em><br\/><em>des Pagodes<\/em><\/h3>\n\n\n\n<p class=\"ls-paragraph\">Le <strong>Jardin des Pagodes<\/strong> combina lujo, tranquilidad y naturaleza. Situada en medio de un jard\u00edn paisajista, su pagoda de 1 a 3 habitaciones es una invitaci\u00f3n a la<strong>evasi\u00f3n y al descanso<\/strong>. <strong>Cerca del lago y de la playa de Caton<\/strong>, disfrute de una espl\u00e9ndida vista desde su alquiler de vacaciones en Sanguinet. Las Pagodas est\u00e1n situadas en una zona peatonal del camping. Seguro y cerca de todos los servicios, del lago y de la piscina, al\u00e9jate del ruido y disfruta de tu propia burbuja para recargar las pilas. Estos alquileres de vacaciones en las Landas est\u00e1n disponibles en la gama Domaine les Or\u00e9ades Pr\u00e9mium.<\/p>\n\n\n\n<p class=\"ls-paragraph\">2 categor\u00edas de confort a elegir para su alquiler de vacaciones en las Landas en Sanguinet :<\/p>\n<\/div>\n\n\n\n<div class=\"wp-block-column is-layout-flow wp-block-column-is-layout-flow\" style=\"flex-basis:66.66%\">\n<figure class=\"wp-block-image size-full\"><img decoding=\"async\" width=\"1500\" height=\"1000\" src=\"https:\/\/domainelesoreades.com\/wp-content\/uploads\/2023\/09\/mobil-home-jardin-pagodes.webp\" alt=\"mobil home jardin pagodes\" class=\"wp-image-3005\" srcset=\"https:\/\/domainelesoreades.com\/wp-content\/uploads\/2023\/09\/mobil-home-jardin-pagodes.webp 1500w, https:\/\/domainelesoreades.com\/wp-content\/uploads\/2023\/09\/mobil-home-jardin-pagodes-300x200.webp 300w, https:\/\/domainelesoreades.com\/wp-content\/uploads\/2023\/09\/mobil-home-jardin-pagodes-1024x683.webp 1024w, https:\/\/domainelesoreades.com\/wp-content\/uploads\/2023\/09\/mobil-home-jardin-pagodes-768x512.webp 768w\" sizes=\"(max-width: 1500px) 100vw, 1500px\" \/><\/figure>\n\n\n\n<a href=\"https:\/\/domainelesoreades.com\/es\/holiday-home-landes\/alquiler-mobil-homes-lujo-landes\/\" id=\"ls-button-block_6c30f25409608336c8184faffe94e7c9\" target=\"\" rel=\"\" class=\"ls-button aligncenter has-m-t m-t-8\" ><span>Descubra el Jard\u00edn de la Pagoda<\/span> <i class='oreades-right-arrow'><\/i><\/a>\n<\/div>\n<\/div>\n\n\r\n    <\/div>\r\n<\/section><section id=\"ls-section-block_3c8795de2c09b10c07687a7d190d0bfd\" class=\"ls-section  page-three has-background has-color-4-background-color has-p-t p-t-14 has-p-b p-b-14\" >\r\n        <div class=\"container container--wide\">\r\n        \n\n<h2 class=\"ls__heading wp-block-heading has-text-align-center deco-top-center\">Descubre nuestros alquileres de vacaciones<em>ins\u00f3litos<\/em> en las Landas <br\/><\/h2>\n\n\n\n<div class=\"wp-block-columns is-layout-flex wp-container-core-columns-is-layout-9d6595d7 wp-block-columns-is-layout-flex\">\n<div class=\"wp-block-column is-layout-flow wp-block-column-is-layout-flow\">\n<h3 class=\"ls__heading wp-block-heading has-text-align-left deco has-color-2-color has-text-color\">Alquileres de vacaciones en las Landas <br\/><em>con jacuzzi privado<\/em><\/h3>\n\n\n\n<figure class=\"wp-block-image size-full  animated fadeIn slow\"><a href=\"https:\/\/domainelesoreades.com\/wp-content\/uploads\/2024\/09\/Yelloh-Village-LesOreades-Hebergements-18-R.jpg\"><img decoding=\"async\" width=\"5139\" height=\"3426\" src=\"https:\/\/domainelesoreades.com\/wp-content\/uploads\/2024\/09\/Yelloh-Village-LesOreades-Hebergements-18-R.jpg\" alt=\"Yelloh Village Les Oreades\" class=\"wp-image-24114\" srcset=\"https:\/\/domainelesoreades.com\/wp-content\/uploads\/2024\/09\/Yelloh-Village-LesOreades-Hebergements-18-R.jpg 5139w, https:\/\/domainelesoreades.com\/wp-content\/uploads\/2024\/09\/Yelloh-Village-LesOreades-Hebergements-18-R-300x200.jpg 300w, https:\/\/domainelesoreades.com\/wp-content\/uploads\/2024\/09\/Yelloh-Village-LesOreades-Hebergements-18-R-1024x683.jpg 1024w, https:\/\/domainelesoreades.com\/wp-content\/uploads\/2024\/09\/Yelloh-Village-LesOreades-Hebergements-18-R-768x512.jpg 768w, https:\/\/domainelesoreades.com\/wp-content\/uploads\/2024\/09\/Yelloh-Village-LesOreades-Hebergements-18-R-1536x1024.jpg 1536w, https:\/\/domainelesoreades.com\/wp-content\/uploads\/2024\/09\/Yelloh-Village-LesOreades-Hebergements-18-R-2048x1365.jpg 2048w\" sizes=\"(max-width: 5139px) 100vw, 5139px\" \/><\/a><\/figure>\n\n\n\n<p class=\"ls-paragraph has-text-align-left\">Algunos de nuestros alojamientos disponen de <strong>spa \/ jacuzzi privado<\/strong>.<\/p>\n\n\n\n<p class=\"ls-paragraph has-text-align-left\">Ideal para unas <strong>vacaciones magn\u00edficas y relajantes<\/strong>.<\/p>\n<\/div>\n\n\n\n<div class=\"wp-block-column is-layout-flow wp-block-column-is-layout-flow\">\n<h3 class=\"ls__heading wp-block-heading has-text-align-left deco has-color-2-color has-text-color\">Alojamiento <br\/><em>para una noche inusual<\/em><\/h3>\n\n\n\n<figure class=\"wp-block-image size-full animated fadeIn slow\"><a href=\"https:\/\/domainelesoreades.com\/wp-content\/uploads\/2023\/09\/location-insolites-landes.webp\"><img decoding=\"async\" width=\"1500\" height=\"1000\" src=\"https:\/\/domainelesoreades.com\/wp-content\/uploads\/2023\/09\/location-insolites-landes.webp\" alt=\"alquileres inusuales landes\" class=\"wp-image-3000\" srcset=\"https:\/\/domainelesoreades.com\/wp-content\/uploads\/2023\/09\/location-insolites-landes.webp 1500w, https:\/\/domainelesoreades.com\/wp-content\/uploads\/2023\/09\/location-insolites-landes-300x200.webp 300w, https:\/\/domainelesoreades.com\/wp-content\/uploads\/2023\/09\/location-insolites-landes-1024x683.webp 1024w, https:\/\/domainelesoreades.com\/wp-content\/uploads\/2023\/09\/location-insolites-landes-768x512.webp 768w\" sizes=\"(max-width: 1500px) 100vw, 1500px\" \/><\/a><\/figure>\n\n\n\n<p class=\"ls-paragraph has-text-align-left\">Pase la noche en <strong>un alojamiento ins\u00f3lito en el coraz\u00f3n de las Landas<\/strong>. Nuestras caba\u00f1as de pescadores, inspiradas en las caba\u00f1as de la bah\u00eda de Arcachon, est\u00e1n disponibles exclusivamente en el camping Domaines Les Or\u00e9ades. Confort y autenticidad, reg\u00e1lese una noche ins\u00f3lita en un alquiler de vacaciones en las Landas.<\/p>\n\n\n\n<p class=\"ls-paragraph has-text-align-left\"><strong>Aire acondicionado<\/strong>: \u00a1todo Yelloh! Village Domaine les Or\u00e9ades est\u00e1 equipado con aire acondicionado reversible para garantizar una estancia confortable en todas las estaciones.<\/p>\n\n\n\n<p class=\"ls-paragraph has-text-align-left\"><strong>PMR<\/strong>: algunos de nuestros alojamientos est\u00e1n especialmente adaptados para PMR.<\/p>\n<\/div>\n<\/div>\n\n\r\n    <\/div>\r\n<\/section><section id=\"ls-section-block_2713c405a69d33b128279c8e9fde5ce9\" class=\"ls-section  page-avis has-p-t p-t-14 has-p-b p-b-14\" >\r\n        <div class=\"container container--wide\">\r\n        \n\n<div id=\"ls-heading ls-titre-div-block_538f2d75d7d2ea3b0f746d4284d04f03\" class=\"ls-titre-div deco-top-center aligncenter h2-like\" >\n    \u00bfQu\u00e9 opinan nuestros clientes<em>del alojamiento<\/em> <\/br><em>?<\/em><\/div>\n\n\n<div class=\"avis-container-pages\"><div class=\"avis\"><div class=\"avis-note-wrapper\"><span class=\"avis-note\">5\/5<\/span><\/div><div class=\"avis-user\"><div class=\"avis-content\"><p>\u00a1Pasamos 1 semana en Les Or\u00e9ades!<br \/>\nFue una semana magn\u00edfica, que reconcili\u00f3 a mi marido con el esp\u00edritu del camping.<br \/>\n<b>\u00a1La casa m\u00f3vil &#8211; una caba\u00f1a de pescador de 3 flores &#8211; es de primera y espaciosa!<\/b>  La parcela es grande y est\u00e1 bastante bien distribuida. [&#8230;]<\/p>\n<\/div><div class=\"avis-name\">Alex - agosto de 2023<\/div><\/div><\/div><div class=\"avis\"><div class=\"avis-note-wrapper\"><span class=\"avis-note\">5\/5<\/span><\/div><div class=\"avis-user\"><div class=\"avis-content\"><p><span class=\"review-full-text\">Idealmente situado, Les Oreades ofrece unas vacaciones familiares excepcionales [&#8230;] <b>El alojamiento estaba limpio y perfectamente equipado, y el pueblo muy bien cuidado<\/b>. Tambi\u00e9n hay un minimercado, un bar y un restaurante. Realmente lo recomendamos y sin duda volveremos.<\/span><\/p>\n<\/div><div class=\"avis-name\">Aur\u00e9lie - Agosto 2023<\/div><\/div><\/div><div class=\"avis\"><div class=\"avis-note-wrapper\"><span class=\"avis-note\">5\/5<\/span><\/div><div class=\"avis-user\"><div class=\"avis-content\"><p><b>Muy buen camping, las mobil homes son preciosas y el entorno relajante.<\/b>  Las piscinas son estupendas y podemos elegir entre 3. Opci\u00f3n de ir andando al lago. El equipo es de primera categor\u00eda y muy receptivo. Las hamburguesas del snack bar son una delicia \ud83d\ude0a\u00a1Perfectas! Volveremos.<\/p>\n<\/div><div class=\"avis-name\">Kate - agosto de 2023<\/div><\/div><\/div><div class=\"avis\"><div class=\"avis-note-wrapper\"><span class=\"avis-note\">5\/5<\/span><\/div><div class=\"avis-user\"><div class=\"avis-content\"><p><span class=\"review-full-text\">Unas vacaciones muy satisfactorias con nuestros 2 hijos.  <b>La gesti\u00f3n de las llegadas y las devoluciones, nuestro bungalow Cabane de P\u00eacheur, la limpieza del lugar, el personal, los animadores, las actividades, la ubicaci\u00f3n, el lago cercano&#8230; en resumen, \u00a1lo pasamos de maravilla!<\/b><br \/>\nNos encant\u00f3 \ud83d\ude42 ya estamos pensando en volver.<\/span><\/p>\n<\/div><div class=\"avis-name\">Morgane - Agosto 2023<\/div><\/div><\/div><\/div>\n\n\r\n    <\/div>\r\n<\/section>","protected":false},"excerpt":{"rendered":"","protected":false},"author":1,"featured_media":3117,"parent":0,"menu_order":0,"comment_status":"closed","ping_status":"closed","template":"searchstay.php","meta":{"_acf_changed":false,"inline_featured_image":false,"footnotes":""},"sujet":[],"class_list":["post-8888","page","type-page","status-publish","has-post-thumbnail","hentry"],"acf":[],"yoast_head":"<!-- This site is optimized with the Yoast SEO plugin v24.3 - https:\/\/yoast.com\/wordpress\/plugins\/seo\/ -->\n<title>Intercambio de casas Sanguinet, Landas: 18 viviendas cerca del lago<\/title>\n<meta name=\"description\" content=\"Casas rurales, alojamientos modernos o ins\u00f3litos, elija el ambiente que desee en el camping Domaine Les Or\u00e9ades, en las Landas, en Sanguinet.\" \/>\n<meta name=\"robots\" content=\"index, follow, max-snippet:-1, max-image-preview:large, max-video-preview:-1\" \/>\n<link rel=\"canonical\" href=\"https:\/\/domainelesoreades.com\/es\/holiday-home-landes\/\" \/>\n<meta property=\"og:locale\" content=\"es_ES\" \/>\n<meta property=\"og:type\" content=\"article\" \/>\n<meta property=\"og:title\" content=\"Intercambio de casas Sanguinet, Landas: 18 viviendas cerca del lago\" \/>\n<meta property=\"og:description\" content=\"Casas rurales, alojamientos modernos o ins\u00f3litos, elija el ambiente que desee en el camping Domaine Les Or\u00e9ades, en las Landas, en Sanguinet.\" \/>\n<meta property=\"og:url\" content=\"https:\/\/domainelesoreades.com\/es\/holiday-home-landes\/\" \/>\n<meta property=\"og:site_name\" content=\"Domaine des Or\u00e9ades\" \/>\n<meta property=\"article:modified_time\" content=\"2025-02-26T12:21:42+00:00\" \/>\n<meta property=\"og:image\" content=\"https:\/\/domainelesoreades.com\/wp-content\/uploads\/2023\/09\/location-vacances-landes.webp\" \/>\n\t<meta property=\"og:image:width\" content=\"2000\" \/>\n\t<meta property=\"og:image:height\" content=\"553\" \/>\n\t<meta property=\"og:image:type\" content=\"image\/webp\" \/>\n<meta name=\"twitter:card\" content=\"summary_large_image\" \/>\n<meta name=\"twitter:label1\" content=\"Tiempo de lectura\" \/>\n\t<meta name=\"twitter:data1\" content=\"8 minutos\" \/>\n<script type=\"application\/ld+json\" class=\"yoast-schema-graph\">{\"@context\":\"https:\/\/schema.org\",\"@graph\":[{\"@type\":\"WebPage\",\"@id\":\"https:\/\/domainelesoreades.com\/es\/holiday-home-landes\/\",\"url\":\"https:\/\/domainelesoreades.com\/es\/holiday-home-landes\/\",\"name\":\"Intercambio de casas Sanguinet, Landas: 18 viviendas cerca del lago\",\"isPartOf\":{\"@id\":\"https:\/\/domainelesoreades.com\/es\/#website\"},\"primaryImageOfPage\":{\"@id\":\"https:\/\/domainelesoreades.com\/es\/holiday-home-landes\/#primaryimage\"},\"image\":{\"@id\":\"https:\/\/domainelesoreades.com\/es\/holiday-home-landes\/#primaryimage\"},\"thumbnailUrl\":\"https:\/\/domainelesoreades.com\/wp-content\/uploads\/2023\/09\/location-vacances-landes.webp\",\"datePublished\":\"2023-08-16T08:41:31+00:00\",\"dateModified\":\"2025-02-26T12:21:42+00:00\",\"description\":\"Casas rurales, alojamientos modernos o ins\u00f3litos, elija el ambiente que desee en el camping Domaine Les Or\u00e9ades, en las Landas, en Sanguinet.\",\"breadcrumb\":{\"@id\":\"https:\/\/domainelesoreades.com\/es\/holiday-home-landes\/#breadcrumb\"},\"inLanguage\":\"es\",\"potentialAction\":[{\"@type\":\"ReadAction\",\"target\":[\"https:\/\/domainelesoreades.com\/es\/holiday-home-landes\/\"]}]},{\"@type\":\"ImageObject\",\"inLanguage\":\"es\",\"@id\":\"https:\/\/domainelesoreades.com\/es\/holiday-home-landes\/#primaryimage\",\"url\":\"https:\/\/domainelesoreades.com\/wp-content\/uploads\/2023\/09\/location-vacances-landes.webp\",\"contentUrl\":\"https:\/\/domainelesoreades.com\/wp-content\/uploads\/2023\/09\/location-vacances-landes.webp\",\"width\":2000,\"height\":553,\"caption\":\"alquileres de vacaciones landes\"},{\"@type\":\"BreadcrumbList\",\"@id\":\"https:\/\/domainelesoreades.com\/es\/holiday-home-landes\/#breadcrumb\",\"itemListElement\":[{\"@type\":\"ListItem\",\"position\":1,\"name\":\"Camping Landes\",\"item\":\"https:\/\/domainelesoreades.com\/es\/\"},{\"@type\":\"ListItem\",\"position\":2,\"name\":\"Alojamiento en las Landas\"}]},{\"@type\":\"WebSite\",\"@id\":\"https:\/\/domainelesoreades.com\/es\/#website\",\"url\":\"https:\/\/domainelesoreades.com\/es\/\",\"name\":\"Domaine des Or\u00e9ades\",\"description\":\"\",\"publisher\":{\"@id\":\"https:\/\/domainelesoreades.com\/es\/#organization\"},\"potentialAction\":[{\"@type\":\"SearchAction\",\"target\":{\"@type\":\"EntryPoint\",\"urlTemplate\":\"https:\/\/domainelesoreades.com\/es\/?s={search_term_string}\"},\"query-input\":{\"@type\":\"PropertyValueSpecification\",\"valueRequired\":true,\"valueName\":\"search_term_string\"}}],\"inLanguage\":\"es\"},{\"@type\":\"Organization\",\"@id\":\"https:\/\/domainelesoreades.com\/es\/#organization\",\"name\":\"Domaine des Or\u00e9ades\",\"url\":\"https:\/\/domainelesoreades.com\/es\/\",\"logo\":{\"@type\":\"ImageObject\",\"inLanguage\":\"es\",\"@id\":\"https:\/\/domainelesoreades.com\/es\/#\/schema\/logo\/image\/\",\"url\":\"https:\/\/domainelesoreades.com\/wp-content\/uploads\/2023\/08\/cropped-les-oreades-logo-blc.png\",\"contentUrl\":\"https:\/\/domainelesoreades.com\/wp-content\/uploads\/2023\/08\/cropped-les-oreades-logo-blc.png\",\"width\":490,\"height\":175,\"caption\":\"Domaine des Or\u00e9ades\"},\"image\":{\"@id\":\"https:\/\/domainelesoreades.com\/es\/#\/schema\/logo\/image\/\"}}]}<\/script>\n<!-- \/ Yoast SEO plugin. -->","yoast_head_json":{"title":"Intercambio de casas Sanguinet, Landas: 18 viviendas cerca del lago","description":"Casas rurales, alojamientos modernos o ins\u00f3litos, elija el ambiente que desee en el camping Domaine Les Or\u00e9ades, en las Landas, en Sanguinet.","robots":{"index":"index","follow":"follow","max-snippet":"max-snippet:-1","max-image-preview":"max-image-preview:large","max-video-preview":"max-video-preview:-1"},"canonical":"https:\/\/domainelesoreades.com\/es\/holiday-home-landes\/","og_locale":"es_ES","og_type":"article","og_title":"Intercambio de casas Sanguinet, Landas: 18 viviendas cerca del lago","og_description":"Casas rurales, alojamientos modernos o ins\u00f3litos, elija el ambiente que desee en el camping Domaine Les Or\u00e9ades, en las Landas, en Sanguinet.","og_url":"https:\/\/domainelesoreades.com\/es\/holiday-home-landes\/","og_site_name":"Domaine des Or\u00e9ades","article_modified_time":"2025-02-26T12:21:42+00:00","og_image":[{"width":2000,"height":553,"url":"https:\/\/domainelesoreades.com\/wp-content\/uploads\/2023\/09\/location-vacances-landes.webp","type":"image\/webp"}],"twitter_card":"summary_large_image","twitter_misc":{"Tiempo de lectura":"8 minutos"},"schema":{"@context":"https:\/\/schema.org","@graph":[{"@type":"WebPage","@id":"https:\/\/domainelesoreades.com\/es\/holiday-home-landes\/","url":"https:\/\/domainelesoreades.com\/es\/holiday-home-landes\/","name":"Intercambio de casas Sanguinet, Landas: 18 viviendas cerca del lago","isPartOf":{"@id":"https:\/\/domainelesoreades.com\/es\/#website"},"primaryImageOfPage":{"@id":"https:\/\/domainelesoreades.com\/es\/holiday-home-landes\/#primaryimage"},"image":{"@id":"https:\/\/domainelesoreades.com\/es\/holiday-home-landes\/#primaryimage"},"thumbnailUrl":"https:\/\/domainelesoreades.com\/wp-content\/uploads\/2023\/09\/location-vacances-landes.webp","datePublished":"2023-08-16T08:41:31+00:00","dateModified":"2025-02-26T12:21:42+00:00","description":"Casas rurales, alojamientos modernos o ins\u00f3litos, elija el ambiente que desee en el camping Domaine Les Or\u00e9ades, en las Landas, en Sanguinet.","breadcrumb":{"@id":"https:\/\/domainelesoreades.com\/es\/holiday-home-landes\/#breadcrumb"},"inLanguage":"es","potentialAction":[{"@type":"ReadAction","target":["https:\/\/domainelesoreades.com\/es\/holiday-home-landes\/"]}]},{"@type":"ImageObject","inLanguage":"es","@id":"https:\/\/domainelesoreades.com\/es\/holiday-home-landes\/#primaryimage","url":"https:\/\/domainelesoreades.com\/wp-content\/uploads\/2023\/09\/location-vacances-landes.webp","contentUrl":"https:\/\/domainelesoreades.com\/wp-content\/uploads\/2023\/09\/location-vacances-landes.webp","width":2000,"height":553,"caption":"alquileres de vacaciones landes"},{"@type":"BreadcrumbList","@id":"https:\/\/domainelesoreades.com\/es\/holiday-home-landes\/#breadcrumb","itemListElement":[{"@type":"ListItem","position":1,"name":"Camping Landes","item":"https:\/\/domainelesoreades.com\/es\/"},{"@type":"ListItem","position":2,"name":"Alojamiento en las Landas"}]},{"@type":"WebSite","@id":"https:\/\/domainelesoreades.com\/es\/#website","url":"https:\/\/domainelesoreades.com\/es\/","name":"Domaine des Or\u00e9ades","description":"","publisher":{"@id":"https:\/\/domainelesoreades.com\/es\/#organization"},"potentialAction":[{"@type":"SearchAction","target":{"@type":"EntryPoint","urlTemplate":"https:\/\/domainelesoreades.com\/es\/?s={search_term_string}"},"query-input":{"@type":"PropertyValueSpecification","valueRequired":true,"valueName":"search_term_string"}}],"inLanguage":"es"},{"@type":"Organization","@id":"https:\/\/domainelesoreades.com\/es\/#organization","name":"Domaine des Or\u00e9ades","url":"https:\/\/domainelesoreades.com\/es\/","logo":{"@type":"ImageObject","inLanguage":"es","@id":"https:\/\/domainelesoreades.com\/es\/#\/schema\/logo\/image\/","url":"https:\/\/domainelesoreades.com\/wp-content\/uploads\/2023\/08\/cropped-les-oreades-logo-blc.png","contentUrl":"https:\/\/domainelesoreades.com\/wp-content\/uploads\/2023\/08\/cropped-les-oreades-logo-blc.png","width":490,"height":175,"caption":"Domaine des Or\u00e9ades"},"image":{"@id":"https:\/\/domainelesoreades.com\/es\/#\/schema\/logo\/image\/"}}]}},"_links":{"self":[{"href":"https:\/\/domainelesoreades.com\/es\/wp-json\/wp\/v2\/pages\/8888","targetHints":{"allow":["GET"]}}],"collection":[{"href":"https:\/\/domainelesoreades.com\/es\/wp-json\/wp\/v2\/pages"}],"about":[{"href":"https:\/\/domainelesoreades.com\/es\/wp-json\/wp\/v2\/types\/page"}],"author":[{"embeddable":true,"href":"https:\/\/domainelesoreades.com\/es\/wp-json\/wp\/v2\/users\/1"}],"replies":[{"embeddable":true,"href":"https:\/\/domainelesoreades.com\/es\/wp-json\/wp\/v2\/comments?post=8888"}],"version-history":[{"count":25,"href":"https:\/\/domainelesoreades.com\/es\/wp-json\/wp\/v2\/pages\/8888\/revisions"}],"predecessor-version":[{"id":24647,"href":"https:\/\/domainelesoreades.com\/es\/wp-json\/wp\/v2\/pages\/8888\/revisions\/24647"}],"wp:featuredmedia":[{"embeddable":true,"href":"https:\/\/domainelesoreades.com\/es\/wp-json\/wp\/v2\/media\/3117"}],"wp:attachment":[{"href":"https:\/\/domainelesoreades.com\/es\/wp-json\/wp\/v2\/media?parent=8888"}],"wp:term":[{"taxonomy":"sujet","embeddable":true,"href":"https:\/\/domainelesoreades.com\/es\/wp-json\/wp\/v2\/sujet?post=8888"}],"curies":[{"name":"wp","href":"https:\/\/api.w.org\/{rel}","templated":true}]}}