{"id":9176,"date":"2023-09-11T12:25:45","date_gmt":"2023-09-11T10:25:45","guid":{"rendered":"https:\/\/domainelesoreades.com\/camping-ecologico-landes\/"},"modified":"2025-03-24T14:39:06","modified_gmt":"2025-03-24T13:39:06","slug":"camping-ecologico-landes","status":"publish","type":"page","link":"https:\/\/domainelesoreades.com\/es\/camping-ecologico-landes\/","title":{"rendered":"Camping ecol\u00f3gico"},"content":{"rendered":"<section id=\"ls-section-block_96976514f9ce4bff1a523a86ce8a97a1\" class=\"ls-section  page-intro\" >\r\n        <div class=\"container \">\r\n        \n\n<div class=\"wp-block-columns is-layout-flex wp-container-core-columns-is-layout-9d6595d7 wp-block-columns-is-layout-flex\">\n<div class=\"wp-block-column is-layout-flow wp-block-column-is-layout-flow\">\n<h1 class=\"ls__heading wp-block-heading has-text-align-center\">Nuestros compromisos<\/h1>\n\n\n\n<p class=\"ls-paragraph has-text-align-center\"><\/p>\n<\/div>\n<\/div>\n\n\n\n<h2 class=\"ls__heading wp-block-heading has-text-align-center has-color-2-color has-text-color\">Comprometidos a diario con la <em>conservaci\u00f3n <\/em>de nuestro excepcional medio ambiente<\/h2>\n\n\r\n    <\/div>\r\n<\/section>\n\n<section id=\"ls-section-block_6844abaa68a44dcf1aeec1cf44f43944\" class=\"ls-section  page-one\" >\r\n        <div class=\"container container--wide\">\r\n        \n\n<div class=\"wp-block-columns is-layout-flex wp-container-core-columns-is-layout-9d6595d7 wp-block-columns-is-layout-flex\">\n<div class=\"wp-block-column is-vertically-aligned-center is-layout-flow wp-block-column-is-layout-flow\" style=\"flex-basis:33.33%\">\n<h3 class=\"ls__heading wp-block-heading deco\">Un establecimiento situado en un <em>entorno natural<\/em> privilegiado<\/h3>\n\n\n\n<p class=\"ls-paragraph\">En el Domaine Les Or\u00e9ades, <strong>camping ecol\u00f3gico de las Landas<\/strong>, se encontrar\u00e1 en plena naturaleza, en el coraz\u00f3n del mayor pinar de Europa (\u00a1casi un mill\u00f3n de hect\u00e1reas!), a orillas de un lago de agua dulce de 5.800 hect\u00e1reas, \u00a1el segundo m\u00e1s grande de Francia!<\/p>\n\n\n\n<p class=\"ls-paragraph\">Cada momento que pasamos en nuestro <a href=\"https:\/\/domainelesoreades.com\/es\/\">camping de las Landas<\/a> nos recuerda lo extraordinaria y preciosa que es la naturaleza.<\/p>\n\n\n\n<p class=\"ls-paragraph\">Nuestro <strong>compromiso con el medio<\/strong> ambiente se refleja en nuestros hogares, pero tambi\u00e9n en nuestros servicios.<\/p>\n<\/div>\n\n\n\n<div class=\"wp-block-column is-layout-flow wp-block-column-is-layout-flow\" style=\"flex-basis:66.66%\">\n<figure class=\"wp-block-image size-full\"><img decoding=\"async\" width=\"1200\" height=\"900\" src=\"https:\/\/domainelesoreades.com\/wp-content\/uploads\/2023\/09\/ecrin-verdure-alentour-camping.webp\" alt=\"camping verde de los alrededores\" class=\"wp-image-6567\" srcset=\"https:\/\/domainelesoreades.com\/wp-content\/uploads\/2023\/09\/ecrin-verdure-alentour-camping.webp 1200w, https:\/\/domainelesoreades.com\/wp-content\/uploads\/2023\/09\/ecrin-verdure-alentour-camping-300x225.webp 300w, https:\/\/domainelesoreades.com\/wp-content\/uploads\/2023\/09\/ecrin-verdure-alentour-camping-1024x768.webp 1024w, https:\/\/domainelesoreades.com\/wp-content\/uploads\/2023\/09\/ecrin-verdure-alentour-camping-768x576.webp 768w\" sizes=\"(max-width: 1200px) 100vw, 1200px\" \/><\/figure>\n<\/div>\n<\/div>\n\n\r\n    <\/div>\r\n<\/section>\n\n<section id=\"ls-section-block_d11167f67614c456cb14357d03dfcf0a\" class=\"ls-section  page-two has-background has-color-4-background-color has-p-t p-t-14 has-p-b p-b-14\" >\r\n        <div class=\"container container--full\">\r\n        \n\n<div class=\"wp-block-columns is-layout-flex wp-container-core-columns-is-layout-9d6595d7 wp-block-columns-is-layout-flex\">\n<div class=\"wp-block-column is-layout-flow wp-block-column-is-layout-flow\">\n<h3 class=\"ls__heading wp-block-heading has-text-align-center\">Compromisos concretos para la transici\u00f3n ecol\u00f3gica<\/h3>\n\n\n\n<p class=\"ls-paragraph has-text-align-center\">Dado que la naturaleza nos alivia limitando nuestro estr\u00e9s, nos rodea, nos protege y nos llena de asombro, es importante hacer todo lo posible por preservarla.<\/p>\n<\/div>\n<\/div>\n\n\r\n    <\/div>\r\n<\/section>\n\n<section id=\"ls-section-block_1c31e33053ab098c4101b77c90c5e401\" class=\"ls-section  page-one has-p-t p-t-14 has-p-b p-b-14\" >\r\n        <div class=\"container container--wide\">\r\n        \n\n<div class=\"wp-block-columns is-layout-flex wp-container-core-columns-is-layout-9d6595d7 wp-block-columns-is-layout-flex\">\n<div class=\"wp-block-column first is-layout-flow wp-block-column-is-layout-flow\" style=\"flex-basis:66.66%\">\n<figure class=\"wp-block-gallery has-nested-images columns-default is-cropped gallery-slider wp-block-gallery-1 is-layout-flex wp-block-gallery-is-layout-flex\">\n<figure class=\"wp-block-image size-full\"><a href=\"https:\/\/domainelesoreades.com\/wp-content\/uploads\/2023\/09\/hebergement-chalet-bleu-jacuzzi.webp\"><img decoding=\"async\" width=\"1200\" height=\"800\" data-id=\"6574\" src=\"https:\/\/domainelesoreades.com\/wp-content\/uploads\/2023\/09\/hebergement-chalet-bleu-jacuzzi.webp\" alt=\"alojamiento chalet bleu jacuzzi\" class=\"wp-image-6574\" srcset=\"https:\/\/domainelesoreades.com\/wp-content\/uploads\/2023\/09\/hebergement-chalet-bleu-jacuzzi.webp 1200w, https:\/\/domainelesoreades.com\/wp-content\/uploads\/2023\/09\/hebergement-chalet-bleu-jacuzzi-300x200.webp 300w, https:\/\/domainelesoreades.com\/wp-content\/uploads\/2023\/09\/hebergement-chalet-bleu-jacuzzi-1024x683.webp 1024w, https:\/\/domainelesoreades.com\/wp-content\/uploads\/2023\/09\/hebergement-chalet-bleu-jacuzzi-768x512.webp 768w\" sizes=\"(max-width: 1200px) 100vw, 1200px\" \/><\/a><\/figure>\n\n\n\n<figure class=\"wp-block-image size-full\"><a href=\"https:\/\/domainelesoreades.com\/wp-content\/uploads\/2023\/09\/plancha-terrasse-logement.webp\"><img decoding=\"async\" width=\"1000\" height=\"667\" data-id=\"6579\" src=\"https:\/\/domainelesoreades.com\/wp-content\/uploads\/2023\/09\/plancha-terrasse-logement.webp\" alt=\"plancha terraza vivienda\" class=\"wp-image-6579\" srcset=\"https:\/\/domainelesoreades.com\/wp-content\/uploads\/2023\/09\/plancha-terrasse-logement.webp 1000w, https:\/\/domainelesoreades.com\/wp-content\/uploads\/2023\/09\/plancha-terrasse-logement-300x200.webp 300w, https:\/\/domainelesoreades.com\/wp-content\/uploads\/2023\/09\/plancha-terrasse-logement-768x512.webp 768w\" sizes=\"(max-width: 1000px) 100vw, 1000px\" \/><\/a><\/figure>\n<\/figure>\n<\/div>\n\n\n\n<div class=\"wp-block-column is-vertically-aligned-center second is-layout-flow wp-block-column-is-layout-flow\" style=\"flex-basis:33.33%\">\n<h3 class=\"ls__heading wp-block-heading deco\">Alojamiento m\u00e1s ecol\u00f3gico<\/h3>\n\n\n\n<p class=\"ls-paragraph\">Le <strong>\u00a1Camping ecol\u00f3gico Yelloh! Village Domaine Les Or\u00e9ades<\/strong> ofrece <a href=\"https:\/\/domainelesoreades.com\/es\/holiday-home-landes\/\">alojamiento<\/a> \u00abmade in France\u00bb, con materiales naturales.<\/p>\n\n\n\n<p class=\"ls-paragraph\">Nuestras caba\u00f1as, casas m\u00f3viles y pagodas est\u00e1n dise\u00f1adas para ser <strong>respetuosas con el medio ambiente<\/strong>, <strong>eficientes energ\u00e9ticamente<\/strong> y <strong>confortables <\/strong>, con elementos como grifos con aireador, cisternas de inodoro de doble mando, aire acondicionado reversible, bombillas LED y electrodom\u00e9sticos A+ y A++.<\/p>\n<\/div>\n<\/div>\n\n\r\n    <\/div>\r\n<\/section>\n\n<section id=\"ls-section-block_6844abaa68a44dcf1aeec1cf44f43944\" class=\"ls-section  page-one\" >\r\n        <div class=\"container container--wide\">\r\n        \n\n<div class=\"wp-block-columns is-layout-flex wp-container-core-columns-is-layout-9d6595d7 wp-block-columns-is-layout-flex\">\n<div class=\"wp-block-column is-vertically-aligned-center is-layout-flow wp-block-column-is-layout-flow\" style=\"flex-basis:33.33%\">\n<h3 class=\"ls__heading wp-block-heading deco\">Un <em>ecosistema <\/em>natural preservado<\/h3>\n\n\n\n<p class=\"ls-paragraph\">Nuestro camping ecol\u00f3gico de las Landas se encuentra en el <strong>coraz\u00f3n de un entorno verde<\/strong> que nos comprometemos a proteger preservando la biodiversidad:<\/p>\n<\/div>\n\n\n\n<div class=\"wp-block-column is-layout-flow wp-block-column-is-layout-flow\" style=\"flex-basis:66.66%\">\n<figure class=\"wp-block-image size-full\"><img decoding=\"async\" width=\"1200\" height=\"800\" src=\"https:\/\/domainelesoreades.com\/wp-content\/uploads\/2023\/09\/camping-dans-un-cadre-naturel.webp\" alt=\"acampar en un entorno natural\" class=\"wp-image-6587\" srcset=\"https:\/\/domainelesoreades.com\/wp-content\/uploads\/2023\/09\/camping-dans-un-cadre-naturel.webp 1200w, https:\/\/domainelesoreades.com\/wp-content\/uploads\/2023\/09\/camping-dans-un-cadre-naturel-300x200.webp 300w, https:\/\/domainelesoreades.com\/wp-content\/uploads\/2023\/09\/camping-dans-un-cadre-naturel-1024x683.webp 1024w, https:\/\/domainelesoreades.com\/wp-content\/uploads\/2023\/09\/camping-dans-un-cadre-naturel-768x512.webp 768w\" sizes=\"(max-width: 1200px) 100vw, 1200px\" \/><\/figure>\n<\/div>\n<\/div>\n\n\r\n    <\/div>\r\n<\/section>\n\n<section id=\"ls-section-block_8e64ee67b23bdb9805ac26fb79ef6f4f\" class=\"ls-section  page-three has-background has-color-4-background-color has-p-t p-t-14 has-p-b p-b-14\" >\r\n        <div class=\"container container--wide\">\r\n        \n\n<div class=\"wp-block-columns is-layout-flex wp-container-core-columns-is-layout-9d6595d7 wp-block-columns-is-layout-flex\">\n<div class=\"wp-block-column is-layout-flow wp-block-column-is-layout-flow\">\n<h2 class=\"ls__heading wp-block-heading has-text-align-center deco-top-center\">Mantenimiento <em>ecol\u00f3gico<\/em><\/h2>\n\n\n\n<p class=\"ls-paragraph has-text-align-center\">Para la gesti\u00f3n de residuos, practicamos <strong>la clasificaci\u00f3n selectiva<\/strong>.<\/p>\n\n\n\n<p class=\"ls-paragraph has-text-align-center\">Del mismo modo, todos los productos de limpieza y mantenimiento utilizados en el camping han sido seleccionados seg\u00fan <strong>etiquetas ecol\u00f3gicas<\/strong>.<\/p>\n<\/div>\n<\/div>\n\n\r\n    <\/div>\r\n<\/section>\n\n<section id=\"ls-section-block_6844abaa68a44dcf1aeec1cf44f43944\" class=\"ls-section  page-one\" >\r\n        <div class=\"container container--wide\">\r\n        \n\n<div class=\"wp-block-columns is-layout-flex wp-container-core-columns-is-layout-9d6595d7 wp-block-columns-is-layout-flex\">\n<div class=\"wp-block-column first is-layout-flow wp-block-column-is-layout-flow\" style=\"flex-basis:66.66%\">\n<figure class=\"wp-block-gallery has-nested-images columns-default is-cropped gallery-slider wp-block-gallery-2 is-layout-flex wp-block-gallery-is-layout-flex\">\n<figure class=\"wp-block-image size-full\"><a href=\"https:\/\/domainelesoreades.com\/wp-content\/uploads\/2023\/09\/chef-cuisiner-preparation.webp\"><img decoding=\"async\" width=\"1200\" height=\"800\" data-id=\"6561\" src=\"https:\/\/domainelesoreades.com\/wp-content\/uploads\/2023\/09\/chef-cuisiner-preparation.webp\" alt=\"chef cocina preparaci\u00f3n\" class=\"wp-image-6561\" srcset=\"https:\/\/domainelesoreades.com\/wp-content\/uploads\/2023\/09\/chef-cuisiner-preparation.webp 1200w, https:\/\/domainelesoreades.com\/wp-content\/uploads\/2023\/09\/chef-cuisiner-preparation-300x200.webp 300w, https:\/\/domainelesoreades.com\/wp-content\/uploads\/2023\/09\/chef-cuisiner-preparation-1024x683.webp 1024w, https:\/\/domainelesoreades.com\/wp-content\/uploads\/2023\/09\/chef-cuisiner-preparation-768x512.webp 768w\" sizes=\"(max-width: 1200px) 100vw, 1200px\" \/><\/a><\/figure>\n\n\n\n<figure class=\"wp-block-image size-full\"><a href=\"https:\/\/domainelesoreades.com\/wp-content\/uploads\/2023\/09\/plat-travailles-cuisine-produits-locaux.webp\"><img decoding=\"async\" width=\"1200\" height=\"800\" data-id=\"6544\" src=\"https:\/\/domainelesoreades.com\/wp-content\/uploads\/2023\/09\/plat-travailles-cuisine-produits-locaux.webp\" alt=\"platos cocinados productos locales\" class=\"wp-image-6544\" srcset=\"https:\/\/domainelesoreades.com\/wp-content\/uploads\/2023\/09\/plat-travailles-cuisine-produits-locaux.webp 1200w, https:\/\/domainelesoreades.com\/wp-content\/uploads\/2023\/09\/plat-travailles-cuisine-produits-locaux-300x200.webp 300w, https:\/\/domainelesoreades.com\/wp-content\/uploads\/2023\/09\/plat-travailles-cuisine-produits-locaux-1024x683.webp 1024w, https:\/\/domainelesoreades.com\/wp-content\/uploads\/2023\/09\/plat-travailles-cuisine-produits-locaux-768x512.webp 768w\" sizes=\"(max-width: 1200px) 100vw, 1200px\" \/><\/a><\/figure>\n\n\n\n<figure class=\"wp-block-image size-full\"><a href=\"https:\/\/domainelesoreades.com\/wp-content\/uploads\/2023\/09\/dessert-cuisine-chef-oreades.webp\"><img decoding=\"async\" width=\"1200\" height=\"800\" data-id=\"6549\" src=\"https:\/\/domainelesoreades.com\/wp-content\/uploads\/2023\/09\/dessert-cuisine-chef-oreades.webp\" alt=\"postre cocina chef oreades\" class=\"wp-image-6549\" srcset=\"https:\/\/domainelesoreades.com\/wp-content\/uploads\/2023\/09\/dessert-cuisine-chef-oreades.webp 1200w, https:\/\/domainelesoreades.com\/wp-content\/uploads\/2023\/09\/dessert-cuisine-chef-oreades-300x200.webp 300w, https:\/\/domainelesoreades.com\/wp-content\/uploads\/2023\/09\/dessert-cuisine-chef-oreades-1024x683.webp 1024w, https:\/\/domainelesoreades.com\/wp-content\/uploads\/2023\/09\/dessert-cuisine-chef-oreades-768x512.webp 768w\" sizes=\"(max-width: 1200px) 100vw, 1200px\" \/><\/a><\/figure>\n\n\n\n<figure class=\"wp-block-image size-full\"><a href=\"https:\/\/domainelesoreades.com\/wp-content\/uploads\/2023\/09\/assiette-produits-locaux.webp\"><img decoding=\"async\" width=\"1200\" height=\"800\" data-id=\"6555\" src=\"https:\/\/domainelesoreades.com\/wp-content\/uploads\/2023\/09\/assiette-produits-locaux.webp\" alt=\"plato de productos locales\" class=\"wp-image-6555\" srcset=\"https:\/\/domainelesoreades.com\/wp-content\/uploads\/2023\/09\/assiette-produits-locaux.webp 1200w, https:\/\/domainelesoreades.com\/wp-content\/uploads\/2023\/09\/assiette-produits-locaux-300x200.webp 300w, https:\/\/domainelesoreades.com\/wp-content\/uploads\/2023\/09\/assiette-produits-locaux-1024x683.webp 1024w, https:\/\/domainelesoreades.com\/wp-content\/uploads\/2023\/09\/assiette-produits-locaux-768x512.webp 768w\" sizes=\"(max-width: 1200px) 100vw, 1200px\" \/><\/a><\/figure>\n<\/figure>\n<\/div>\n\n\n\n<div class=\"wp-block-column is-vertically-aligned-center second is-layout-flow wp-block-column-is-layout-flow\" style=\"flex-basis:33.33%\">\n<h3 class=\"ls__heading wp-block-heading deco\"><em>Ecol\u00f3gico <\/em>y <em>local<\/em><\/h3>\n\n\n\n<p class=\"ls-paragraph\">Nuestro restaurante ofrece un <strong>men\u00fa locavore y ecol\u00f3gico<\/strong>.<\/p>\n\n\n\n<p class=\"ls-paragraph\">La tienda de comestibles tambi\u00e9n ofrece una amplia selecci\u00f3n de <strong>productos de productores locales<\/strong>.<\/p>\n\n\n\n<p class=\"ls-paragraph\">\u00a1En Yelloh! En Village Domaine Les Or\u00e9ades, todo est\u00e1 pensado para que recargues las pilas y te mimes sin da\u00f1ar el medio ambiente.<\/p>\n<\/div>\n<\/div>\n\n\r\n    <\/div>\r\n<\/section>\n\n<section id=\"ls-section-block_3f7f6eb3b978844ed87e6526fe9a7a93\" class=\"ls-section  page-maillage has-p-b p-b-14\" >\r\n        <div class=\"container container--wide\">\r\n        \n\n<div id=\"ls-heading ls-titre-div-block_19d9e05a747b7344ee5e785019e8cef6\" class=\"ls-titre-div deco h2-like\" >\n    \u00a1<em>Descubra nuestro restaurante, <\/em> <\/br>nuestro alojamiento y nuestro equipo!<\/div>\n\n\n<div id=\"ls-maillage-block_ff4add6ba240f336a5dda485263b716c\" class=\"ls-maillage cta-style-normal\" data-rows=\"3\">\n    <div class=\"wp-block-columns\"><div class=\"wp-block-column\"><div class=\"ls-cta \">\n\n<a href=\"https:\/\/domainelesoreades.com\/es\/holiday-home-landes\/\" target=\"\" rel=\"noopener\" class=\"ls-cta__link\">\n\n\t<div class=\"ls-cta__image\"><img decoding=\"async\" src=\"https:\/\/domainelesoreades.com\/wp-content\/uploads\/2023\/08\/location-mobil-home-landes.webp\" alt=\"alquiler de autocaravanas landes\"><\/div>\n\t<div class=\"ls-cta__title\">\n\t\tTodos nuestros alojamientos\t<\/div>\n\t<div class=\"ls-button ls-button--cta\"><span>Descubra<\/span><i class='oreades-right-arrow'><\/i><\/div>\n\n\t\n\t\t\n<\/a>\n\n\n<\/div><\/div><div class=\"wp-block-column\"><div class=\"ls-cta \">\n\n<a href=\"https:\/\/domainelesoreades.com\/es\/restaurante-landes\/\" target=\"\" rel=\"noopener\" class=\"ls-cta__link\">\n\n\t<div class=\"ls-cta__image\"><img decoding=\"async\" src=\"https:\/\/domainelesoreades.com\/wp-content\/uploads\/2023\/09\/preparation-en-chuisine-chef.webp\" alt=\"preparaci\u00f3n en la cocina principal\"><\/div>\n\t<div class=\"ls-cta__title\">\n\t\tCatering\t<\/div>\n\t<div class=\"ls-button ls-button--cta\"><span>Descubra<\/span><i class='oreades-right-arrow'><\/i><\/div>\n\n\t\n\t\t\n<\/a>\n\n\n<\/div><\/div><div class=\"wp-block-column\"><div class=\"ls-cta \">\n\n<a href=\"https:\/\/domainelesoreades.com\/es\/camping-equipo-landes\/\" target=\"\" rel=\"noopener\" class=\"ls-cta__link\">\n\n\t<div class=\"ls-cta__image\"><img decoding=\"async\" src=\"https:\/\/domainelesoreades.com\/wp-content\/uploads\/2023\/09\/photo-equipe-camping-oreades.webp\" alt=\"equipo fotogr\u00e1fico camping oreades\"><\/div>\n\t<div class=\"ls-cta__title\">\n\t\tNuestro equipo\t<\/div>\n\t<div class=\"ls-button ls-button--cta\"><span>Descubra<\/span><i class='oreades-right-arrow'><\/i><\/div>\n\n\t\n\t\t\n<\/a>\n\n\n<\/div><\/div><\/div><\/div>\n\r\n    <\/div>\r\n<\/section>","protected":false},"excerpt":{"rendered":"","protected":false},"author":1,"featured_media":6597,"parent":0,"menu_order":0,"comment_status":"closed","ping_status":"closed","template":"","meta":{"_acf_changed":false,"inline_featured_image":false,"footnotes":""},"sujet":[],"class_list":["post-9176","page","type-page","status-publish","has-post-thumbnail","hentry"],"acf":[],"yoast_head":"<!-- This site is optimized with the Yoast SEO plugin v24.3 - https:\/\/yoast.com\/wordpress\/plugins\/seo\/ -->\n<title>Camping ecol\u00f3gico en las Landas: vacaciones respetuosas con la naturaleza<\/title>\n<meta name=\"robots\" content=\"index, follow, max-snippet:-1, max-image-preview:large, max-video-preview:-1\" \/>\n<link rel=\"canonical\" href=\"https:\/\/domainelesoreades.com\/es\/camping-ecologico-landes\/\" \/>\n<meta property=\"og:locale\" content=\"es_ES\" \/>\n<meta property=\"og:type\" content=\"article\" \/>\n<meta property=\"og:title\" content=\"Camping ecol\u00f3gico en las Landas: vacaciones respetuosas con la naturaleza\" \/>\n<meta property=\"og:url\" content=\"https:\/\/domainelesoreades.com\/es\/camping-ecologico-landes\/\" \/>\n<meta property=\"og:site_name\" content=\"Domaine des Or\u00e9ades\" \/>\n<meta property=\"article:modified_time\" content=\"2025-03-24T13:39:06+00:00\" \/>\n<meta property=\"og:image\" content=\"https:\/\/domainelesoreades.com\/wp-content\/uploads\/2023\/09\/camping-verdure.webp\" \/>\n\t<meta property=\"og:image:width\" content=\"1903\" \/>\n\t<meta property=\"og:image:height\" content=\"665\" \/>\n\t<meta property=\"og:image:type\" content=\"image\/webp\" \/>\n<meta name=\"twitter:card\" content=\"summary_large_image\" \/>\n<meta name=\"twitter:label1\" content=\"Tiempo de lectura\" \/>\n\t<meta name=\"twitter:data1\" content=\"4 minutos\" \/>\n<script type=\"application\/ld+json\" class=\"yoast-schema-graph\">{\"@context\":\"https:\/\/schema.org\",\"@graph\":[{\"@type\":\"WebPage\",\"@id\":\"https:\/\/domainelesoreades.com\/es\/camping-ecologico-landes\/\",\"url\":\"https:\/\/domainelesoreades.com\/es\/camping-ecologico-landes\/\",\"name\":\"Camping ecol\u00f3gico en las Landas: vacaciones respetuosas con la naturaleza\",\"isPartOf\":{\"@id\":\"https:\/\/domainelesoreades.com\/es\/#website\"},\"primaryImageOfPage\":{\"@id\":\"https:\/\/domainelesoreades.com\/es\/camping-ecologico-landes\/#primaryimage\"},\"image\":{\"@id\":\"https:\/\/domainelesoreades.com\/es\/camping-ecologico-landes\/#primaryimage\"},\"thumbnailUrl\":\"https:\/\/domainelesoreades.com\/wp-content\/uploads\/2023\/09\/camping-verdure.webp\",\"datePublished\":\"2023-09-11T10:25:45+00:00\",\"dateModified\":\"2025-03-24T13:39:06+00:00\",\"breadcrumb\":{\"@id\":\"https:\/\/domainelesoreades.com\/es\/camping-ecologico-landes\/#breadcrumb\"},\"inLanguage\":\"es\",\"potentialAction\":[{\"@type\":\"ReadAction\",\"target\":[\"https:\/\/domainelesoreades.com\/es\/camping-ecologico-landes\/\"]}]},{\"@type\":\"ImageObject\",\"inLanguage\":\"es\",\"@id\":\"https:\/\/domainelesoreades.com\/es\/camping-ecologico-landes\/#primaryimage\",\"url\":\"https:\/\/domainelesoreades.com\/wp-content\/uploads\/2023\/09\/camping-verdure.webp\",\"contentUrl\":\"https:\/\/domainelesoreades.com\/wp-content\/uploads\/2023\/09\/camping-verdure.webp\",\"width\":1903,\"height\":665,\"caption\":\"camping verdure\"},{\"@type\":\"BreadcrumbList\",\"@id\":\"https:\/\/domainelesoreades.com\/es\/camping-ecologico-landes\/#breadcrumb\",\"itemListElement\":[{\"@type\":\"ListItem\",\"position\":1,\"name\":\"Camping Landes\",\"item\":\"https:\/\/domainelesoreades.com\/es\/\"},{\"@type\":\"ListItem\",\"position\":2,\"name\":\"Camping ecol\u00f3gico\"}]},{\"@type\":\"WebSite\",\"@id\":\"https:\/\/domainelesoreades.com\/es\/#website\",\"url\":\"https:\/\/domainelesoreades.com\/es\/\",\"name\":\"Domaine des Or\u00e9ades\",\"description\":\"\",\"publisher\":{\"@id\":\"https:\/\/domainelesoreades.com\/es\/#organization\"},\"potentialAction\":[{\"@type\":\"SearchAction\",\"target\":{\"@type\":\"EntryPoint\",\"urlTemplate\":\"https:\/\/domainelesoreades.com\/es\/?s={search_term_string}\"},\"query-input\":{\"@type\":\"PropertyValueSpecification\",\"valueRequired\":true,\"valueName\":\"search_term_string\"}}],\"inLanguage\":\"es\"},{\"@type\":\"Organization\",\"@id\":\"https:\/\/domainelesoreades.com\/es\/#organization\",\"name\":\"Domaine des Or\u00e9ades\",\"url\":\"https:\/\/domainelesoreades.com\/es\/\",\"logo\":{\"@type\":\"ImageObject\",\"inLanguage\":\"es\",\"@id\":\"https:\/\/domainelesoreades.com\/es\/#\/schema\/logo\/image\/\",\"url\":\"https:\/\/domainelesoreades.com\/wp-content\/uploads\/2023\/08\/cropped-les-oreades-logo-blc.png\",\"contentUrl\":\"https:\/\/domainelesoreades.com\/wp-content\/uploads\/2023\/08\/cropped-les-oreades-logo-blc.png\",\"width\":490,\"height\":175,\"caption\":\"Domaine des Or\u00e9ades\"},\"image\":{\"@id\":\"https:\/\/domainelesoreades.com\/es\/#\/schema\/logo\/image\/\"}}]}<\/script>\n<!-- \/ Yoast SEO plugin. -->","yoast_head_json":{"title":"Camping ecol\u00f3gico en las Landas: vacaciones respetuosas con la naturaleza","robots":{"index":"index","follow":"follow","max-snippet":"max-snippet:-1","max-image-preview":"max-image-preview:large","max-video-preview":"max-video-preview:-1"},"canonical":"https:\/\/domainelesoreades.com\/es\/camping-ecologico-landes\/","og_locale":"es_ES","og_type":"article","og_title":"Camping ecol\u00f3gico en las Landas: vacaciones respetuosas con la naturaleza","og_url":"https:\/\/domainelesoreades.com\/es\/camping-ecologico-landes\/","og_site_name":"Domaine des Or\u00e9ades","article_modified_time":"2025-03-24T13:39:06+00:00","og_image":[{"width":1903,"height":665,"url":"https:\/\/domainelesoreades.com\/wp-content\/uploads\/2023\/09\/camping-verdure.webp","type":"image\/webp"}],"twitter_card":"summary_large_image","twitter_misc":{"Tiempo de lectura":"4 minutos"},"schema":{"@context":"https:\/\/schema.org","@graph":[{"@type":"WebPage","@id":"https:\/\/domainelesoreades.com\/es\/camping-ecologico-landes\/","url":"https:\/\/domainelesoreades.com\/es\/camping-ecologico-landes\/","name":"Camping ecol\u00f3gico en las Landas: vacaciones respetuosas con la naturaleza","isPartOf":{"@id":"https:\/\/domainelesoreades.com\/es\/#website"},"primaryImageOfPage":{"@id":"https:\/\/domainelesoreades.com\/es\/camping-ecologico-landes\/#primaryimage"},"image":{"@id":"https:\/\/domainelesoreades.com\/es\/camping-ecologico-landes\/#primaryimage"},"thumbnailUrl":"https:\/\/domainelesoreades.com\/wp-content\/uploads\/2023\/09\/camping-verdure.webp","datePublished":"2023-09-11T10:25:45+00:00","dateModified":"2025-03-24T13:39:06+00:00","breadcrumb":{"@id":"https:\/\/domainelesoreades.com\/es\/camping-ecologico-landes\/#breadcrumb"},"inLanguage":"es","potentialAction":[{"@type":"ReadAction","target":["https:\/\/domainelesoreades.com\/es\/camping-ecologico-landes\/"]}]},{"@type":"ImageObject","inLanguage":"es","@id":"https:\/\/domainelesoreades.com\/es\/camping-ecologico-landes\/#primaryimage","url":"https:\/\/domainelesoreades.com\/wp-content\/uploads\/2023\/09\/camping-verdure.webp","contentUrl":"https:\/\/domainelesoreades.com\/wp-content\/uploads\/2023\/09\/camping-verdure.webp","width":1903,"height":665,"caption":"camping verdure"},{"@type":"BreadcrumbList","@id":"https:\/\/domainelesoreades.com\/es\/camping-ecologico-landes\/#breadcrumb","itemListElement":[{"@type":"ListItem","position":1,"name":"Camping Landes","item":"https:\/\/domainelesoreades.com\/es\/"},{"@type":"ListItem","position":2,"name":"Camping ecol\u00f3gico"}]},{"@type":"WebSite","@id":"https:\/\/domainelesoreades.com\/es\/#website","url":"https:\/\/domainelesoreades.com\/es\/","name":"Domaine des Or\u00e9ades","description":"","publisher":{"@id":"https:\/\/domainelesoreades.com\/es\/#organization"},"potentialAction":[{"@type":"SearchAction","target":{"@type":"EntryPoint","urlTemplate":"https:\/\/domainelesoreades.com\/es\/?s={search_term_string}"},"query-input":{"@type":"PropertyValueSpecification","valueRequired":true,"valueName":"search_term_string"}}],"inLanguage":"es"},{"@type":"Organization","@id":"https:\/\/domainelesoreades.com\/es\/#organization","name":"Domaine des Or\u00e9ades","url":"https:\/\/domainelesoreades.com\/es\/","logo":{"@type":"ImageObject","inLanguage":"es","@id":"https:\/\/domainelesoreades.com\/es\/#\/schema\/logo\/image\/","url":"https:\/\/domainelesoreades.com\/wp-content\/uploads\/2023\/08\/cropped-les-oreades-logo-blc.png","contentUrl":"https:\/\/domainelesoreades.com\/wp-content\/uploads\/2023\/08\/cropped-les-oreades-logo-blc.png","width":490,"height":175,"caption":"Domaine des Or\u00e9ades"},"image":{"@id":"https:\/\/domainelesoreades.com\/es\/#\/schema\/logo\/image\/"}}]}},"_links":{"self":[{"href":"https:\/\/domainelesoreades.com\/es\/wp-json\/wp\/v2\/pages\/9176","targetHints":{"allow":["GET"]}}],"collection":[{"href":"https:\/\/domainelesoreades.com\/es\/wp-json\/wp\/v2\/pages"}],"about":[{"href":"https:\/\/domainelesoreades.com\/es\/wp-json\/wp\/v2\/types\/page"}],"author":[{"embeddable":true,"href":"https:\/\/domainelesoreades.com\/es\/wp-json\/wp\/v2\/users\/1"}],"replies":[{"embeddable":true,"href":"https:\/\/domainelesoreades.com\/es\/wp-json\/wp\/v2\/comments?post=9176"}],"version-history":[{"count":4,"href":"https:\/\/domainelesoreades.com\/es\/wp-json\/wp\/v2\/pages\/9176\/revisions"}],"predecessor-version":[{"id":24665,"href":"https:\/\/domainelesoreades.com\/es\/wp-json\/wp\/v2\/pages\/9176\/revisions\/24665"}],"wp:featuredmedia":[{"embeddable":true,"href":"https:\/\/domainelesoreades.com\/es\/wp-json\/wp\/v2\/media\/6597"}],"wp:attachment":[{"href":"https:\/\/domainelesoreades.com\/es\/wp-json\/wp\/v2\/media?parent=9176"}],"wp:term":[{"taxonomy":"sujet","embeddable":true,"href":"https:\/\/domainelesoreades.com\/es\/wp-json\/wp\/v2\/sujet?post=9176"}],"curies":[{"name":"wp","href":"https:\/\/api.w.org\/{rel}","templated":true}]}}